{"id":797,"date":"2020-06-15T15:20:53","date_gmt":"2020-06-15T15:20:53","guid":{"rendered":"https:\/\/design.net2rent.com\/portcalella\/angebote\/"},"modified":"2021-06-23T07:30:40","modified_gmt":"2021-06-23T07:30:40","slug":"angebote","status":"publish","type":"page","link":"https:\/\/www.portcalella.com\/de\/angebote\/","title":{"rendered":"Mietangebote"},"content":{"rendered":"\t\t<div data-elementor-type=\"wp-page\" data-elementor-id=\"797\" class=\"elementor elementor-797 elementor-155\" data-elementor-post-type=\"page\">\n\t\t\t\t\t\t<section class=\"elementor-section elementor-top-section elementor-element elementor-element-c33fcf7 elementor-section-boxed elementor-section-height-default elementor-section-height-default\" data-id=\"c33fcf7\" data-element_type=\"section\" data-e-type=\"section\" data-settings=\"{&quot;background_background&quot;:&quot;classic&quot;}\">\n\t\t\t\t\t\t<div class=\"elementor-container elementor-column-gap-default\">\n\t\t\t\t\t<div class=\"elementor-column elementor-col-100 elementor-top-column elementor-element elementor-element-5f577b6\" data-id=\"5f577b6\" data-element_type=\"column\" data-e-type=\"column\">\n\t\t\t<div class=\"elementor-widget-wrap elementor-element-populated\">\n\t\t\t\t\t\t<div class=\"elementor-element elementor-element-dc13c3c buscador elementor-widget elementor-widget-shortcode\" data-id=\"dc13c3c\" data-element_type=\"widget\" data-e-type=\"widget\" data-widget_type=\"shortcode.default\">\n\t\t\t\t\t\t\t<div class=\"elementor-shortcode\"><div class=\"n2r__search  \" data-n2r-searchsession-url=\"https:\/\/www.portcalella.com\/wp-json\/n2r\/v1\/searchsession\" data-n2r-nosession=\"true\">\n    <div class=\"n2r__search__container n2r__tabs__content\">\n    <div class=\"n2r__tabs__content__item n2r__search__container__rental active\" >\n  <form name=\"n2r__search\" method=\"get\" action=\"https:\/\/www.portcalella.com\/rental-list-results\/\" role=\"form\" autocomplete=\"off\">\n    <input type=\"hidden\" aria-hidden=\"true\" name=\"commercialization_type\" value=\"rental\">\n                <div class=\"n2r__search__field \">\n              <label for=\"n2r-search-rental-type-94187\">Objekttyp<\/label>\n              <select name=\"type\" id=\"n2r-search-rental-type-94187\" class=\"n2r__select\">\n                <option value=\"\">Alle<\/option>\n                <option value=\"apartment\" >Apartment<\/option><option value=\"chalet\" >Chalet<\/option><option value=\"isolated_house\" >Einzelhaus \/ Villa<\/option><option value=\"penthouse\" >Dachgeschosswohnung <\/option><option value=\"study\" >Studio-Apartment<\/option><option value=\"townhouse\" >Stadthaus<\/option>              <\/select>\n              <span><\/span>\n            <\/div>\n                    <div class=\"n2r__search__field n2r__datepickercontainer\">\n            <label for=\"n2r-search-rental-dates-94187\">Daten ausw\u00e4hlen<\/label>\n            <input type=\"text\" name=\"dates\" id=\"n2r-search-rental-dates-94187\" class=\"n2r__input n2r-daterangepicker-component\" value=\"\" data-checkin=\"\" data-checkout=\"\" data-language=\"de\" data-nights=\"1\" placeholder=\" \">\n            <a class=\"n2r__datepickercontainer__clear\"><i class=\"fa fa-times\"><\/i><\/a>\n            <input type=\"hidden\" aria-hidden=\"true\" name=\"checkin\" value=\"\">\n            <input type=\"hidden\" aria-hidden=\"true\" name=\"checkout\" value=\"\">\n          <\/div>\n                    <div class=\"n2r__search__field\">\n              <label for=\"n2r-search-rental-city-94187\">Reiseziel<\/label>\n              <select name=\"city\" id=\"n2r-search-rental-city-94187\" class=\"n2r__select\">\n                <option value=\"\">Alle<\/option>\n                <option value=\"Calella de Palafrugell\" >Calella de Palafrugell<\/option><option value=\"Llafranc\" >Llafranc<\/option>              <\/select>\n              <span><\/span>\n            <\/div>\n                    <div class=\"n2r__search__field n2r__search__field--small\">\n            <label for=\"n2r-search-rental-adults-94187\">Erwachsene<\/label>\n            <input class=\"n2r__input\" name=\"adults\" id=\"n2r-search-rental-adults-94187\" type=\"number\" min=\"1\" max=\"30\" value=\"1\">\n          <\/div>\n                  <div class=\"n2r__search__field n2r__search__field--small\">\n            <label for=\"n2r-search-rental-children-94187\">Kinder<\/label>\n            <input class=\"n2r__input\" name=\"children\" id=\"n2r-search-rental-children-94187\" type=\"number\" min=\"0\" max=\"30\" value=\"0\">\n          <\/div>\n                    <div class=\"n2r__search__field\">\n              <label for=\"n2r-search-rental-pool-94187\">Schwimmbad<\/label>\n              <select name=\"pooltype\" id=\"n2r-search-rental-pool-94187\" class=\"n2r__select\">\n                <option value=\"\"> - <\/option>\n                <option value=\"communal\" >Gemeinschaft<\/option><option value=\"private\" >Privat<\/option>              <\/select>\n              <span><\/span>\n            <\/div>\n        <div class=\"n2r__search__field n2r__search__field--submit\">\n      <button type=\"submit\" class=\"n2r__search__submit n2r__btn\">Suche<\/button>\n    <\/div>\n  <\/form>\n<\/div>  <\/div>\n<\/div><\/div>\n\t\t\t\t\t\t<\/div>\n\t\t\t\t\t<\/div>\n\t\t<\/div>\n\t\t\t\t\t<\/div>\n\t\t<\/section>\n\t\t\t\t<section class=\"elementor-section elementor-top-section elementor-element elementor-element-1504d91 elementor-section-boxed elementor-section-height-default elementor-section-height-default\" data-id=\"1504d91\" data-element_type=\"section\" data-e-type=\"section\">\n\t\t\t\t\t\t<div class=\"elementor-container elementor-column-gap-default\">\n\t\t\t\t\t<div class=\"elementor-column elementor-col-50 elementor-top-column elementor-element elementor-element-d7747ea\" data-id=\"d7747ea\" data-element_type=\"column\" data-e-type=\"column\">\n\t\t\t<div class=\"elementor-widget-wrap elementor-element-populated\">\n\t\t\t\t\t\t<div class=\"elementor-element elementor-element-4972076 elementor-widget elementor-widget-heading\" data-id=\"4972076\" data-element_type=\"widget\" data-e-type=\"widget\" data-widget_type=\"heading.default\">\n\t\t\t\t\t<h1 class=\"elementor-heading-title elementor-size-default\">Mietangebote<\/h1>\t\t\t\t<\/div>\n\t\t\t\t\t<\/div>\n\t\t<\/div>\n\t\t\t\t<div class=\"elementor-column elementor-col-50 elementor-top-column elementor-element elementor-element-9ee3201\" data-id=\"9ee3201\" data-element_type=\"column\" data-e-type=\"column\">\n\t\t\t<div class=\"elementor-widget-wrap elementor-element-populated\">\n\t\t\t\t\t\t<div class=\"elementor-element elementor-element-09dc142 elementor-align-right elementor-widget elementor-widget-breadcrumbs\" data-id=\"09dc142\" data-element_type=\"widget\" data-e-type=\"widget\" data-widget_type=\"breadcrumbs.default\">\n\t\t\t\t\t<p id=\"breadcrumbs\"><span><span><a href=\"https:\/\/www.portcalella.com\/de\/\">Inicio<\/a><\/span><\/span><\/p>\t\t\t\t<\/div>\n\t\t\t\t\t<\/div>\n\t\t<\/div>\n\t\t\t\t\t<\/div>\n\t\t<\/section>\n\t\t\t\t<section class=\"elementor-section elementor-top-section elementor-element elementor-element-ce1f3ed elementor-section-boxed elementor-section-height-default elementor-section-height-default\" data-id=\"ce1f3ed\" data-element_type=\"section\" data-e-type=\"section\">\n\t\t\t\t\t\t<div class=\"elementor-container elementor-column-gap-default\">\n\t\t\t\t\t<div class=\"elementor-column elementor-col-100 elementor-top-column elementor-element elementor-element-53f65c2\" data-id=\"53f65c2\" data-element_type=\"column\" data-e-type=\"column\">\n\t\t\t<div class=\"elementor-widget-wrap elementor-element-populated\">\n\t\t\t\t\t\t<div class=\"elementor-element elementor-element-f621bf2 elementor-widget-divider--view-line elementor-widget elementor-widget-divider\" data-id=\"f621bf2\" data-element_type=\"widget\" data-e-type=\"widget\" data-widget_type=\"divider.default\">\n\t\t\t\t\t\t\t<div class=\"elementor-divider\">\n\t\t\t<span class=\"elementor-divider-separator\">\n\t\t\t\t\t\t<\/span>\n\t\t<\/div>\n\t\t\t\t\t\t<\/div>\n\t\t\t\t\t<\/div>\n\t\t<\/div>\n\t\t\t\t\t<\/div>\n\t\t<\/section>\n\t\t\t\t<section class=\"elementor-section elementor-top-section elementor-element elementor-element-9ced176 elementor-section-full_width elementor-section-height-default elementor-section-height-default\" data-id=\"9ced176\" data-element_type=\"section\" data-e-type=\"section\">\n\t\t\t\t\t\t<div class=\"elementor-container elementor-column-gap-default\">\n\t\t\t\t\t<div class=\"elementor-column elementor-col-100 elementor-top-column elementor-element elementor-element-f01262b\" data-id=\"f01262b\" data-element_type=\"column\" data-e-type=\"column\">\n\t\t\t<div class=\"elementor-widget-wrap elementor-element-populated\">\n\t\t\t\t\t\t<div class=\"elementor-element elementor-element-99d0797 elementor-widget elementor-widget-shortcode\" data-id=\"99d0797\" data-element_type=\"widget\" data-e-type=\"widget\" data-widget_type=\"shortcode.default\">\n\t\t\t\t\t\t\t<div class=\"elementor-shortcode\">\n<div class=\"n2r__list \" data-n2r-searchparams=\"\">\n      <div class=\"n2r__list__header\">\n              <a href=\"#\" class=\"n2r__btn n2r__btn--mobileicon n2r__btn--filters\" data-toggleclass=\"filters\" data-target-parent=\".n2r__list\">Filter<\/a>\n            <select name=\"orderby\" class=\"n2r__select\" aria-label=\"Ergebnisse\">\n        <option value=\"\/de\/wp-json\/wp\/v2\/pages\/797?orderby=\"> Ergebnisse<\/option>\n        <option value=\"\/de\/wp-json\/wp\/v2\/pages\/797?orderby=pricedesc\" > Preis: Hoch bis niedrig        <option value=\"\/de\/wp-json\/wp\/v2\/pages\/797?orderby=priceasc\" > Preis: Niedrig bis hoch      <\/select>\n      <span class=\"separator\"><\/span>\n              <a href=\"\" class=\"n2r__btn n2r__btn--mobileicon n2r__btn--map\" data-toggleclass=\"map\" data-target-parent=\".n2r__list\" data-activated-text=\"karte ausblenden\" data-deactivated-text=\"Kart An\">Kart An<\/a>\n              <div class=\"n2r__btngroup n2r__btngroup--viewmode\">\n        <a href=\"\" class=\"n2r__btn n2r__btn--grid \" data-viewmode=\"grid\" aria-label=\"Grid view\"><\/a>\n        <a href=\"\" class=\"n2r__btn n2r__btn--list active\" data-viewmode=\"list\" aria-label=\"List view\"><\/a>\n      <\/div>\n    <\/div>\n  <div class=\"n2r__list__filters\">\n  <header>\n    Suche filtern    <a href=\"#\" class=\"n2r__btn--close\" data-toggleclass=\"filters\" data-target-parent=\".n2r__list\" aria-label=\"Schlie\u00dfen\"><\/a>\n  <\/header>\n  <form method=\"get\" action=\"\/de\/wp-json\/wp\/v2\/pages\/797?_f=1\" role=\"form\" autocomplete=\"off\">\n    <input type=\"hidden\" aria-hidden=\"true\" name=\"commercialization_type\" value=\"rental\">\n\n                <div class=\"n2r__list__filters__field\">\n              <label for=\"n2r-filters-search-text-91201\">Suche<\/label>\n              <input type=\"text\" name=\"search_text\" id=\"n2r-filters-search-text-91201\" class=\"n2r__input\" value=\"\">\n            <\/div>\n                          <div class=\"n2r__list__filters__field\">\n                <label for=\"n2r-filters-city-91201\">Stadt<\/label>\n                <select name=\"city\" id=\"n2r-filters-city-91201\" class=\"n2r__select\">\n                  <option value=\"\">Alle<\/option>\n                  <option value=\"Calella de Palafrugell\" >Calella de Palafrugell<\/option><option value=\"Llafranc\" >Llafranc<\/option>                <\/select>\n              <\/div>\n                          <div class=\"n2r__list__filters__field\">\n                <label for=\"n2r-filters-zone-91201\">Zone<\/label>\n                <select name=\"zone\" id=\"n2r-filters-zone-91201\" class=\"n2r__select\" data-remoteurl=\"https:\/\/www.portcalella.com\/wp-json\/n2r\/v1\/zones\">\n                  <option value=\"\">Alle<\/option>\n                  <option value=\"1\u00aa LINIA\" >1\u00aa LINIA<\/option><option value=\"1\u00aa LINIA - CANADELL\" >1\u00aa LINIA - CANADELL<\/option><option value=\"1\u00aa LINIA - MARCELI\" >1\u00aa LINIA - MARCELI<\/option><option value=\"1\u00aa LINIA - PORT PELEGRI\" >1\u00aa LINIA - PORT PELEGRI<\/option><option value=\"CANADELL\" >CANADELL<\/option><option value=\"CARIBE PARK - PRAT XIRLO\" >CARIBE PARK - PRAT XIRLO<\/option><option value=\"CENTRE\" >CENTRE<\/option><option value=\"CENTRE - CAN PEP\" >CENTRE - CAN PEP<\/option><option value=\"CENTRE - PENYA GOLOSA - B\" >CENTRE - PENYA GOLOSA - B<\/option><option value=\"CENTRE - PENYA GOLOSA - E\" >CENTRE - PENYA GOLOSA - E<\/option><option value=\"CENTRE - PENYA GOLOSA - F\" >CENTRE - PENYA GOLOSA - F<\/option><option value=\"CENTRE - PENYA GOLOSA - G\" >CENTRE - PENYA GOLOSA - G<\/option><option value=\"CENTRE - PENYA GOLOSA - H\" >CENTRE - PENYA GOLOSA - H<\/option><option value=\"CENTRE- SA PLATGETA\" >CENTRE- SA PLATGETA<\/option><option value=\"CHOPITEA\" >CHOPITEA<\/option><option value=\"CHOPITEA - CENTRE\" >CHOPITEA - CENTRE<\/option><option value=\"CLOS SUREDA - PRAT XIRLO\" >CLOS SUREDA - PRAT XIRLO<\/option><option value=\"COLINA DEL SOL\" >COLINA DEL SOL<\/option><option value=\"Centre \/ Centro \/ Centre-ville \/ Downtown area\" >Centre \/ Centro \/ Centre-ville \/ Downtown area<\/option><option value=\"EL GOLFET\" >EL GOLFET<\/option><option value=\"EL GOLFET - \" >EL GOLFET - <\/option><option value=\"EL GOLFET - GREGAL\" >EL GOLFET - GREGAL<\/option><option value=\"EL GOLFET - LLEVANT\" >EL GOLFET - LLEVANT<\/option><option value=\"EL GOLFET - PONENT\" >EL GOLFET - PONENT<\/option><option value=\"EL GOLFET - XALOC\" >EL GOLFET - XALOC<\/option><option value=\"El Golfet\" >El Golfet<\/option><option value=\"GOLFET\" >GOLFET<\/option><option value=\"Golfet\" >Golfet<\/option><option value=\"LLAFRANC - CENTRE - PUNTA BLANC\" >LLAFRANC - CENTRE - PUNTA BLANC<\/option><option value=\"LLAFRANC - CORONDA\" >LLAFRANC - CORONDA<\/option><option value=\"PORT PELEGR\u00cd - BLOC F\" >PORT PELEGR\u00cd - BLOC F<\/option><option value=\"PORT PELEGR\u00cd - CALELLA PARK I\" >PORT PELEGR\u00cd - CALELLA PARK I<\/option><option value=\"PORT PELEGR\u00cd - CAN XERET\" >PORT PELEGR\u00cd - CAN XERET<\/option><option value=\"PORT PELEGR\u00cd - ESLORA\" >PORT PELEGR\u00cd - ESLORA<\/option><option value=\"PORT PELEGR\u00cd - VENUSMAR\" >PORT PELEGR\u00cd - VENUSMAR<\/option><option value=\"PRAT XIRLO\" >PRAT XIRLO<\/option><option value=\"PRAT XIRLO - ILLA\" >PRAT XIRLO - ILLA<\/option><option value=\"PUIG DE L&#039;ARTIGA - SANT ROC\" >PUIG DE L&#039;ARTIGA - SANT ROC<\/option><option value=\"Prat Xirlo - CALELLA PARK II\" >Prat Xirlo - CALELLA PARK II<\/option><option value=\"SANT ROC\" >SANT ROC<\/option><option value=\"SANT ROC - DUING\" >SANT ROC - DUING<\/option><option value=\"SANT ROC - PANORAMIC\" >SANT ROC - PANORAMIC<\/option><option value=\"SANT ROC - STA AGATHA\" >SANT ROC - STA AGATHA<\/option>                <\/select>\n              <\/div>\n                          <div class=\"n2r__list__filters__field \">\n                <label for=\"n2r-filters-type-91201\">Objekttyp<\/label>\n                <select name=\"type\" id=\"n2r-filters-type-91201\" class=\"n2r__select\">\n                  <option value=\"\">Objekttyp<\/option>\n                  <option value=\"apartment\" >Apartment<\/option><option value=\"chalet\" >Chalet<\/option><option value=\"isolated_house\" >Einzelhaus \/ Villa<\/option><option value=\"penthouse\" >Dachgeschosswohnung <\/option><option value=\"study\" >Studio-Apartment<\/option><option value=\"townhouse\" >Stadthaus<\/option>                <\/select>\n              <\/div>\n                          <div class=\"n2r__list__filters__field\">\n                <label for=\"n2r-filters-category-91201\" Kategorie<\/label>\n                  <select name=\"category\" id=\"n2r-filters-category-91201\" class=\"n2r__select\">\n                    <option value=\"\">Alle<\/option>\n                    <option value=\"70\" >Touristisch<\/option><option value=\"71\" >Exclusiv<\/option><option value=\"367\" ><\/option>                  <\/select>\n              <\/div>\n                        <div class=\"n2r__list__filters__field n2r__datepickercontainer\">\n              <label for=\"n2r-filters-dates-91201\">Daten ausw\u00e4hlen<\/label>\n              <input type=\"text\" id=\"n2r-filters-dates-91201\" class=\"n2r__input n2r-daterangepicker-component\" data-checkin=\"\" data-checkout=\"\" data-language=\"de\">\n              <input type=\"hidden\" aria-hidden=\"true\" name=\"checkin\" value=\"\">\n              <input type=\"hidden\" aria-hidden=\"true\" name=\"checkout\" value=\"\">\n            <\/div>\n                      <div class=\"n2r__list__filters__field n2r__list__filters__field--small\">\n              <label for=\"n2r-filters-adults-91201\">Erwachsene<\/label>\n                            <input class=\"n2r__input\" name=\"adults\" id=\"n2r-filters-adults-91201\" type=\"number\" min=\"1\" max=\"15\" value=\"1\">\n            <\/div>\n                      <div class=\"n2r__list__filters__field n2r__list__filters__field--small\">\n              <label for=\"n2r-filters-children-91201\">Kinder<\/label>\n                            <input class=\"n2r__input\" name=\"children\" id=\"n2r-filters-children-91201\" type=\"number\" min=\"0\" max=\"15\" value=\"0\">\n            <\/div>\n                      <div class=\"n2r__list__filters__field\">\n              <label for=\"flexible\">\n                <input type=\"hidden\" aria-hidden=\"true\" name=\"flexible\" value=\"\">\n                <input type=\"checkbox\" name=\"flexible\" value=\"1\" >\n                Meine Daten sind flexibel              <\/label>\n            <\/div>\n                      <div class=\"n2r__list__filters__field\">\n              <label for=\"n2r-filters-rooms-min-91201\">Zimmer<\/label>\n              <div class=\"n2r__radio\">\n                <input type=\"hidden\" aria-hidden=\"true\" name=\"min_room_number\" id=\"n2r-filters-rooms-min-91201\" value=\"\">\n                                  <div class=\"n2r__radio__item \" data-value=\"1\">+1<\/div>\n                                  <div class=\"n2r__radio__item \" data-value=\"2\">+2<\/div>\n                                  <div class=\"n2r__radio__item \" data-value=\"3\">+3<\/div>\n                                  <div class=\"n2r__radio__item \" data-value=\"4\">+4<\/div>\n                                  <div class=\"n2r__radio__item \" data-value=\"5\">+5<\/div>\n                              <\/div>\n            <\/div>\n                      <div class=\"n2r__list__filters__field\">\n              <label for=\"n2r-filters-toilets-min-91201\">Toiletten<\/label>\n              <div class=\"n2r__radio\">\n                <input type=\"hidden\" id=\"n2r-filters-toilets-min-91201\" aria-hidden=\"true\" name=\"min_toilets_number\" value=\"\">\n                                  <div class=\"n2r__radio__item \" data-value=\"1\">+1<\/div>\n                                  <div class=\"n2r__radio__item \" data-value=\"2\">+2<\/div>\n                                  <div class=\"n2r__radio__item \" data-value=\"3\">+3<\/div>\n                              <\/div>\n            <\/div>\n                      <div class=\"n2r__list__filters__field\">\n              <label for=\"n2r-filters-property-meters-min-91201\">Grundst\u00fccksz\u00e4hler<\/label>\n              <select name=\"property_meters_min\" id=\"n2r-filters-property-meters-min-91201\" class=\"n2r__select\">\n                <option value=\"\">Kein Limit<\/option>\n                                  <option value=\"50\" >\n                    50m2                  <\/option>\n                                  <option value=\"60\" >\n                    60m2                  <\/option>\n                                  <option value=\"70\" >\n                    70m2                  <\/option>\n                                  <option value=\"80\" >\n                    80m2                  <\/option>\n                                  <option value=\"90\" >\n                    90m2                  <\/option>\n                                  <option value=\"100\" >\n                    100m2                  <\/option>\n                                  <option value=\"125\" >\n                    125m2                  <\/option>\n                                  <option value=\"150\" >\n                    150m2                  <\/option>\n                                  <option value=\"175\" >\n                    175m2                  <\/option>\n                                  <option value=\"200\" >\n                    200m2                  <\/option>\n                                  <option value=\"250\" >\n                    250m2                  <\/option>\n                                  <option value=\"300\" >\n                    300m2                  <\/option>\n                                  <option value=\"400\" >\n                    400m2                  <\/option>\n                                  <option value=\"500\" >\n                    500m2                  <\/option>\n                              <\/select>\n            <\/div>\n                      <div class=\"n2r__list__filters__field\">\n              <label for=\"n2r-filters-price-min-91201\">Preis<\/label>\n              <select name=\"sell_price_min\" id=\"n2r-filters-price-min-91201\" class=\"n2r__select\">\n                <option value=\"\">Minimum<\/option>\n                                  <option value=\"60000\" >60.000 \u20ac<\/option>\n                                  <option value=\"90000\" >90.000 \u20ac<\/option>\n                                  <option value=\"120000\" >120.000 \u20ac<\/option>\n                                  <option value=\"150000\" >150.000 \u20ac<\/option>\n                                  <option value=\"180000\" >180.000 \u20ac<\/option>\n                                  <option value=\"210000\" >210.000 \u20ac<\/option>\n                                  <option value=\"250000\" >250.000 \u20ac<\/option>\n                                  <option value=\"300000\" >300.000 \u20ac<\/option>\n                                  <option value=\"350000\" >350.000 \u20ac<\/option>\n                                  <option value=\"400000\" >400.000 \u20ac<\/option>\n                                  <option value=\"500000\" >500.000 \u20ac<\/option>\n                                  <option value=\"600000\" >600.000 \u20ac<\/option>\n                                  <option value=\"800000\" >800.000 \u20ac<\/option>\n                                  <option value=\"1000000\" >1.000.000 \u20ac<\/option>\n                                  <option value=\"1500000\" >1.500.000 \u20ac<\/option>\n                                  <option value=\"2000000\" >2.000.000 \u20ac<\/option>\n                                  <option value=\"3000000\" >3.000.000 \u20ac<\/option>\n                              <\/select>\n            <\/div>\n            <div class=\"n2r__list__filters__field\">\n              <select name=\"sell_price_max\" id=\"n2r-filters-price-max-91201\" class=\"n2r__select\">\n                <option value=\"\">Maximum<\/option>\n                                  <option value=\"60000\" >60.000 \u20ac<\/option>\n                                  <option value=\"90000\" >90.000 \u20ac<\/option>\n                                  <option value=\"120000\" >120.000 \u20ac<\/option>\n                                  <option value=\"150000\" >150.000 \u20ac<\/option>\n                                  <option value=\"180000\" >180.000 \u20ac<\/option>\n                                  <option value=\"210000\" >210.000 \u20ac<\/option>\n                                  <option value=\"250000\" >250.000 \u20ac<\/option>\n                                  <option value=\"300000\" >300.000 \u20ac<\/option>\n                                  <option value=\"350000\" >350.000 \u20ac<\/option>\n                                  <option value=\"400000\" >400.000 \u20ac<\/option>\n                                  <option value=\"500000\" >500.000 \u20ac<\/option>\n                                  <option value=\"600000\" >600.000 \u20ac<\/option>\n                                  <option value=\"800000\" >800.000 \u20ac<\/option>\n                                  <option value=\"1000000\" >1.000.000 \u20ac<\/option>\n                                  <option value=\"1500000\" >1.500.000 \u20ac<\/option>\n                                  <option value=\"2000000\" >2.000.000 \u20ac<\/option>\n                                  <option value=\"3000000\" >3.000.000 \u20ac<\/option>\n                              <\/select>\n            <\/div>\n            <div class=\"n2r__list__filters__field\">\n        <label>Weitere Kriterien<\/label>\n                  <label class=\"n2r__btn n2r__btn--outline n2r__btn--checkbox\">\n            <input type=\"hidden\" aria-hidden=\"true\" name=\"pets\" value=\"\">\n            <input type=\"checkbox\" class=\"n2r__checkbox\" name=\"pets\" value=\"1\" >\n            Haustiere          <\/label>\n                  <label class=\"n2r__btn n2r__btn--outline n2r__btn--checkbox\">\n            <input type=\"hidden\" aria-hidden=\"true\" name=\"lift\" value=\"\">\n            <input type=\"checkbox\" class=\"n2r__checkbox\" name=\"lift\" value=\"1\" >\n            Lift          <\/label>\n                  <label class=\"n2r__btn n2r__btn--outline n2r__btn--checkbox\">\n            <input type=\"hidden\" aria-hidden=\"true\" name=\"pool\" value=\"\">\n            <input type=\"checkbox\" class=\"n2r__checkbox\" name=\"pool\" value=\"1\" >\n            Schwimmbad          <\/label>\n                  <label class=\"n2r__btn n2r__btn--outline n2r__btn--checkbox\">\n            <input type=\"hidden\" aria-hidden=\"true\" name=\"parking_garage\" value=\"\">\n            <input type=\"checkbox\" class=\"n2r__checkbox\" name=\"parking_garage\" value=\"1\" >\n            Parkplatz          <\/label>\n                  <label class=\"n2r__btn n2r__btn--outline n2r__btn--checkbox\">\n            <input type=\"hidden\" aria-hidden=\"true\" name=\"garden\" value=\"\">\n            <input type=\"checkbox\" class=\"n2r__checkbox\" name=\"garden\" value=\"1\" >\n            Garten          <\/label>\n                  <label class=\"n2r__btn n2r__btn--outline n2r__btn--checkbox\">\n            <input type=\"hidden\" aria-hidden=\"true\" name=\"wifi\" value=\"\">\n            <input type=\"checkbox\" class=\"n2r__checkbox\" name=\"wifi\" value=\"1\" >\n            WIFI-Verbindung          <\/label>\n                  <label class=\"n2r__btn n2r__btn--outline n2r__btn--checkbox\">\n            <input type=\"hidden\" aria-hidden=\"true\" name=\"air_conditioning\" value=\"\">\n            <input type=\"checkbox\" class=\"n2r__checkbox\" name=\"air_conditioning\" value=\"1\" >\n            Klimaanlage          <\/label>\n                  <label class=\"n2r__btn n2r__btn--outline n2r__btn--checkbox\">\n            <input type=\"hidden\" aria-hidden=\"true\" name=\"barbecue\" value=\"\">\n            <input type=\"checkbox\" class=\"n2r__checkbox\" name=\"barbecue\" value=\"1\" >\n            Grill          <\/label>\n                  <label class=\"n2r__btn n2r__btn--outline n2r__btn--checkbox\">\n            <input type=\"hidden\" aria-hidden=\"true\" name=\"terrace\" value=\"\">\n            <input type=\"checkbox\" class=\"n2r__checkbox\" name=\"terrace\" value=\"1\" >\n            Terrasse          <\/label>\n              <\/div>\n        <footer>\n      <button type=\"submit\" class=\"n2r__btn n2r__btn--search\">Suche<\/button>\n    <\/footer>\n  <\/form>\n<\/div>  <div class=\"n2r__row\">\n    <div class=\"n2r__list__items\">\n      <div class=\"n2r__list__item n2r__clickable   n2r__safeandclean\" data-id=\"8981\">\n  <span class=\"n2r__list__item__label n2r__list__item__label--offer\">Angebot<\/span>  <div class=\"n2r__list__item__gallery n2r__slider\">\n    <div class=\"slide-item\"><img data-lazy=\"https:\/\/files.net2rent.com\/pfiles\/119\/8981\/112110-o-m.jpg\" alt=\"035 PENYA GOLOSA Apartment Port Pelegr\u00ed Calella De Palafrugell\" title=\"035 PENYA GOLOSA Apartment Port Pelegr\u00ed Calella De Palafrugell\"><\/div>  <\/div>\n\n  <div class=\"n2r__list__item__info\">\n    <div class=\"n2r__list__item__title\">\n      <h2 class=\"n2r__list__item__name\">\n        <a href=\"https:\/\/www.portcalella.com\/de\/mietobjekte-im-detail\/mieten-wohnung-penya-golosa-calella-de-palafrugell-8981\/?checkin=2026-04-30&#038;checkout=2026-05-04\">Zentrale Wohnung mit Gemeinschaftspool und Tennis in der N\u00e4he des Strandes von Port Pelegri in Calella de Palafrugell<\/a>\n      <\/h2>\n      <div class=\"n2r__list__item__category\">Touristisch<\/div>    <\/div>\n    <div class=\"n2r__list__item__title\">\n      <div class=\"n2r__list__item__reference\">Ref: 035<\/div>\n      <div class=\"n2r__list__item__turisticreference\">HUTG-012336-31<\/div>      <div class=\"n2r__list__item__city\">Calella de Palafrugell<\/div>\n              <div class=\"n2r__list__item__rating\">\n          <div class=\"n2r__rating\">\n            <div class=\"n2r__rating__complete\" style=\"width:78%\"><\/div>\n          <\/div>\n        <\/div>\n          <\/div>\n    <div class=\"n2r__list__item__features\">\n      <div class=\"n2r__list__item__feature n2r__list__item__feature--rooms\" title=\"2 zimmer\"><i class=\"n2r_room\"><\/i> 2<\/div><div class=\"n2r__list__item__feature n2r__list__item__feature--capacity\" title=\"5 pax\"><i class=\"n2r_people\"><\/i> 5<\/div><div class=\"n2r__list__item__feature n2r__list__item__feature--bathrooms\" title=\"1 toiletten\"><i class=\"n2r_toilet\"><\/i> 1<\/div><div class=\"n2r__list__item__feature n2r__list__item__feature--terrace\" title=\"terrasse\"><i class=\"n2r_terrace\"><\/i> <\/div><div class=\"n2r__list__item__feature n2r__list__item__feature--sea_distance\" title=\"Entfernung zum Meer\"><i class=\"n2r_sea_distance\"><\/i> 250 m<\/div><div class=\"n2r__list__item__feature n2r__list__item__feature--pool\" title=\"Schwimmbad\"><i class=\"n2r_swimming_pool\"><\/i> <\/div><div class=\"n2r__list__item__feature n2r__list__item__feature--wifi\" title=\"WLAN\"><i class=\"n2r_properties_equipment_wifi\"><\/i> <\/div><div class=\"n2r__list__item__feature n2r__list__item__feature--tv\" title=\"tv\"><i class=\"n2r_properties_equipment_tv\"><\/i> <\/div><div class=\"n2r__list__item__feature n2r__list__item__feature--heating\" title=\"Heizung\"><i class=\"n2r_properties_equipment_heating\"><\/i> <\/div>    <\/div>\n    <div class=\"n2r__list__item__description\">Zentral gelegenes Apartment in Calella de Palafrugell, ideal f\u00fcr einen Urlaub an der Costa Brava. In der N\u00e4he des Strandes Port Pelegr\u00ed gelegen, bietet diese Unterkunft Komfort und eine privilegierte Lage in einer charmanten Umgebung.\r\nApartmentmerkmale:\r\n\r\nZwei Doppelzimmer mit jeweils zwei Betten, ideal f\u00fcr Gruppen von 4-5 Personen.\r\nWohnzimmer mit Schlafsofa.\r\nKostenloses WLAN, damit Sie w\u00e4hrend Ihres Aufenthalts verbunden bleiben.\r\nVoll ausgestattete K\u00fcche, komplettes Badezimmer und eine Terrasse mit Blick auf den Gemeinschaftspool.\r\n\r\nZus\u00e4tzliche Leistungen:\r\n\r\nGemeinschaftspool, perfekt, um die Sonne zu genie\u00dfen und sich abzuk\u00fchlen.\r\nTennisplatz, ideal f\u00fcr Sportliebhaber.\r\nSPAR-Supermarkt nur wenige Meter von der Anlage entfernt.\r\n\r\nIdeale Lage:Dieses Apartment liegt nur 5 Gehminuten von den Str\u00e4nden von Calella de Palafrugell, dem Dorfzentrum und einer Vielzahl von Gesch\u00e4ften, Bars und Restaurants entfernt. Der Strand Port Pelegr\u00ed ist einer der sch\u00f6nsten der Region, umgeben von einer einzigartigen maritimen Atmosph\u00e4re.\r\nCalella de Palafrugell:Dieses historische Fischerdorf bewahrt den traditionellen Charme der Costa Brava, mit seinen malerischen Buchten, engen Gassen und H\u00e4usern mit geneigten Ziegeld\u00e4chern. Das Dorf geh\u00f6rt zu einer felsigen K\u00fcste n\u00f6rdlich des Naturgebiets Castell - Cap Roig, ein idealer Ort f\u00fcr Spazierg\u00e4nge oder Radtouren.\r\nBuchen Sie jetzt dieses Apartment in Calella de Palafrugell und erleben Sie einen unvergesslichen Urlaub, umgeben von nat\u00fcrlicher Sch\u00f6nheit und dem authentischen mediterranen Geist.<\/div>\n    <div class=\"n2r__list__item__footer\">\n      <div class=\"n2r__list__item__price\"><div class=\"n2r__list__item__price__offers\"><div class=\"n2r__list__item__price__offer\">\n          <span class=\"n2r__list__item__price__offer__amount n2r__list__item__price__offer__amount--original\">485 \u20ac<\/span>\n          <span class=\"n2r__list__item__price__offer__amount\">\n            395 \u20ac\n          <\/span>\n          <span class=\"n2r__list__item__price__offer__dates\">\n            Von 30\/04\/2026 Bis 04\/05\/2026\n          <\/span>\n          <span class=\"n2r__list__item__price__offer__conditions\">\n            \n          <\/span>\n        <\/div><\/div><\/div>    <\/div>\n  <\/div>\n  <a class=\"n2r__list__item__link\" href=\"https:\/\/www.portcalella.com\/de\/mietobjekte-im-detail\/mieten-wohnung-penya-golosa-calella-de-palafrugell-8981\/?checkin=2026-04-30&#038;checkout=2026-05-04\">Mehr<\/a>\n  <\/div><div class=\"n2r__list__item n2r__clickable   n2r__safeandclean\" data-id=\"8987\">\n  <span class=\"n2r__list__item__label n2r__list__item__label--offer\">Angebot<\/span>  <div class=\"n2r__list__item__gallery n2r__slider\">\n    <div class=\"slide-item\"><img data-lazy=\"https:\/\/files.net2rent.com\/pfiles\/119\/8987\/574974-wM-o-m.jpg\" alt=\"065 PUNTA D&#039;EN BLANC (LLAFRANC) Apartment LLAFRANC - CENTRE - PUNTA BLANC Llafranc\" title=\"065 PUNTA D&#039;EN BLANC (LLAFRANC) Apartment LLAFRANC - CENTRE - PUNTA BLANC Llafranc\"><\/div>  <\/div>\n\n  <div class=\"n2r__list__item__info\">\n    <div class=\"n2r__list__item__title\">\n      <h2 class=\"n2r__list__item__name\">\n        <a href=\"https:\/\/www.portcalella.com\/de\/mietobjekte-im-detail\/mieten-wohnung-punta-d-en-blanc-llafranc-llafranc-8987\/?checkin=2026-04-30&#038;checkout=2026-05-04\">Ferienwohnung in Llafranc mit Pool, Terrasse und nur 250\u202fm vom Strand entfernt<\/a>\n      <\/h2>\n      <div class=\"n2r__list__item__category\">Touristisch<\/div>    <\/div>\n    <div class=\"n2r__list__item__title\">\n      <div class=\"n2r__list__item__reference\">Ref: 065<\/div>\n      <div class=\"n2r__list__item__turisticreference\">HUTG-010592-72<\/div>      <div class=\"n2r__list__item__city\">Llafranc<\/div>\n              <div class=\"n2r__list__item__rating\">\n          <div class=\"n2r__rating\">\n            <div class=\"n2r__rating__complete\" style=\"width:80%\"><\/div>\n          <\/div>\n        <\/div>\n          <\/div>\n    <div class=\"n2r__list__item__features\">\n      <div class=\"n2r__list__item__feature n2r__list__item__feature--rooms\" title=\"2 zimmer\"><i class=\"n2r_room\"><\/i> 2<\/div><div class=\"n2r__list__item__feature n2r__list__item__feature--capacity\" title=\"5 pax\"><i class=\"n2r_people\"><\/i> 5<\/div><div class=\"n2r__list__item__feature n2r__list__item__feature--bathrooms\" title=\"1 toiletten\"><i class=\"n2r_toilet\"><\/i> 1<\/div><div class=\"n2r__list__item__feature n2r__list__item__feature--terrace\" title=\"terrasse\"><i class=\"n2r_terrace\"><\/i> <\/div><div class=\"n2r__list__item__feature n2r__list__item__feature--sea_distance\" title=\"Entfernung zum Meer\"><i class=\"n2r_sea_distance\"><\/i> 250 m<\/div><div class=\"n2r__list__item__feature n2r__list__item__feature--pool\" title=\"Schwimmbad\"><i class=\"n2r_swimming_pool\"><\/i> <\/div><div class=\"n2r__list__item__feature n2r__list__item__feature--wifi\" title=\"WLAN\"><i class=\"n2r_properties_equipment_wifi\"><\/i> <\/div><div class=\"n2r__list__item__feature n2r__list__item__feature--tv\" title=\"tv\"><i class=\"n2r_properties_equipment_tv\"><\/i> <\/div>    <\/div>\n    <div class=\"n2r__list__item__description\">Helle Wohnung im zweiten Stock, nur 250 Meter vom Hauptstrand von Llafranc entfernt, in einer ruhigen, familienfreundlichen Wohnanlage mit Gartenbereich und Gemeinschaftspool.\r\nDie Aufteilung umfasst ein Wohn-Esszimmer mit Zugang zur Terrasse und sch\u00f6ner Aussicht auf eine bewaldete Umgebung, eine separate K\u00fcche mit Waschbereich, zwei Doppelschlafzimmer (eines mit Doppelbett, das andere mit zwei Einzelbetten) sowie ein modernisiertes Bad mit Dusche.\r\nDank der hervorragenden Lage erreicht man sowohl das Zentrum von Llafranc als auch den Strand in wenigen Gehminuten \u2013 ideal f\u00fcr einen Aufenthalt an der Costa Brava.<\/div>\n    <div class=\"n2r__list__item__footer\">\n      <div class=\"n2r__list__item__price\"><div class=\"n2r__list__item__price__offers\"><div class=\"n2r__list__item__price__offer\">\n          <span class=\"n2r__list__item__price__offer__amount n2r__list__item__price__offer__amount--original\">525 \u20ac<\/span>\n          <span class=\"n2r__list__item__price__offer__amount\">\n            415 \u20ac\n          <\/span>\n          <span class=\"n2r__list__item__price__offer__dates\">\n            Von 30\/04\/2026 Bis 04\/05\/2026\n          <\/span>\n          <span class=\"n2r__list__item__price__offer__conditions\">\n            \n          <\/span>\n        <\/div><\/div><\/div>    <\/div>\n  <\/div>\n  <a class=\"n2r__list__item__link\" href=\"https:\/\/www.portcalella.com\/de\/mietobjekte-im-detail\/mieten-wohnung-punta-d-en-blanc-llafranc-llafranc-8987\/?checkin=2026-04-30&#038;checkout=2026-05-04\">Mehr<\/a>\n  <\/div><div class=\"n2r__list__item n2r__clickable   n2r__safeandclean\" data-id=\"9000\">\n  <span class=\"n2r__list__item__label n2r__list__item__label--offer\">Angebot<\/span><span class=\"n2r__list__item__icon n2r__list__item__icon--withvideo\" title=\"Mit Video\"><i class=\"fas fa-video\"><\/i><\/span>  <div class=\"n2r__list__item__gallery n2r__slider\">\n    <div class=\"slide-item\"><img data-lazy=\"https:\/\/files.net2rent.com\/pfiles\/119\/9000\/309121-o-m.jpg\" alt=\"130 CAN FINA - D\u00daPLEX Dachgeschosswohnung  1\u00aa LINIA - PORT PELEGRI Calella De Palafrugell\" title=\"130 CAN FINA - D\u00daPLEX Dachgeschosswohnung  1\u00aa LINIA - PORT PELEGRI Calella De Palafrugell\"><\/div>  <\/div>\n\n  <div class=\"n2r__list__item__info\">\n    <div class=\"n2r__list__item__title\">\n      <h2 class=\"n2r__list__item__name\">\n        <a href=\"https:\/\/www.portcalella.com\/de\/mietobjekte-im-detail\/mieten-dachboden-can-fina-duplex-calella-de-palafrugell-9000\/?checkin=2026-04-30&#038;checkout=2026-05-04\">Duplex-Penthouse mit Meerblick, vor dem Strand Port Pelegri in Calella de Palafrugell<\/a>\n      <\/h2>\n      <div class=\"n2r__list__item__category\">Touristisch<\/div>    <\/div>\n    <div class=\"n2r__list__item__title\">\n      <div class=\"n2r__list__item__reference\">Ref: 130<\/div>\n      <div class=\"n2r__list__item__turisticreference\">HUTG-009667-30<\/div>      <div class=\"n2r__list__item__city\">Calella de Palafrugell<\/div>\n              <div class=\"n2r__list__item__rating\">\n          <div class=\"n2r__rating\">\n            <div class=\"n2r__rating__complete\" style=\"width:82%\"><\/div>\n          <\/div>\n        <\/div>\n          <\/div>\n    <div class=\"n2r__list__item__features\">\n      <div class=\"n2r__list__item__feature n2r__list__item__feature--rooms\" title=\"2 zimmer\"><i class=\"n2r_room\"><\/i> 2<\/div><div class=\"n2r__list__item__feature n2r__list__item__feature--capacity\" title=\"6 pax\"><i class=\"n2r_people\"><\/i> 6<\/div><div class=\"n2r__list__item__feature n2r__list__item__feature--bathrooms\" title=\"2 toiletten\"><i class=\"n2r_toilet\"><\/i> 2<\/div><div class=\"n2r__list__item__feature n2r__list__item__feature--terrace\" title=\"terrasse\"><i class=\"n2r_terrace\"><\/i> <\/div><div class=\"n2r__list__item__feature n2r__list__item__feature--sea_distance\" title=\"Entfernung zum Meer\"><i class=\"n2r_sea_distance\"><\/i> 25 m<\/div><div class=\"n2r__list__item__feature n2r__list__item__feature--wifi\" title=\"WLAN\"><i class=\"n2r_properties_equipment_wifi\"><\/i> <\/div><div class=\"n2r__list__item__feature n2r__list__item__feature--tv\" title=\"tv\"><i class=\"n2r_properties_equipment_tv\"><\/i> <\/div><div class=\"n2r__list__item__feature n2r__list__item__feature--heating\" title=\"Heizung\"><i class=\"n2r_properties_equipment_heating\"><\/i> <\/div><div class=\"n2r__list__item__feature n2r__list__item__feature--air_conditioning\" title=\"Klimaanlage\"><i class=\"n2r_properties_equipment_air_conditioning\"><\/i> <\/div>    <\/div>\n    <div class=\"n2r__list__item__description\">Maisonette-Penthouse in Erster Meereslinie, direkt gegen\u00fcber dem Strand von Port Pelegr\u00ed, im charmanten Dorf Calella de Palafrugell, Costa Brava.\r\nAufteilung des Maisonette-Penthouse:\r\nHauptetage:\r\n\r\nDoppelzimmer mit zwei Einzelbetten.\r\nKomplettes Badezimmer mit Badewanne.\r\nHalboffene K\u00fcche zum Wohn-Esszimmer.\r\nPrivate Terrasse mit spektakul\u00e4rem Blick auf das Meer und den Strand von Port Pelegr\u00ed.\r\n\r\nObergeschoss:\r\n\r\nZweites Schlafzimmer mit zwei Einzelbetten, Schlafsofa und komplettem Badezimmer mit Dusche.\r\n\r\nVorteile und Lage:\r\n\r\nAusgezeichnete Lage:\r\n\r\nNur wenige Schritte von den Hauptstr\u00e4nden von Calella de Palafrugell entfernt.\r\nSehr nah am Hauptsupermarkt und am Ortszentrum.\r\n\r\n\r\nInklusive Ausstattung:\r\n\r\nBettw\u00e4sche im Preis enthalten.\r\nKlimaanlage verf\u00fcgbar gegen einen Aufpreis von\u00a060 \u20ac\/Woche.\r\n\r\n\r\n<\/div>\n    <div class=\"n2r__list__item__footer\">\n      <div class=\"n2r__list__item__price\"><div class=\"n2r__list__item__price__offers\"><div class=\"n2r__list__item__price__offer\">\n          <span class=\"n2r__list__item__price__offer__amount n2r__list__item__price__offer__amount--original\">585 \u20ac<\/span>\n          <span class=\"n2r__list__item__price__offer__amount\">\n            475 \u20ac\n          <\/span>\n          <span class=\"n2r__list__item__price__offer__dates\">\n            Von 30\/04\/2026 Bis 04\/05\/2026\n          <\/span>\n          <span class=\"n2r__list__item__price__offer__conditions\">\n            \n          <\/span>\n        <\/div><\/div><\/div>    <\/div>\n  <\/div>\n  <a class=\"n2r__list__item__link\" href=\"https:\/\/www.portcalella.com\/de\/mietobjekte-im-detail\/mieten-dachboden-can-fina-duplex-calella-de-palafrugell-9000\/?checkin=2026-04-30&#038;checkout=2026-05-04\">Mehr<\/a>\n  <\/div><div class=\"n2r__list__item n2r__clickable   n2r__safeandclean\" data-id=\"9016\">\n  <span class=\"n2r__list__item__label n2r__list__item__label--offer\">Angebot<\/span>  <div class=\"n2r__list__item__gallery n2r__slider\">\n    <div class=\"slide-item\"><img data-lazy=\"https:\/\/files.net2rent.com\/pfiles\/119\/9016\/475136-o-m.jpg\" alt=\"025 PENYA GOLOSA Apartment CENTRE - PENYA GOLOSA - E Calella de Palafrugell\" title=\"025 PENYA GOLOSA Apartment CENTRE - PENYA GOLOSA - E Calella de Palafrugell\"><\/div>  <\/div>\n\n  <div class=\"n2r__list__item__info\">\n    <div class=\"n2r__list__item__title\">\n      <h2 class=\"n2r__list__item__name\">\n        <a href=\"https:\/\/www.portcalella.com\/de\/mietobjekte-im-detail\/mieten-wohnung-penya-golosa-calella-de-palafrugell-9016\/?checkin=2026-04-30&#038;checkout=2026-05-04\">Erdgeschoss mit gro\u00dfer Terrasse, Gemeinschaftspool und Tennisplatz, nur 175 m vom Strand von Port Pelegri in Calella de Palafrugell entfernt<\/a>\n      <\/h2>\n      <div class=\"n2r__list__item__category\">Touristisch<\/div>    <\/div>\n    <div class=\"n2r__list__item__title\">\n      <div class=\"n2r__list__item__reference\">Ref: 025<\/div>\n      <div class=\"n2r__list__item__turisticreference\">HUTG-009666-36<\/div>      <div class=\"n2r__list__item__city\">Calella de Palafrugell<\/div>\n              <div class=\"n2r__list__item__rating\">\n          <div class=\"n2r__rating\">\n            <div class=\"n2r__rating__complete\" style=\"width:82%\"><\/div>\n          <\/div>\n        <\/div>\n          <\/div>\n    <div class=\"n2r__list__item__features\">\n      <div class=\"n2r__list__item__feature n2r__list__item__feature--rooms\" title=\"2 zimmer\"><i class=\"n2r_room\"><\/i> 2<\/div><div class=\"n2r__list__item__feature n2r__list__item__feature--capacity\" title=\"5 pax\"><i class=\"n2r_people\"><\/i> 5<\/div><div class=\"n2r__list__item__feature n2r__list__item__feature--bathrooms\" title=\"1 toiletten\"><i class=\"n2r_toilet\"><\/i> 1<\/div><div class=\"n2r__list__item__feature n2r__list__item__feature--terrace\" title=\"terrasse\"><i class=\"n2r_terrace\"><\/i> <\/div><div class=\"n2r__list__item__feature n2r__list__item__feature--sea_distance\" title=\"Entfernung zum Meer\"><i class=\"n2r_sea_distance\"><\/i> 175 m<\/div><div class=\"n2r__list__item__feature n2r__list__item__feature--pool\" title=\"Schwimmbad\"><i class=\"n2r_swimming_pool\"><\/i> <\/div><div class=\"n2r__list__item__feature n2r__list__item__feature--wifi\" title=\"WLAN\"><i class=\"n2r_properties_equipment_wifi\"><\/i> <\/div><div class=\"n2r__list__item__feature n2r__list__item__feature--tv\" title=\"tv\"><i class=\"n2r_properties_equipment_tv\"><\/i> <\/div><div class=\"n2r__list__item__feature n2r__list__item__feature--heating\" title=\"Heizung\"><i class=\"n2r_properties_equipment_heating\"><\/i> <\/div><div class=\"n2r__list__item__feature n2r__list__item__feature--air_conditioning\" title=\"Klimaanlage\"><i class=\"n2r_properties_equipment_air_conditioning\"><\/i> <\/div>    <\/div>\n    <div class=\"n2r__list__item__description\">Renovierte Erdgeschosswohnung (2010) in Calella de Palafrugell, mit Platz f\u00fcr 5 Personen. Ideal f\u00fcr einen Urlaub an der Costa Brava, vereint sie Komfort, eine erstklassige Lage und au\u00dfergew\u00f6hnliche Annehmlichkeiten.\r\nDie Wohnung bietet:\r\n\r\nZwei Schlafzimmer: eines mit Doppelbett und das andere mit zwei Einzelbetten.\r\nEin Schlafsofa im Wohnzimmer, ideal f\u00fcr einen zus\u00e4tzlichen Gast.\r\nEine komplett ausgestattete separate K\u00fcche mit modernen Ger\u00e4ten.\r\nEin komplettes Badezimmer mit Dusche.\r\nEin ger\u00e4umiges Esszimmer mit direktem Zugang zu einer gro\u00dfen privaten Terrasse, perfekt zum Entspannen im Freien.\r\n\r\nZus\u00e4tzlich bietet die Wohnung Klimaanlage und kostenloses WI-FI, um maximalen Komfort w\u00e4hrend Ihres Aufenthalts zu gew\u00e4hrleisten.\r\nHervorragende Einrichtungen und Lage:In einer ruhigen, familienfreundlichen Wohnanlage gelegen, stehen Ihnen zur Verf\u00fcgung:\r\n\r\nEin Gemeinschaftspool, perfekt f\u00fcr hei\u00dfe Sommertage.\r\nEin Tennisplatz, ideal f\u00fcr Sportbegeisterte.\r\n\r\nUnschlagbare Lage:\r\n\r\nNur 175 Meter vom Strand Port Pelegr\u00ed, einer der sch\u00f6nsten Buchten der Costa Brava.\r\nNur 100 Meter vom gr\u00f6\u00dften Supermarkt des Ortes entfernt, was den t\u00e4glichen Einkauf erleichtert.\r\n\r\nDiese Wohnung ist perfekt f\u00fcr alle, die einen entspannten Urlaub am Meer im charmanten Ort Calella de Palafrugell verbringen m\u00f6chten. Die N\u00e4he zum Strand, zu Dienstleistungen und Aktivit\u00e4ten macht sie zur idealen Wahl f\u00fcr Familien.<\/div>\n    <div class=\"n2r__list__item__footer\">\n      <div class=\"n2r__list__item__price\"><div class=\"n2r__list__item__price__offers\"><div class=\"n2r__list__item__price__offer\">\n          <span class=\"n2r__list__item__price__offer__amount n2r__list__item__price__offer__amount--original\">495 \u20ac<\/span>\n          <span class=\"n2r__list__item__price__offer__amount\">\n            425 \u20ac\n          <\/span>\n          <span class=\"n2r__list__item__price__offer__dates\">\n            Von 30\/04\/2026 Bis 04\/05\/2026\n          <\/span>\n          <span class=\"n2r__list__item__price__offer__conditions\">\n            \n          <\/span>\n        <\/div><\/div><\/div>    <\/div>\n  <\/div>\n  <a class=\"n2r__list__item__link\" href=\"https:\/\/www.portcalella.com\/de\/mietobjekte-im-detail\/mieten-wohnung-penya-golosa-calella-de-palafrugell-9016\/?checkin=2026-04-30&#038;checkout=2026-05-04\">Mehr<\/a>\n  <\/div><div class=\"n2r__list__item n2r__clickable   n2r__safeandclean\" data-id=\"9018\">\n  <span class=\"n2r__list__item__label n2r__list__item__label--offer\">Angebot<\/span>  <div class=\"n2r__list__item__gallery n2r__slider\">\n    <div class=\"slide-item\"><img data-lazy=\"https:\/\/files.net2rent.com\/pfiles\/119\/9018\/126089-o-m.jpg\" alt=\"085 ESLORA Apartment Port Pelegr\u00ed Calella De Palafrugell\" title=\"085 ESLORA Apartment Port Pelegr\u00ed Calella De Palafrugell\"><\/div>  <\/div>\n\n  <div class=\"n2r__list__item__info\">\n    <div class=\"n2r__list__item__title\">\n      <h2 class=\"n2r__list__item__name\">\n        <a href=\"https:\/\/www.portcalella.com\/de\/mietobjekte-im-detail\/mieten-wohnung-eslora-calella-de-palafrugell-9018\/?checkin=2026-04-30&#038;checkout=2026-05-04\">Sehr zentrale Wohnung mit gro\u00dfer Terrasse und Parkplatz, nur 150 m vom Strand Port Pelegri in Calella de Palafrugell entfernt.<\/a>\n      <\/h2>\n      <div class=\"n2r__list__item__category\">Touristisch<\/div>    <\/div>\n    <div class=\"n2r__list__item__title\">\n      <div class=\"n2r__list__item__reference\">Ref: 085-E-6<\/div>\n      <div class=\"n2r__list__item__turisticreference\">HUTG-016867-74<\/div>      <div class=\"n2r__list__item__city\">Calella de Palafrugell<\/div>\n              <div class=\"n2r__list__item__rating\">\n          <div class=\"n2r__rating\">\n            <div class=\"n2r__rating__complete\" style=\"width:0%\"><\/div>\n          <\/div>\n        <\/div>\n          <\/div>\n    <div class=\"n2r__list__item__features\">\n      <div class=\"n2r__list__item__feature n2r__list__item__feature--rooms\" title=\"2 zimmer\"><i class=\"n2r_room\"><\/i> 2<\/div><div class=\"n2r__list__item__feature n2r__list__item__feature--capacity\" title=\"6 pax\"><i class=\"n2r_people\"><\/i> 6<\/div><div class=\"n2r__list__item__feature n2r__list__item__feature--bathrooms\" title=\"2 toiletten\"><i class=\"n2r_toilet\"><\/i> 2<\/div><div class=\"n2r__list__item__feature n2r__list__item__feature--terrace\" title=\"terrasse\"><i class=\"n2r_terrace\"><\/i> <\/div><div class=\"n2r__list__item__feature n2r__list__item__feature--parking\" title=\"parkplatz\"><i class=\"n2r_parking\"><\/i> <\/div><div class=\"n2r__list__item__feature n2r__list__item__feature--sea_distance\" title=\"Entfernung zum Meer\"><i class=\"n2r_sea_distance\"><\/i> 150 m<\/div><div class=\"n2r__list__item__feature n2r__list__item__feature--wifi\" title=\"WLAN\"><i class=\"n2r_properties_equipment_wifi\"><\/i> <\/div><div class=\"n2r__list__item__feature n2r__list__item__feature--tv\" title=\"tv\"><i class=\"n2r_properties_equipment_tv\"><\/i> <\/div><div class=\"n2r__list__item__feature n2r__list__item__feature--heating\" title=\"Heizung\"><i class=\"n2r_properties_equipment_heating\"><\/i> <\/div><div class=\"n2r__list__item__feature n2r__list__item__feature--air_conditioning\" title=\"Klimaanlage\"><i class=\"n2r_properties_equipment_air_conditioning\"><\/i> <\/div><div class=\"n2r__list__item__feature n2r__list__item__feature--pets\" title=\"Haustiere erlaubt\"><i class=\"n2r_pets\"><\/i> <\/div>    <\/div>\n    <div class=\"n2r__list__item__description\">Die Wohnung befindet sich im zweiten (und letzten) Stock im Zentrum von Calella de Palafrugell, 150 m vom Strand von Port Pelegr\u00ed und 50 m vom Supermarkt (Spar) entfernt. Das Anwesen ist in zwei Doppelzimmern mit jeweils zwei Einzelbetten aufgeteilt.\r\nDie Wohnung verf\u00fcgt \u00fcber ein komplettes Badezimmer mit Badewanne und einer kleinen Toilette, eine amerikanische K\u00fcche, die zum Esszimmer hin offen ist und mit K\u00fcchenutensilien, Backofen, Elektroherd, Mikrowelle, Toaster, Waschmaschine, Geschirrsp\u00fcler und K\u00fchlschrank mit Gefrierfach ausgestattet ist.\r\nSchlie\u00dflich verf\u00fcgt es \u00fcber ein Wohn-Esszimmer mit einem Schlafsofa (2 Pl\u00e4tze) und Fernseher, Zugang zu einer gro\u00dfen Terrasse mit M\u00f6beln und Blick auf den Kinderspielplatz.<\/div>\n    <div class=\"n2r__list__item__footer\">\n      <div class=\"n2r__list__item__price\"><div class=\"n2r__list__item__price__offers\"><div class=\"n2r__list__item__price__offer\">\n          <span class=\"n2r__list__item__price__offer__amount n2r__list__item__price__offer__amount--original\">450 \u20ac<\/span>\n          <span class=\"n2r__list__item__price__offer__amount\">\n            375 \u20ac\n          <\/span>\n          <span class=\"n2r__list__item__price__offer__dates\">\n            Von 30\/04\/2026 Bis 04\/05\/2026\n          <\/span>\n          <span class=\"n2r__list__item__price__offer__conditions\">\n            \n          <\/span>\n        <\/div><\/div><\/div>    <\/div>\n  <\/div>\n  <a class=\"n2r__list__item__link\" href=\"https:\/\/www.portcalella.com\/de\/mietobjekte-im-detail\/mieten-wohnung-eslora-calella-de-palafrugell-9018\/?checkin=2026-04-30&#038;checkout=2026-05-04\">Mehr<\/a>\n  <\/div><div class=\"n2r__list__item n2r__clickable   n2r__safeandclean\" data-id=\"9058\">\n  <span class=\"n2r__list__item__label n2r__list__item__label--offer\">Angebot<\/span>  <div class=\"n2r__list__item__gallery n2r__slider\">\n    <div class=\"slide-item\"><img data-lazy=\"https:\/\/files.net2rent.com\/pfiles\/119\/9058\/206687-o-m.jpg\" alt=\"049 MIRAMAR Apartment 1\u00aa LINIA Calella De Palafrugell\" title=\"049 MIRAMAR Apartment 1\u00aa LINIA Calella De Palafrugell\"><\/div>  <\/div>\n\n  <div class=\"n2r__list__item__info\">\n    <div class=\"n2r__list__item__title\">\n      <h2 class=\"n2r__list__item__name\">\n        <a href=\"https:\/\/www.portcalella.com\/de\/mietobjekte-im-detail\/mieten-wohnung-miramar-calella-de-palafrugell-9058\/?checkin=2026-04-30&#038;checkout=2026-05-04\">Apartment in erster Meereslinie am Voltes de Calella de Palafrugell<\/a>\n      <\/h2>\n      <div class=\"n2r__list__item__category\">Touristisch<\/div>    <\/div>\n    <div class=\"n2r__list__item__title\">\n      <div class=\"n2r__list__item__reference\">Ref: 049<\/div>\n      <div class=\"n2r__list__item__turisticreference\">HUTG-016569-94<\/div>      <div class=\"n2r__list__item__city\">Calella de Palafrugell<\/div>\n              <div class=\"n2r__list__item__rating\">\n          <div class=\"n2r__rating\">\n            <div class=\"n2r__rating__complete\" style=\"width:85%\"><\/div>\n          <\/div>\n        <\/div>\n          <\/div>\n    <div class=\"n2r__list__item__features\">\n      <div class=\"n2r__list__item__feature n2r__list__item__feature--rooms\" title=\"3 zimmer\"><i class=\"n2r_room\"><\/i> 3<\/div><div class=\"n2r__list__item__feature n2r__list__item__feature--capacity\" title=\"6 pax\"><i class=\"n2r_people\"><\/i> 6<\/div><div class=\"n2r__list__item__feature n2r__list__item__feature--bathrooms\" title=\"1 toiletten\"><i class=\"n2r_toilet\"><\/i> 1<\/div><div class=\"n2r__list__item__feature n2r__list__item__feature--sea_distance\" title=\"Entfernung zum Meer\"><i class=\"n2r_sea_distance\"><\/i> 0 m<\/div><div class=\"n2r__list__item__feature n2r__list__item__feature--wifi\" title=\"WLAN\"><i class=\"n2r_properties_equipment_wifi\"><\/i> <\/div><div class=\"n2r__list__item__feature n2r__list__item__feature--tv\" title=\"tv\"><i class=\"n2r_properties_equipment_tv\"><\/i> <\/div><div class=\"n2r__list__item__feature n2r__list__item__feature--heating\" title=\"Heizung\"><i class=\"n2r_properties_equipment_heating\"><\/i> <\/div>    <\/div>\n    <div class=\"n2r__list__item__description\">Am Sandstrand von Port-Bo befindet sich diese komfortable Ferienwohnung unterhalb der ber\u00fchmten Voltes de Calella de Palafrugell an der Costa Brava. Mit direktem Zugang zum Strand verf\u00fcgt es \u00fcber drei Schlafzimmer, eines mit Doppelbett, das andere mit Etagenbett und ein drittes mit Einzelbett. Im Esszimmer gibt es ein Schlafsofa und einen Fernseher. Das Badezimmer mit Dusche und K\u00fcche ist mit einer Waschmaschine, einem Geschirrsp\u00fcler, einem K\u00fchlschrank, einer Mikrowelle, einem Cerankochfeld und einem Backofen ausgestattet. Die Wohnung verf\u00fcgt \u00fcber kostenfreies Wi-Fi. Seine Lage ist eine der besten in Calella de Palafrugell, im Zentrum des Dorfes und 1 Minute zu Fu\u00df von Restaurants und kleinen Gesch\u00e4ften in der Umgebung und in einer Sommer- und Strandatmosph\u00e4re an der Costa Brava.ACHTUNG! : An den 5 Tagen vor und 3 Tagen nach dem ersten Samstag im Juli findet der Auf- und Abbau der St\u00e4nde des Havaneras-Festivals in Calella de Palafrugell statt. Daher wird der Wochenpreis den Umst\u00e4nden entsprechend reduziert.\r\n\r\n\u00a0\r\n\u00a0\r\n<\/div>\n    <div class=\"n2r__list__item__footer\">\n      <div class=\"n2r__list__item__price\"><div class=\"n2r__list__item__price__offers\"><div class=\"n2r__list__item__price__offer\">\n          <span class=\"n2r__list__item__price__offer__amount n2r__list__item__price__offer__amount--original\">650 \u20ac<\/span>\n          <span class=\"n2r__list__item__price__offer__amount\">\n            510 \u20ac\n          <\/span>\n          <span class=\"n2r__list__item__price__offer__dates\">\n            Von 30\/04\/2026 Bis 04\/05\/2026\n          <\/span>\n          <span class=\"n2r__list__item__price__offer__conditions\">\n            \n          <\/span>\n        <\/div><\/div><\/div>    <\/div>\n  <\/div>\n  <a class=\"n2r__list__item__link\" href=\"https:\/\/www.portcalella.com\/de\/mietobjekte-im-detail\/mieten-wohnung-miramar-calella-de-palafrugell-9058\/?checkin=2026-04-30&#038;checkout=2026-05-04\">Mehr<\/a>\n  <\/div><div class=\"n2r__list__item n2r__clickable   n2r__safeandclean\" data-id=\"16836\">\n  <span class=\"n2r__list__item__label n2r__list__item__label--offer\">Angebot<\/span>  <div class=\"n2r__list__item__gallery n2r__slider\">\n    <div class=\"slide-item\"><img data-lazy=\"https:\/\/files.net2rent.com\/pfiles\/119\/16836\/363214-o-m.jpg\" alt=\"047P Puig de l&#039;Artiga Apartment PUIG DE L&#039;ARTIGA - SANT ROC Calella de Palafrugell\" title=\"047P Puig de l&#039;Artiga Apartment PUIG DE L&#039;ARTIGA - SANT ROC Calella de Palafrugell\"><\/div>  <\/div>\n\n  <div class=\"n2r__list__item__info\">\n    <div class=\"n2r__list__item__title\">\n      <h2 class=\"n2r__list__item__name\">\n        <a href=\"https:\/\/www.portcalella.com\/de\/mietobjekte-im-detail\/mieten-wohnung-puig-de-l-artiga-calella-de-palafrugell-16836\/?checkin=2026-04-30&#038;checkout=2026-05-04\">Apartment mit Meerblick, gro\u00dfer Terrasse, Parkplatz, Pool und Tennis in Calella de Palafrugell<\/a>\n      <\/h2>\n          <\/div>\n    <div class=\"n2r__list__item__title\">\n      <div class=\"n2r__list__item__reference\">Ref: 047P<\/div>\n      <div class=\"n2r__list__item__turisticreference\">HUTG-067562-18<\/div>      <div class=\"n2r__list__item__city\">Calella de Palafrugell<\/div>\n              <div class=\"n2r__list__item__rating\">\n          <div class=\"n2r__rating\">\n            <div class=\"n2r__rating__complete\" style=\"width:100%\"><\/div>\n          <\/div>\n        <\/div>\n          <\/div>\n    <div class=\"n2r__list__item__features\">\n      <div class=\"n2r__list__item__feature n2r__list__item__feature--rooms\" title=\"3 zimmer\"><i class=\"n2r_room\"><\/i> 3<\/div><div class=\"n2r__list__item__feature n2r__list__item__feature--capacity\" title=\"6 pax\"><i class=\"n2r_people\"><\/i> 6<\/div><div class=\"n2r__list__item__feature n2r__list__item__feature--bathrooms\" title=\"2 toiletten\"><i class=\"n2r_toilet\"><\/i> 2<\/div><div class=\"n2r__list__item__feature n2r__list__item__feature--terrace\" title=\"terrasse\"><i class=\"n2r_terrace\"><\/i> <\/div><div class=\"n2r__list__item__feature n2r__list__item__feature--parking\" title=\"parkplatz\"><i class=\"n2r_parking\"><\/i> <\/div><div class=\"n2r__list__item__feature n2r__list__item__feature--sea_distance\" title=\"Entfernung zum Meer\"><i class=\"n2r_sea_distance\"><\/i> 500 m<\/div><div class=\"n2r__list__item__feature n2r__list__item__feature--pool\" title=\"Schwimmbad\"><i class=\"n2r_swimming_pool\"><\/i> <\/div><div class=\"n2r__list__item__feature n2r__list__item__feature--wifi\" title=\"WLAN\"><i class=\"n2r_properties_equipment_wifi\"><\/i> <\/div><div class=\"n2r__list__item__feature n2r__list__item__feature--tv\" title=\"tv\"><i class=\"n2r_properties_equipment_tv\"><\/i> <\/div>    <\/div>\n    <div class=\"n2r__list__item__description\">Apartment mit wundersch\u00f6nem Meerblick, innerhalb einer Gemeinschaft mit famili\u00e4rer Atmosph\u00e4re, die \u00fcber einen gro\u00dfen Gemeinschaftspool mit Gartenbereich und Tennisplatz verf\u00fcgt.\r\n\u00a0\r\nDie Wohnung befindet sich im ersten Stock und besteht aus drei Doppelzimmern mit jeweils zwei Einzelbetten, zwei Badezimmern, eines mit Dusche und das andere mit Badewanne, sowie einer gro\u00dfen K\u00fcche.\r\n\u00a0\r\nAls n\u00e4chstes finden wir ein ger\u00e4umiges Esszimmer mit direktem Zugang zur gro\u00dfen Terrasse, wo Sie die spektakul\u00e4re Aussicht auf das Meer genie\u00dfen k\u00f6nnen.<\/div>\n    <div class=\"n2r__list__item__footer\">\n      <div class=\"n2r__list__item__price\"><div class=\"n2r__list__item__price__offers\"><div class=\"n2r__list__item__price__offer\">\n          <span class=\"n2r__list__item__price__offer__amount n2r__list__item__price__offer__amount--original\">1.075 \u20ac<\/span>\n          <span class=\"n2r__list__item__price__offer__amount\">\n            525 \u20ac\n          <\/span>\n          <span class=\"n2r__list__item__price__offer__dates\">\n            Von 30\/04\/2026 Bis 04\/05\/2026\n          <\/span>\n          <span class=\"n2r__list__item__price__offer__conditions\">\n            \n          <\/span>\n        <\/div><\/div><\/div>    <\/div>\n  <\/div>\n  <a class=\"n2r__list__item__link\" href=\"https:\/\/www.portcalella.com\/de\/mietobjekte-im-detail\/mieten-wohnung-puig-de-l-artiga-calella-de-palafrugell-16836\/?checkin=2026-04-30&#038;checkout=2026-05-04\">Mehr<\/a>\n  <\/div><div class=\"n2r__list__item n2r__clickable   n2r__safeandclean\" data-id=\"16845\">\n  <span class=\"n2r__list__item__label n2r__list__item__label--offer\">Angebot<\/span><span class=\"n2r__list__item__icon n2r__list__item__icon--withvideo\" title=\"Mit Video\"><i class=\"fas fa-video\"><\/i><\/span>  <div class=\"n2r__list__item__gallery n2r__slider\">\n    <div class=\"slide-item\"><img data-lazy=\"https:\/\/img.youtube.com\/vi\/GJbm3Q1XkZI\/0.jpg\" alt=\"058E ESTRABAU Dachgeschosswohnung   Calella de Palafrugell\" title=\"058E ESTRABAU Dachgeschosswohnung   Calella de Palafrugell\"><\/div>  <\/div>\n\n  <div class=\"n2r__list__item__info\">\n    <div class=\"n2r__list__item__title\">\n      <h2 class=\"n2r__list__item__name\">\n        <a href=\"https:\/\/www.portcalella.com\/de\/mietobjekte-im-detail\/mieten-dachboden-estrabau-calella-de-palafrugell-16845\/?checkin=2026-04-30&#038;checkout=2026-05-04\">ESTRABAU<\/a>\n      <\/h2>\n          <\/div>\n    <div class=\"n2r__list__item__title\">\n      <div class=\"n2r__list__item__reference\">Ref: 058E<\/div>\n      <div class=\"n2r__list__item__turisticreference\">HUTG-070267-94<\/div>      <div class=\"n2r__list__item__city\">Calella de Palafrugell<\/div>\n              <div class=\"n2r__list__item__rating\">\n          <div class=\"n2r__rating\">\n            <div class=\"n2r__rating__complete\" style=\"width:90%\"><\/div>\n          <\/div>\n        <\/div>\n          <\/div>\n    <div class=\"n2r__list__item__features\">\n      <div class=\"n2r__list__item__feature n2r__list__item__feature--rooms\" title=\"4 zimmer\"><i class=\"n2r_room\"><\/i> 4<\/div><div class=\"n2r__list__item__feature n2r__list__item__feature--capacity\" title=\"8 pax\"><i class=\"n2r_people\"><\/i> 8<\/div><div class=\"n2r__list__item__feature n2r__list__item__feature--bathrooms\" title=\"3 toiletten\"><i class=\"n2r_toilet\"><\/i> 3<\/div><div class=\"n2r__list__item__feature n2r__list__item__feature--terrace\" title=\"terrasse\"><i class=\"n2r_terrace\"><\/i> <\/div><div class=\"n2r__list__item__feature n2r__list__item__feature--parking\" title=\"parkplatz\"><i class=\"n2r_parking\"><\/i> <\/div><div class=\"n2r__list__item__feature n2r__list__item__feature--sea_distance\" title=\"Entfernung zum Meer\"><i class=\"n2r_sea_distance\"><\/i> 20 m<\/div><div class=\"n2r__list__item__feature n2r__list__item__feature--wifi\" title=\"WLAN\"><i class=\"n2r_properties_equipment_wifi\"><\/i> <\/div><div class=\"n2r__list__item__feature n2r__list__item__feature--tv\" title=\"tv\"><i class=\"n2r_properties_equipment_tv\"><\/i> <\/div><div class=\"n2r__list__item__feature n2r__list__item__feature--air_conditioning\" title=\"Klimaanlage\"><i class=\"n2r_properties_equipment_air_conditioning\"><\/i> <\/div>    <\/div>\n    <div class=\"n2r__list__item__description\"><\/div>\n    <div class=\"n2r__list__item__footer\">\n      <div class=\"n2r__list__item__price\"><div class=\"n2r__list__item__price__offers\"><div class=\"n2r__list__item__price__offer\">\n          <span class=\"n2r__list__item__price__offer__amount n2r__list__item__price__offer__amount--original\">1.065 \u20ac<\/span>\n          <span class=\"n2r__list__item__price__offer__amount\">\n            925 \u20ac\n          <\/span>\n          <span class=\"n2r__list__item__price__offer__dates\">\n            Von 30\/04\/2026 Bis 04\/05\/2026\n          <\/span>\n          <span class=\"n2r__list__item__price__offer__conditions\">\n            \n          <\/span>\n        <\/div><\/div><\/div>    <\/div>\n  <\/div>\n  <a class=\"n2r__list__item__link\" href=\"https:\/\/www.portcalella.com\/de\/mietobjekte-im-detail\/mieten-dachboden-estrabau-calella-de-palafrugell-16845\/?checkin=2026-04-30&#038;checkout=2026-05-04\">Mehr<\/a>\n  <\/div>    <\/div>\n    <div class=\"n2r__list__map \">\n  <div class=\"n2r__sticky\">\n    <div id=\"n2r__list__map__googlemaps\" class=\"n2r__googlemaps\" data-n2r-scrollwheel=\"0\" data-n2r-markerclustererimage=\"https:\/\/www.portcalella.com\/wp-content\/plugins\/net2rent-wp-plugin\/\/assets\/js\/googlemaps\/images\/m\"   data-n2r-markerimage=\"https:\/\/www.portcalella.com\/wp-content\/plugins\/net2rent-wp-plugin\/\/assets\/images\/map_position.png\" data-n2r-markers=\"[{&quot;id&quot;:&quot;8981&quot;,&quot;latitude&quot;:41.889220999999999,&quot;longitude&quot;:3.181041,&quot;link&quot;:&quot;https:\\\/\\\/www.portcalella.com\\\/de\\\/mietobjekte-im-detail\\\/mieten-wohnung-penya-golosa-calella-de-palafrugell-8981\\\/?checkin=2026-04-30&amp;checkout=2026-05-04&quot;,&quot;infoWindow&quot;:{&quot;image&quot;:&quot;https:\\\/\\\/files.net2rent.com\\\/pfiles\\\/119\\\/8981\\\/112110-o-m.jpg&quot;,&quot;title&quot;:&quot;Zentrale Wohnung mit Gemeinschaftspool und Tennis in der N\\u00e4he des Strandes von Port Pelegri in Calella de Palafrugell&quot;,&quot;description&quot;:&quot;\\u003Cdiv\\u003E\\u003Cdiv class=\\&quot;n2r__list__item__feature n2r__list__item__feature--rooms\\&quot; title=\\&quot;2 zimmer\\&quot;\\u003E\\u003Ci class=\\&quot;n2r_room\\&quot;\\u003E\\u003C\\\/i\\u003E 2\\u003C\\\/div\\u003E\\u003Cdiv class=\\&quot;n2r__list__item__feature n2r__list__item__feature--capacity\\&quot; title=\\&quot;5 pax\\&quot;\\u003E\\u003Ci class=\\&quot;n2r_people\\&quot;\\u003E\\u003C\\\/i\\u003E 5\\u003C\\\/div\\u003E\\u003C\\\/div\\u003E\\u003Cdiv\\u003E\\u003Cdiv class=\\&quot;n2r__list__item__price\\&quot;\\u003E\\u003Cdiv class=\\&quot;n2r__list__item__price__offers\\&quot;\\u003E\\u003Cdiv class=\\&quot;n2r__list__item__price__offer\\&quot;\\u003E\\n          \\u003Cspan class=\\&quot;n2r__list__item__price__offer__amount n2r__list__item__price__offer__amount--original\\&quot;\\u003E485 \\u20ac\\u003C\\\/span\\u003E\\n          \\u003Cspan class=\\&quot;n2r__list__item__price__offer__amount\\&quot;\\u003E\\n            395 \\u20ac\\n          \\u003C\\\/span\\u003E\\n          \\u003Cspan class=\\&quot;n2r__list__item__price__offer__dates\\&quot;\\u003E\\n            Von 30\\\/04\\\/2026 Bis 04\\\/05\\\/2026\\n          \\u003C\\\/span\\u003E\\n          \\u003Cspan class=\\&quot;n2r__list__item__price__offer__conditions\\&quot;\\u003E\\n            \\n          \\u003C\\\/span\\u003E\\n        \\u003C\\\/div\\u003E\\u003C\\\/div\\u003E\\u003C\\\/div\\u003E\\u003C\\\/div\\u003E&quot;}},{&quot;id&quot;:&quot;8987&quot;,&quot;latitude&quot;:41.892924999999998,&quot;longitude&quot;:3.1902550000000001,&quot;link&quot;:&quot;https:\\\/\\\/www.portcalella.com\\\/de\\\/mietobjekte-im-detail\\\/mieten-wohnung-punta-d-en-blanc-llafranc-llafranc-8987\\\/?checkin=2026-04-30&amp;checkout=2026-05-04&quot;,&quot;infoWindow&quot;:{&quot;image&quot;:&quot;https:\\\/\\\/files.net2rent.com\\\/pfiles\\\/119\\\/8987\\\/574974-wM-o-m.jpg&quot;,&quot;title&quot;:&quot;Ferienwohnung in Llafranc mit Pool, Terrasse und nur 250\\u202fm vom Strand entfernt&quot;,&quot;description&quot;:&quot;\\u003Cdiv\\u003E\\u003Cdiv class=\\&quot;n2r__list__item__feature n2r__list__item__feature--rooms\\&quot; title=\\&quot;2 zimmer\\&quot;\\u003E\\u003Ci class=\\&quot;n2r_room\\&quot;\\u003E\\u003C\\\/i\\u003E 2\\u003C\\\/div\\u003E\\u003Cdiv class=\\&quot;n2r__list__item__feature n2r__list__item__feature--capacity\\&quot; title=\\&quot;5 pax\\&quot;\\u003E\\u003Ci class=\\&quot;n2r_people\\&quot;\\u003E\\u003C\\\/i\\u003E 5\\u003C\\\/div\\u003E\\u003C\\\/div\\u003E\\u003Cdiv\\u003E\\u003Cdiv class=\\&quot;n2r__list__item__price\\&quot;\\u003E\\u003Cdiv class=\\&quot;n2r__list__item__price__offers\\&quot;\\u003E\\u003Cdiv class=\\&quot;n2r__list__item__price__offer\\&quot;\\u003E\\n          \\u003Cspan class=\\&quot;n2r__list__item__price__offer__amount n2r__list__item__price__offer__amount--original\\&quot;\\u003E525 \\u20ac\\u003C\\\/span\\u003E\\n          \\u003Cspan class=\\&quot;n2r__list__item__price__offer__amount\\&quot;\\u003E\\n            415 \\u20ac\\n          \\u003C\\\/span\\u003E\\n          \\u003Cspan class=\\&quot;n2r__list__item__price__offer__dates\\&quot;\\u003E\\n            Von 30\\\/04\\\/2026 Bis 04\\\/05\\\/2026\\n          \\u003C\\\/span\\u003E\\n          \\u003Cspan class=\\&quot;n2r__list__item__price__offer__conditions\\&quot;\\u003E\\n            \\n          \\u003C\\\/span\\u003E\\n        \\u003C\\\/div\\u003E\\u003C\\\/div\\u003E\\u003C\\\/div\\u003E\\u003C\\\/div\\u003E&quot;}},{&quot;id&quot;:&quot;9000&quot;,&quot;latitude&quot;:41.887852000000002,&quot;longitude&quot;:3.182382,&quot;link&quot;:&quot;https:\\\/\\\/www.portcalella.com\\\/de\\\/mietobjekte-im-detail\\\/mieten-dachboden-can-fina-duplex-calella-de-palafrugell-9000\\\/?checkin=2026-04-30&amp;checkout=2026-05-04&quot;,&quot;infoWindow&quot;:{&quot;image&quot;:&quot;https:\\\/\\\/files.net2rent.com\\\/pfiles\\\/119\\\/9000\\\/309121-o-m.jpg&quot;,&quot;title&quot;:&quot;Duplex-Penthouse mit Meerblick, vor dem Strand Port Pelegri in Calella de Palafrugell&quot;,&quot;description&quot;:&quot;\\u003Cdiv\\u003E\\u003Cdiv class=\\&quot;n2r__list__item__feature n2r__list__item__feature--rooms\\&quot; title=\\&quot;2 zimmer\\&quot;\\u003E\\u003Ci class=\\&quot;n2r_room\\&quot;\\u003E\\u003C\\\/i\\u003E 2\\u003C\\\/div\\u003E\\u003Cdiv class=\\&quot;n2r__list__item__feature n2r__list__item__feature--capacity\\&quot; title=\\&quot;6 pax\\&quot;\\u003E\\u003Ci class=\\&quot;n2r_people\\&quot;\\u003E\\u003C\\\/i\\u003E 6\\u003C\\\/div\\u003E\\u003C\\\/div\\u003E\\u003Cdiv\\u003E\\u003Cdiv class=\\&quot;n2r__list__item__price\\&quot;\\u003E\\u003Cdiv class=\\&quot;n2r__list__item__price__offers\\&quot;\\u003E\\u003Cdiv class=\\&quot;n2r__list__item__price__offer\\&quot;\\u003E\\n          \\u003Cspan class=\\&quot;n2r__list__item__price__offer__amount n2r__list__item__price__offer__amount--original\\&quot;\\u003E585 \\u20ac\\u003C\\\/span\\u003E\\n          \\u003Cspan class=\\&quot;n2r__list__item__price__offer__amount\\&quot;\\u003E\\n            475 \\u20ac\\n          \\u003C\\\/span\\u003E\\n          \\u003Cspan class=\\&quot;n2r__list__item__price__offer__dates\\&quot;\\u003E\\n            Von 30\\\/04\\\/2026 Bis 04\\\/05\\\/2026\\n          \\u003C\\\/span\\u003E\\n          \\u003Cspan class=\\&quot;n2r__list__item__price__offer__conditions\\&quot;\\u003E\\n            \\n          \\u003C\\\/span\\u003E\\n        \\u003C\\\/div\\u003E\\u003C\\\/div\\u003E\\u003C\\\/div\\u003E\\u003C\\\/div\\u003E&quot;}},{&quot;id&quot;:&quot;9016&quot;,&quot;latitude&quot;:41.888748,&quot;longitude&quot;:3.1816420000000001,&quot;link&quot;:&quot;https:\\\/\\\/www.portcalella.com\\\/de\\\/mietobjekte-im-detail\\\/mieten-wohnung-penya-golosa-calella-de-palafrugell-9016\\\/?checkin=2026-04-30&amp;checkout=2026-05-04&quot;,&quot;infoWindow&quot;:{&quot;image&quot;:&quot;https:\\\/\\\/files.net2rent.com\\\/pfiles\\\/119\\\/9016\\\/475136-o-m.jpg&quot;,&quot;title&quot;:&quot;Erdgeschoss mit gro\\u00dfer Terrasse, Gemeinschaftspool und Tennisplatz, nur 175 m vom Strand von Port Pelegri in Calella de Palafrugell entfernt&quot;,&quot;description&quot;:&quot;\\u003Cdiv\\u003E\\u003Cdiv class=\\&quot;n2r__list__item__feature n2r__list__item__feature--rooms\\&quot; title=\\&quot;2 zimmer\\&quot;\\u003E\\u003Ci class=\\&quot;n2r_room\\&quot;\\u003E\\u003C\\\/i\\u003E 2\\u003C\\\/div\\u003E\\u003Cdiv class=\\&quot;n2r__list__item__feature n2r__list__item__feature--capacity\\&quot; title=\\&quot;5 pax\\&quot;\\u003E\\u003Ci class=\\&quot;n2r_people\\&quot;\\u003E\\u003C\\\/i\\u003E 5\\u003C\\\/div\\u003E\\u003C\\\/div\\u003E\\u003Cdiv\\u003E\\u003Cdiv class=\\&quot;n2r__list__item__price\\&quot;\\u003E\\u003Cdiv class=\\&quot;n2r__list__item__price__offers\\&quot;\\u003E\\u003Cdiv class=\\&quot;n2r__list__item__price__offer\\&quot;\\u003E\\n          \\u003Cspan class=\\&quot;n2r__list__item__price__offer__amount n2r__list__item__price__offer__amount--original\\&quot;\\u003E495 \\u20ac\\u003C\\\/span\\u003E\\n          \\u003Cspan class=\\&quot;n2r__list__item__price__offer__amount\\&quot;\\u003E\\n            425 \\u20ac\\n          \\u003C\\\/span\\u003E\\n          \\u003Cspan class=\\&quot;n2r__list__item__price__offer__dates\\&quot;\\u003E\\n            Von 30\\\/04\\\/2026 Bis 04\\\/05\\\/2026\\n          \\u003C\\\/span\\u003E\\n          \\u003Cspan class=\\&quot;n2r__list__item__price__offer__conditions\\&quot;\\u003E\\n            \\n          \\u003C\\\/span\\u003E\\n        \\u003C\\\/div\\u003E\\u003C\\\/div\\u003E\\u003C\\\/div\\u003E\\u003C\\\/div\\u003E&quot;}},{&quot;id&quot;:&quot;9018&quot;,&quot;latitude&quot;:41.888064999999997,&quot;longitude&quot;:3.1815989999999998,&quot;link&quot;:&quot;https:\\\/\\\/www.portcalella.com\\\/de\\\/mietobjekte-im-detail\\\/mieten-wohnung-eslora-calella-de-palafrugell-9018\\\/?checkin=2026-04-30&amp;checkout=2026-05-04&quot;,&quot;infoWindow&quot;:{&quot;image&quot;:&quot;https:\\\/\\\/files.net2rent.com\\\/pfiles\\\/119\\\/9018\\\/126089-o-m.jpg&quot;,&quot;title&quot;:&quot;Sehr zentrale Wohnung mit gro\\u00dfer Terrasse und Parkplatz, nur 150 m vom Strand Port Pelegri in Calella de Palafrugell entfernt.&quot;,&quot;description&quot;:&quot;\\u003Cdiv\\u003E\\u003Cdiv class=\\&quot;n2r__list__item__feature n2r__list__item__feature--rooms\\&quot; title=\\&quot;2 zimmer\\&quot;\\u003E\\u003Ci class=\\&quot;n2r_room\\&quot;\\u003E\\u003C\\\/i\\u003E 2\\u003C\\\/div\\u003E\\u003Cdiv class=\\&quot;n2r__list__item__feature n2r__list__item__feature--capacity\\&quot; title=\\&quot;6 pax\\&quot;\\u003E\\u003Ci class=\\&quot;n2r_people\\&quot;\\u003E\\u003C\\\/i\\u003E 6\\u003C\\\/div\\u003E\\u003C\\\/div\\u003E\\u003Cdiv\\u003E\\u003Cdiv class=\\&quot;n2r__list__item__price\\&quot;\\u003E\\u003Cdiv class=\\&quot;n2r__list__item__price__offers\\&quot;\\u003E\\u003Cdiv class=\\&quot;n2r__list__item__price__offer\\&quot;\\u003E\\n          \\u003Cspan class=\\&quot;n2r__list__item__price__offer__amount n2r__list__item__price__offer__amount--original\\&quot;\\u003E450 \\u20ac\\u003C\\\/span\\u003E\\n          \\u003Cspan class=\\&quot;n2r__list__item__price__offer__amount\\&quot;\\u003E\\n            375 \\u20ac\\n          \\u003C\\\/span\\u003E\\n          \\u003Cspan class=\\&quot;n2r__list__item__price__offer__dates\\&quot;\\u003E\\n            Von 30\\\/04\\\/2026 Bis 04\\\/05\\\/2026\\n          \\u003C\\\/span\\u003E\\n          \\u003Cspan class=\\&quot;n2r__list__item__price__offer__conditions\\&quot;\\u003E\\n            \\n          \\u003C\\\/span\\u003E\\n        \\u003C\\\/div\\u003E\\u003C\\\/div\\u003E\\u003C\\\/div\\u003E\\u003C\\\/div\\u003E&quot;}},{&quot;id&quot;:&quot;9058&quot;,&quot;latitude&quot;:41.888466000000001,&quot;longitude&quot;:3.185276,&quot;link&quot;:&quot;https:\\\/\\\/www.portcalella.com\\\/de\\\/mietobjekte-im-detail\\\/mieten-wohnung-miramar-calella-de-palafrugell-9058\\\/?checkin=2026-04-30&amp;checkout=2026-05-04&quot;,&quot;infoWindow&quot;:{&quot;image&quot;:&quot;https:\\\/\\\/files.net2rent.com\\\/pfiles\\\/119\\\/9058\\\/206687-o-m.jpg&quot;,&quot;title&quot;:&quot;Apartment in erster Meereslinie am Voltes de Calella de Palafrugell&quot;,&quot;description&quot;:&quot;\\u003Cdiv\\u003E\\u003Cdiv class=\\&quot;n2r__list__item__feature n2r__list__item__feature--rooms\\&quot; title=\\&quot;3 zimmer\\&quot;\\u003E\\u003Ci class=\\&quot;n2r_room\\&quot;\\u003E\\u003C\\\/i\\u003E 3\\u003C\\\/div\\u003E\\u003Cdiv class=\\&quot;n2r__list__item__feature n2r__list__item__feature--capacity\\&quot; title=\\&quot;6 pax\\&quot;\\u003E\\u003Ci class=\\&quot;n2r_people\\&quot;\\u003E\\u003C\\\/i\\u003E 6\\u003C\\\/div\\u003E\\u003C\\\/div\\u003E\\u003Cdiv\\u003E\\u003Cdiv class=\\&quot;n2r__list__item__price\\&quot;\\u003E\\u003Cdiv class=\\&quot;n2r__list__item__price__offers\\&quot;\\u003E\\u003Cdiv class=\\&quot;n2r__list__item__price__offer\\&quot;\\u003E\\n          \\u003Cspan class=\\&quot;n2r__list__item__price__offer__amount n2r__list__item__price__offer__amount--original\\&quot;\\u003E650 \\u20ac\\u003C\\\/span\\u003E\\n          \\u003Cspan class=\\&quot;n2r__list__item__price__offer__amount\\&quot;\\u003E\\n            510 \\u20ac\\n          \\u003C\\\/span\\u003E\\n          \\u003Cspan class=\\&quot;n2r__list__item__price__offer__dates\\&quot;\\u003E\\n            Von 30\\\/04\\\/2026 Bis 04\\\/05\\\/2026\\n          \\u003C\\\/span\\u003E\\n          \\u003Cspan class=\\&quot;n2r__list__item__price__offer__conditions\\&quot;\\u003E\\n            \\n          \\u003C\\\/span\\u003E\\n        \\u003C\\\/div\\u003E\\u003C\\\/div\\u003E\\u003C\\\/div\\u003E\\u003C\\\/div\\u003E&quot;}},{&quot;id&quot;:&quot;16836&quot;,&quot;latitude&quot;:41.887431999999997,&quot;longitude&quot;:3.1774740000000001,&quot;link&quot;:&quot;https:\\\/\\\/www.portcalella.com\\\/de\\\/mietobjekte-im-detail\\\/mieten-wohnung-puig-de-l-artiga-calella-de-palafrugell-16836\\\/?checkin=2026-04-30&amp;checkout=2026-05-04&quot;,&quot;infoWindow&quot;:{&quot;image&quot;:&quot;https:\\\/\\\/files.net2rent.com\\\/pfiles\\\/119\\\/16836\\\/363214-o-m.jpg&quot;,&quot;title&quot;:&quot;Apartment mit Meerblick, gro\\u00dfer Terrasse, Parkplatz, Pool und Tennis in Calella de Palafrugell&quot;,&quot;description&quot;:&quot;\\u003Cdiv\\u003E\\u003Cdiv class=\\&quot;n2r__list__item__feature n2r__list__item__feature--rooms\\&quot; title=\\&quot;3 zimmer\\&quot;\\u003E\\u003Ci class=\\&quot;n2r_room\\&quot;\\u003E\\u003C\\\/i\\u003E 3\\u003C\\\/div\\u003E\\u003Cdiv class=\\&quot;n2r__list__item__feature n2r__list__item__feature--capacity\\&quot; title=\\&quot;6 pax\\&quot;\\u003E\\u003Ci class=\\&quot;n2r_people\\&quot;\\u003E\\u003C\\\/i\\u003E 6\\u003C\\\/div\\u003E\\u003C\\\/div\\u003E\\u003Cdiv\\u003E\\u003Cdiv class=\\&quot;n2r__list__item__price\\&quot;\\u003E\\u003Cdiv class=\\&quot;n2r__list__item__price__offers\\&quot;\\u003E\\u003Cdiv class=\\&quot;n2r__list__item__price__offer\\&quot;\\u003E\\n          \\u003Cspan class=\\&quot;n2r__list__item__price__offer__amount n2r__list__item__price__offer__amount--original\\&quot;\\u003E1.075 \\u20ac\\u003C\\\/span\\u003E\\n          \\u003Cspan class=\\&quot;n2r__list__item__price__offer__amount\\&quot;\\u003E\\n            525 \\u20ac\\n          \\u003C\\\/span\\u003E\\n          \\u003Cspan class=\\&quot;n2r__list__item__price__offer__dates\\&quot;\\u003E\\n            Von 30\\\/04\\\/2026 Bis 04\\\/05\\\/2026\\n          \\u003C\\\/span\\u003E\\n          \\u003Cspan class=\\&quot;n2r__list__item__price__offer__conditions\\&quot;\\u003E\\n            \\n          \\u003C\\\/span\\u003E\\n        \\u003C\\\/div\\u003E\\u003C\\\/div\\u003E\\u003C\\\/div\\u003E\\u003C\\\/div\\u003E&quot;}},{&quot;id&quot;:&quot;16845&quot;,&quot;latitude&quot;:41.888058000000001,&quot;longitude&quot;:3.1830189999999998,&quot;link&quot;:&quot;https:\\\/\\\/www.portcalella.com\\\/de\\\/mietobjekte-im-detail\\\/mieten-dachboden-estrabau-calella-de-palafrugell-16845\\\/?checkin=2026-04-30&amp;checkout=2026-05-04&quot;,&quot;infoWindow&quot;:{&quot;image&quot;:&quot;https:\\\/\\\/img.youtube.com\\\/vi\\\/GJbm3Q1XkZI\\\/0.jpg&quot;,&quot;title&quot;:null,&quot;description&quot;:&quot;\\u003Cdiv\\u003E\\u003Cdiv class=\\&quot;n2r__list__item__feature n2r__list__item__feature--rooms\\&quot; title=\\&quot;4 zimmer\\&quot;\\u003E\\u003Ci class=\\&quot;n2r_room\\&quot;\\u003E\\u003C\\\/i\\u003E 4\\u003C\\\/div\\u003E\\u003Cdiv class=\\&quot;n2r__list__item__feature n2r__list__item__feature--capacity\\&quot; title=\\&quot;8 pax\\&quot;\\u003E\\u003Ci class=\\&quot;n2r_people\\&quot;\\u003E\\u003C\\\/i\\u003E 8\\u003C\\\/div\\u003E\\u003C\\\/div\\u003E\\u003Cdiv\\u003E\\u003Cdiv class=\\&quot;n2r__list__item__price\\&quot;\\u003E\\u003Cdiv class=\\&quot;n2r__list__item__price__offers\\&quot;\\u003E\\u003Cdiv class=\\&quot;n2r__list__item__price__offer\\&quot;\\u003E\\n          \\u003Cspan class=\\&quot;n2r__list__item__price__offer__amount n2r__list__item__price__offer__amount--original\\&quot;\\u003E1.065 \\u20ac\\u003C\\\/span\\u003E\\n          \\u003Cspan class=\\&quot;n2r__list__item__price__offer__amount\\&quot;\\u003E\\n            925 \\u20ac\\n          \\u003C\\\/span\\u003E\\n          \\u003Cspan class=\\&quot;n2r__list__item__price__offer__dates\\&quot;\\u003E\\n            Von 30\\\/04\\\/2026 Bis 04\\\/05\\\/2026\\n          \\u003C\\\/span\\u003E\\n          \\u003Cspan class=\\&quot;n2r__list__item__price__offer__conditions\\&quot;\\u003E\\n            \\n          \\u003C\\\/span\\u003E\\n        \\u003C\\\/div\\u003E\\u003C\\\/div\\u003E\\u003C\\\/div\\u003E\\u003C\\\/div\\u003E&quot;}}]\" ><\/div>\n  <\/div>\n\n<\/div>  <\/div>\n  <div class=\"n2r__pagination\">\n  <div class=\"n2r__pagination__summary\">\n    8 Resultados    -\n    Seite 1 von 1  <\/div>\n  <div class=\"separator\"><\/div>\n  <\/div><\/div><\/div>\n\t\t\t\t\t\t<\/div>\n\t\t\t\t<div class=\"elementor-element elementor-element-6cb6ec8 elementor-widget elementor-widget-spacer\" data-id=\"6cb6ec8\" data-element_type=\"widget\" data-e-type=\"widget\" data-widget_type=\"spacer.default\">\n\t\t\t\t\t\t\t<div class=\"elementor-spacer\">\n\t\t\t<div class=\"elementor-spacer-inner\"><\/div>\n\t\t<\/div>\n\t\t\t\t\t\t<\/div>\n\t\t\t\t\t<\/div>\n\t\t<\/div>\n\t\t\t\t\t<\/div>\n\t\t<\/section>\n\t\t\t\t<\/div>\n\t\t","protected":false},"excerpt":{"rendered":"<p>Mietangebote<\/p>\n","protected":false},"author":1,"featured_media":713,"parent":0,"menu_order":0,"comment_status":"closed","ping_status":"closed","template":"","meta":{"_joinchat":[],"footnotes":""},"class_list":["post-797","page","type-page","status-publish","has-post-thumbnail","hentry"],"yoast_head":"<!-- This site is optimized with the Yoast SEO plugin v27.4 - https:\/\/yoast.com\/product\/yoast-seo-wordpress\/ -->\n<title>Mietangebote - Fincas Port Calella, apartamentos y casas en venta y alquiler en la Costa Brava | Web Oficial :: Finques Port Calella<\/title>\n<meta name=\"description\" content=\"Entdecken Sie die beste Auswahl an Immobilien zum Verkauf und zur Ferienvermietung in Fincas Port Calella. H\u00e4user, Villen und Wohnungen in Calella de Palafrugell...\" \/>\n<meta name=\"robots\" content=\"index, follow, max-snippet:-1, max-image-preview:large, max-video-preview:-1\" \/>\n<meta property=\"og:locale\" content=\"de_DE\" \/>\n<meta property=\"og:type\" content=\"article\" \/>\n<meta property=\"og:title\" content=\"Mietangebote - Fincas Port Calella, apartamentos y casas en venta y alquiler en la Costa Brava | Web Oficial :: Finques Port Calella\" \/>\n<meta property=\"og:description\" content=\"Entdecken Sie die beste Auswahl an Immobilien zum Verkauf und zur Ferienvermietung in Fincas Port Calella. H\u00e4user, Villen und Wohnungen in Calella de Palafrugell...\" \/>\n<meta property=\"og:url\" content=\"https:\/\/www.portcalella.com\/de\/angebote\/\" \/>\n<meta property=\"og:site_name\" content=\"Fincas Port Calella, apartamentos y casas en venta y alquiler en la Costa Brava | Web Oficial :: Finques Port Calella\" \/>\n<meta property=\"article:modified_time\" content=\"2021-06-23T07:30:40+00:00\" \/>\n<meta property=\"og:image\" content=\"https:\/\/www.portcalella.com\/wp-content\/uploads\/2020\/06\/rrss-portcalella.jpg\" \/>\n\t<meta property=\"og:image:width\" content=\"1280\" \/>\n\t<meta property=\"og:image:height\" content=\"720\" \/>\n\t<meta property=\"og:image:type\" content=\"image\/jpeg\" \/>\n<meta name=\"twitter:card\" content=\"summary_large_image\" \/>\n<script type=\"application\/ld+json\" class=\"yoast-schema-graph\">{\"@context\":\"https:\\\/\\\/schema.org\",\"@graph\":[{\"@type\":\"WebPage\",\"@id\":\"https:\\\/\\\/www.portcalella.com\\\/de\\\/angebote\\\/\",\"url\":\"https:\\\/\\\/www.portcalella.com\\\/de\\\/angebote\\\/\",\"name\":\"Mietangebote - Fincas Port Calella, apartamentos y casas en venta y alquiler en la Costa Brava | Web Oficial :: Finques Port Calella\",\"isPartOf\":{\"@id\":\"https:\\\/\\\/www.portcalella.com\\\/de\\\/#website\"},\"primaryImageOfPage\":{\"@id\":\"https:\\\/\\\/www.portcalella.com\\\/de\\\/angebote\\\/#primaryimage\"},\"image\":{\"@id\":\"https:\\\/\\\/www.portcalella.com\\\/de\\\/angebote\\\/#primaryimage\"},\"thumbnailUrl\":\"https:\\\/\\\/www.portcalella.com\\\/wp-content\\\/uploads\\\/2020\\\/06\\\/rrss-portcalella.jpg\",\"datePublished\":\"2020-06-15T15:20:53+00:00\",\"dateModified\":\"2021-06-23T07:30:40+00:00\",\"description\":\"Entdecken Sie die beste Auswahl an Immobilien zum Verkauf und zur Ferienvermietung in Fincas Port Calella. H\u00e4user, Villen und Wohnungen in Calella de Palafrugell...\",\"breadcrumb\":{\"@id\":\"https:\\\/\\\/www.portcalella.com\\\/de\\\/angebote\\\/#breadcrumb\"},\"inLanguage\":\"de\",\"potentialAction\":[{\"@type\":\"ReadAction\",\"target\":[\"https:\\\/\\\/www.portcalella.com\\\/de\\\/angebote\\\/\"]}]},{\"@type\":\"BreadcrumbList\",\"@id\":\"https:\\\/\\\/www.portcalella.com\\\/de\\\/angebote\\\/#breadcrumb\",\"itemListElement\":[{\"@type\":\"ListItem\",\"position\":1,\"name\":\"Inicio\",\"item\":\"https:\\\/\\\/www.portcalella.com\\\/de\\\/\"},{\"@type\":\"ListItem\",\"position\":2,\"name\":\"Mietangebote\"}]},{\"@type\":\"WebSite\",\"@id\":\"https:\\\/\\\/www.portcalella.com\\\/de\\\/#website\",\"url\":\"https:\\\/\\\/www.portcalella.com\\\/de\\\/\",\"name\":\"Fincas Port Calella, apartamentos y casas en venta y alquiler en la Costa Brava | Web Oficial :: Finques Port Calella\",\"description\":\"Descubre la mejor selecci\u00f3n de inmuebles en venta y alquiler vacacional de Fincas Port Calella. Casas, villas y apartamentos en Calella de Palafrugell, Llafranc y Costa Brava.\",\"publisher\":{\"@id\":\"https:\\\/\\\/www.portcalella.com\\\/de\\\/#organization\"},\"potentialAction\":[{\"@type\":\"SearchAction\",\"target\":{\"@type\":\"EntryPoint\",\"urlTemplate\":\"https:\\\/\\\/www.portcalella.com\\\/rental-list-results\\\/?search_text={search_term_string}\"},\"query-input\":{\"@type\":\"PropertyValueSpecification\",\"valueRequired\":true,\"valueName\":\"search_term_string\"}}],\"inLanguage\":\"de\"},{\"@type\":\"Organization\",\"@id\":\"https:\\\/\\\/www.portcalella.com\\\/de\\\/#organization\",\"name\":\"Finques Port Calella\",\"url\":\"https:\\\/\\\/www.portcalella.com\\\/de\\\/\",\"logo\":{\"@type\":\"ImageObject\",\"inLanguage\":\"de\",\"@id\":\"https:\\\/\\\/www.portcalella.com\\\/de\\\/#\\\/schema\\\/logo\\\/image\\\/\",\"url\":\"https:\\\/\\\/www.portcalella.com\\\/wp-content\\\/uploads\\\/2020\\\/02\\\/Logo-Port-Calella-Azul.png\",\"contentUrl\":\"https:\\\/\\\/www.portcalella.com\\\/wp-content\\\/uploads\\\/2020\\\/02\\\/Logo-Port-Calella-Azul.png\",\"width\":421,\"height\":273,\"caption\":\"Finques Port Calella\"},\"image\":{\"@id\":\"https:\\\/\\\/www.portcalella.com\\\/de\\\/#\\\/schema\\\/logo\\\/image\\\/\"}}]}<\/script>\n<!-- \/ Yoast SEO plugin. -->","yoast_head_json":{"title":"Mietangebote - Fincas Port Calella, apartamentos y casas en venta y alquiler en la Costa Brava | Web Oficial :: Finques Port Calella","description":"Entdecken Sie die beste Auswahl an Immobilien zum Verkauf und zur Ferienvermietung in Fincas Port Calella. H\u00e4user, Villen und Wohnungen in Calella de Palafrugell...","robots":{"index":"index","follow":"follow","max-snippet":"max-snippet:-1","max-image-preview":"max-image-preview:large","max-video-preview":"max-video-preview:-1"},"og_locale":"de_DE","og_type":"article","og_title":"Mietangebote - Fincas Port Calella, apartamentos y casas en venta y alquiler en la Costa Brava | Web Oficial :: Finques Port Calella","og_description":"Entdecken Sie die beste Auswahl an Immobilien zum Verkauf und zur Ferienvermietung in Fincas Port Calella. H\u00e4user, Villen und Wohnungen in Calella de Palafrugell...","og_url":"https:\/\/www.portcalella.com\/de\/angebote\/","og_site_name":"Fincas Port Calella, apartamentos y casas en venta y alquiler en la Costa Brava | Web Oficial :: Finques Port Calella","article_modified_time":"2021-06-23T07:30:40+00:00","og_image":[{"width":1280,"height":720,"url":"https:\/\/www.portcalella.com\/wp-content\/uploads\/2020\/06\/rrss-portcalella.jpg","type":"image\/jpeg"}],"twitter_card":"summary_large_image","schema":{"@context":"https:\/\/schema.org","@graph":[{"@type":"WebPage","@id":"https:\/\/www.portcalella.com\/de\/angebote\/","url":"https:\/\/www.portcalella.com\/de\/angebote\/","name":"Mietangebote - Fincas Port Calella, apartamentos y casas en venta y alquiler en la Costa Brava | Web Oficial :: Finques Port Calella","isPartOf":{"@id":"https:\/\/www.portcalella.com\/de\/#website"},"primaryImageOfPage":{"@id":"https:\/\/www.portcalella.com\/de\/angebote\/#primaryimage"},"image":{"@id":"https:\/\/www.portcalella.com\/de\/angebote\/#primaryimage"},"thumbnailUrl":"https:\/\/www.portcalella.com\/wp-content\/uploads\/2020\/06\/rrss-portcalella.jpg","datePublished":"2020-06-15T15:20:53+00:00","dateModified":"2021-06-23T07:30:40+00:00","description":"Entdecken Sie die beste Auswahl an Immobilien zum Verkauf und zur Ferienvermietung in Fincas Port Calella. H\u00e4user, Villen und Wohnungen in Calella de Palafrugell...","breadcrumb":{"@id":"https:\/\/www.portcalella.com\/de\/angebote\/#breadcrumb"},"inLanguage":"de","potentialAction":[{"@type":"ReadAction","target":["https:\/\/www.portcalella.com\/de\/angebote\/"]}]},{"@type":"BreadcrumbList","@id":"https:\/\/www.portcalella.com\/de\/angebote\/#breadcrumb","itemListElement":[{"@type":"ListItem","position":1,"name":"Inicio","item":"https:\/\/www.portcalella.com\/de\/"},{"@type":"ListItem","position":2,"name":"Mietangebote"}]},{"@type":"WebSite","@id":"https:\/\/www.portcalella.com\/de\/#website","url":"https:\/\/www.portcalella.com\/de\/","name":"Fincas Port Calella, apartamentos y casas en venta y alquiler en la Costa Brava | Web Oficial :: Finques Port Calella","description":"Descubre la mejor selecci\u00f3n de inmuebles en venta y alquiler vacacional de Fincas Port Calella. Casas, villas y apartamentos en Calella de Palafrugell, Llafranc y Costa Brava.","publisher":{"@id":"https:\/\/www.portcalella.com\/de\/#organization"},"potentialAction":[{"@type":"SearchAction","target":{"@type":"EntryPoint","urlTemplate":"https:\/\/www.portcalella.com\/rental-list-results\/?search_text={search_term_string}"},"query-input":{"@type":"PropertyValueSpecification","valueRequired":true,"valueName":"search_term_string"}}],"inLanguage":"de"},{"@type":"Organization","@id":"https:\/\/www.portcalella.com\/de\/#organization","name":"Finques Port Calella","url":"https:\/\/www.portcalella.com\/de\/","logo":{"@type":"ImageObject","inLanguage":"de","@id":"https:\/\/www.portcalella.com\/de\/#\/schema\/logo\/image\/","url":"https:\/\/www.portcalella.com\/wp-content\/uploads\/2020\/02\/Logo-Port-Calella-Azul.png","contentUrl":"https:\/\/www.portcalella.com\/wp-content\/uploads\/2020\/02\/Logo-Port-Calella-Azul.png","width":421,"height":273,"caption":"Finques Port Calella"},"image":{"@id":"https:\/\/www.portcalella.com\/de\/#\/schema\/logo\/image\/"}}]}},"_links":{"self":[{"href":"https:\/\/www.portcalella.com\/de\/wp-json\/wp\/v2\/pages\/797","targetHints":{"allow":["GET"]}}],"collection":[{"href":"https:\/\/www.portcalella.com\/de\/wp-json\/wp\/v2\/pages"}],"about":[{"href":"https:\/\/www.portcalella.com\/de\/wp-json\/wp\/v2\/types\/page"}],"author":[{"embeddable":true,"href":"https:\/\/www.portcalella.com\/de\/wp-json\/wp\/v2\/users\/1"}],"replies":[{"embeddable":true,"href":"https:\/\/www.portcalella.com\/de\/wp-json\/wp\/v2\/comments?post=797"}],"version-history":[{"count":4,"href":"https:\/\/www.portcalella.com\/de\/wp-json\/wp\/v2\/pages\/797\/revisions"}],"predecessor-version":[{"id":2232,"href":"https:\/\/www.portcalella.com\/de\/wp-json\/wp\/v2\/pages\/797\/revisions\/2232"}],"wp:featuredmedia":[{"embeddable":true,"href":"https:\/\/www.portcalella.com\/de\/wp-json\/wp\/v2\/media\/713"}],"wp:attachment":[{"href":"https:\/\/www.portcalella.com\/de\/wp-json\/wp\/v2\/media?parent=797"}],"curies":[{"name":"wp","href":"https:\/\/api.w.org\/{rel}","templated":true}]}}