{"id":791,"date":"2020-06-15T15:19:23","date_gmt":"2020-06-15T15:19:23","guid":{"rendered":"https:\/\/design.net2rent.com\/portcalella\/ofertes\/"},"modified":"2021-06-23T07:29:58","modified_gmt":"2021-06-23T07:29:58","slug":"ofertes","status":"publish","type":"page","link":"https:\/\/www.portcalella.com\/ca\/ofertes\/","title":{"rendered":"Ofertes de Lloguer"},"content":{"rendered":"\t\t<div data-elementor-type=\"wp-page\" data-elementor-id=\"791\" class=\"elementor elementor-791 elementor-155\" data-elementor-post-type=\"page\">\n\t\t\t\t\t\t<section class=\"elementor-section elementor-top-section elementor-element elementor-element-c33fcf7 elementor-section-boxed elementor-section-height-default elementor-section-height-default\" data-id=\"c33fcf7\" data-element_type=\"section\" data-e-type=\"section\" data-settings=\"{&quot;background_background&quot;:&quot;classic&quot;}\">\n\t\t\t\t\t\t<div class=\"elementor-container elementor-column-gap-default\">\n\t\t\t\t\t<div class=\"elementor-column elementor-col-100 elementor-top-column elementor-element elementor-element-5f577b6\" data-id=\"5f577b6\" data-element_type=\"column\" data-e-type=\"column\">\n\t\t\t<div class=\"elementor-widget-wrap elementor-element-populated\">\n\t\t\t\t\t\t<div class=\"elementor-element elementor-element-dc13c3c buscador elementor-widget elementor-widget-shortcode\" data-id=\"dc13c3c\" data-element_type=\"widget\" data-e-type=\"widget\" data-widget_type=\"shortcode.default\">\n\t\t\t\t\t\t\t<div class=\"elementor-shortcode\"><div class=\"n2r__search  \" data-n2r-searchsession-url=\"https:\/\/www.portcalella.com\/wp-json\/n2r\/v1\/searchsession\" data-n2r-nosession=\"true\">\n    <div class=\"n2r__search__container n2r__tabs__content\">\n    <div class=\"n2r__tabs__content__item n2r__search__container__rental active\" >\n  <form name=\"n2r__search\" method=\"get\" action=\"https:\/\/www.portcalella.com\/rental-list-results\/\" role=\"form\" autocomplete=\"off\">\n    <input type=\"hidden\" aria-hidden=\"true\" name=\"commercialization_type\" value=\"rental\">\n                <div class=\"n2r__search__field \">\n              <label for=\"n2r-search-rental-type-71914\">Tipus d&#039;edificaci\u00f3<\/label>\n              <select name=\"type\" id=\"n2r-search-rental-type-71914\" class=\"n2r__select\">\n                <option value=\"\">Tots<\/option>\n                <option value=\"apartment\" >Apartament<\/option><option value=\"chalet\" >Casa \/ Xalet<\/option><option value=\"isolated_house\" >Casa a\u00efllada \/ Villa<\/option><option value=\"penthouse\" >\u00c0tic<\/option><option value=\"study\" >Estudi<\/option><option value=\"townhouse\" >Casa de poble<\/option>              <\/select>\n              <span><\/span>\n            <\/div>\n                    <div class=\"n2r__search__field n2r__datepickercontainer\">\n            <label for=\"n2r-search-rental-dates-71914\">Selecciona les dates<\/label>\n            <input type=\"text\" name=\"dates\" id=\"n2r-search-rental-dates-71914\" class=\"n2r__input n2r-daterangepicker-component\" value=\"\" data-checkin=\"\" data-checkout=\"\" data-language=\"ca\" data-nights=\"1\" placeholder=\" \">\n            <a class=\"n2r__datepickercontainer__clear\"><i class=\"fa fa-times\"><\/i><\/a>\n            <input type=\"hidden\" aria-hidden=\"true\" name=\"checkin\" value=\"\">\n            <input type=\"hidden\" aria-hidden=\"true\" name=\"checkout\" value=\"\">\n          <\/div>\n                    <div class=\"n2r__search__field\">\n              <label for=\"n2r-search-rental-city-71914\">Destinaci\u00f3<\/label>\n              <select name=\"city\" id=\"n2r-search-rental-city-71914\" class=\"n2r__select\">\n                <option value=\"\">Tots<\/option>\n                <option value=\"Calella de Palafrugell\" >Calella de Palafrugell<\/option><option value=\"Llafranc\" >Llafranc<\/option>              <\/select>\n              <span><\/span>\n            <\/div>\n                    <div class=\"n2r__search__field n2r__search__field--small\">\n            <label for=\"n2r-search-rental-adults-71914\">Adults<\/label>\n            <input class=\"n2r__input\" name=\"adults\" id=\"n2r-search-rental-adults-71914\" type=\"number\" min=\"1\" max=\"30\" value=\"1\">\n          <\/div>\n                  <div class=\"n2r__search__field n2r__search__field--small\">\n            <label for=\"n2r-search-rental-children-71914\">Nens<\/label>\n            <input class=\"n2r__input\" name=\"children\" id=\"n2r-search-rental-children-71914\" type=\"number\" min=\"0\" max=\"30\" value=\"0\">\n          <\/div>\n                    <div class=\"n2r__search__field\">\n              <label for=\"n2r-search-rental-pool-71914\">Piscina<\/label>\n              <select name=\"pooltype\" id=\"n2r-search-rental-pool-71914\" class=\"n2r__select\">\n                <option value=\"\"> - <\/option>\n                <option value=\"communal\" >Comunit\u00e0ria<\/option><option value=\"private\" >Privada<\/option>              <\/select>\n              <span><\/span>\n            <\/div>\n        <div class=\"n2r__search__field n2r__search__field--submit\">\n      <button type=\"submit\" class=\"n2r__search__submit n2r__btn\">Cercar<\/button>\n    <\/div>\n  <\/form>\n<\/div>  <\/div>\n<\/div><\/div>\n\t\t\t\t\t\t<\/div>\n\t\t\t\t\t<\/div>\n\t\t<\/div>\n\t\t\t\t\t<\/div>\n\t\t<\/section>\n\t\t\t\t<section class=\"elementor-section elementor-top-section elementor-element elementor-element-1504d91 elementor-section-boxed elementor-section-height-default elementor-section-height-default\" data-id=\"1504d91\" data-element_type=\"section\" data-e-type=\"section\">\n\t\t\t\t\t\t<div class=\"elementor-container elementor-column-gap-default\">\n\t\t\t\t\t<div class=\"elementor-column elementor-col-50 elementor-top-column elementor-element elementor-element-d7747ea\" data-id=\"d7747ea\" data-element_type=\"column\" data-e-type=\"column\">\n\t\t\t<div class=\"elementor-widget-wrap elementor-element-populated\">\n\t\t\t\t\t\t<div class=\"elementor-element elementor-element-4972076 elementor-widget elementor-widget-heading\" data-id=\"4972076\" data-element_type=\"widget\" data-e-type=\"widget\" data-widget_type=\"heading.default\">\n\t\t\t\t\t<h1 class=\"elementor-heading-title elementor-size-default\">Ofertes de Lloguer<\/h1>\t\t\t\t<\/div>\n\t\t\t\t\t<\/div>\n\t\t<\/div>\n\t\t\t\t<div class=\"elementor-column elementor-col-50 elementor-top-column elementor-element elementor-element-9ee3201\" data-id=\"9ee3201\" data-element_type=\"column\" data-e-type=\"column\">\n\t\t\t<div class=\"elementor-widget-wrap elementor-element-populated\">\n\t\t\t\t\t\t<div class=\"elementor-element elementor-element-09dc142 elementor-align-right elementor-widget elementor-widget-breadcrumbs\" data-id=\"09dc142\" data-element_type=\"widget\" data-e-type=\"widget\" data-widget_type=\"breadcrumbs.default\">\n\t\t\t\t\t<p id=\"breadcrumbs\"><span><span><a href=\"https:\/\/www.portcalella.com\/ca\/\">Inicio<\/a><\/span><\/span><\/p>\t\t\t\t<\/div>\n\t\t\t\t\t<\/div>\n\t\t<\/div>\n\t\t\t\t\t<\/div>\n\t\t<\/section>\n\t\t\t\t<section class=\"elementor-section elementor-top-section elementor-element elementor-element-ce1f3ed elementor-section-boxed elementor-section-height-default elementor-section-height-default\" data-id=\"ce1f3ed\" data-element_type=\"section\" data-e-type=\"section\">\n\t\t\t\t\t\t<div class=\"elementor-container elementor-column-gap-default\">\n\t\t\t\t\t<div class=\"elementor-column elementor-col-100 elementor-top-column elementor-element elementor-element-53f65c2\" data-id=\"53f65c2\" data-element_type=\"column\" data-e-type=\"column\">\n\t\t\t<div class=\"elementor-widget-wrap elementor-element-populated\">\n\t\t\t\t\t\t<div class=\"elementor-element elementor-element-f621bf2 elementor-widget-divider--view-line elementor-widget elementor-widget-divider\" data-id=\"f621bf2\" data-element_type=\"widget\" data-e-type=\"widget\" data-widget_type=\"divider.default\">\n\t\t\t\t\t\t\t<div class=\"elementor-divider\">\n\t\t\t<span class=\"elementor-divider-separator\">\n\t\t\t\t\t\t<\/span>\n\t\t<\/div>\n\t\t\t\t\t\t<\/div>\n\t\t\t\t\t<\/div>\n\t\t<\/div>\n\t\t\t\t\t<\/div>\n\t\t<\/section>\n\t\t\t\t<section class=\"elementor-section elementor-top-section elementor-element elementor-element-9ced176 elementor-section-full_width elementor-section-height-default elementor-section-height-default\" data-id=\"9ced176\" data-element_type=\"section\" data-e-type=\"section\">\n\t\t\t\t\t\t<div class=\"elementor-container elementor-column-gap-default\">\n\t\t\t\t\t<div class=\"elementor-column elementor-col-100 elementor-top-column elementor-element elementor-element-f01262b\" data-id=\"f01262b\" data-element_type=\"column\" data-e-type=\"column\">\n\t\t\t<div class=\"elementor-widget-wrap elementor-element-populated\">\n\t\t\t\t\t\t<div class=\"elementor-element elementor-element-99d0797 elementor-widget elementor-widget-shortcode\" data-id=\"99d0797\" data-element_type=\"widget\" data-e-type=\"widget\" data-widget_type=\"shortcode.default\">\n\t\t\t\t\t\t\t<div class=\"elementor-shortcode\">\n<div class=\"n2r__list \" data-n2r-searchparams=\"\">\n      <div class=\"n2r__list__header\">\n              <a href=\"#\" class=\"n2r__btn n2r__btn--mobileicon n2r__btn--filters\" data-toggleclass=\"filters\" data-target-parent=\".n2r__list\">Obrir filtres<\/a>\n            <select name=\"orderby\" class=\"n2r__select\" aria-label=\"Ordenar resultats\">\n        <option value=\"\/ca\/wp-json\/wp\/v2\/pages\/791?orderby=\"> Ordenar resultats<\/option>\n        <option value=\"\/ca\/wp-json\/wp\/v2\/pages\/791?orderby=pricedesc\" > Preu: Major a menor        <option value=\"\/ca\/wp-json\/wp\/v2\/pages\/791?orderby=priceasc\" > Preu: Menor a major      <\/select>\n      <span class=\"separator\"><\/span>\n              <a href=\"\" class=\"n2r__btn n2r__btn--mobileicon n2r__btn--map\" data-toggleclass=\"map\" data-target-parent=\".n2r__list\" data-activated-text=\"Amagar mapa\" data-deactivated-text=\"Mostra el mapa\">Mostra el mapa<\/a>\n              <div class=\"n2r__btngroup n2r__btngroup--viewmode\">\n        <a href=\"\" class=\"n2r__btn n2r__btn--grid \" data-viewmode=\"grid\" aria-label=\"Grid view\"><\/a>\n        <a href=\"\" class=\"n2r__btn n2r__btn--list active\" data-viewmode=\"list\" aria-label=\"List view\"><\/a>\n      <\/div>\n    <\/div>\n  <div class=\"n2r__list__filters\">\n  <header>\n    Filtrar recerca    <a href=\"#\" class=\"n2r__btn--close\" data-toggleclass=\"filters\" data-target-parent=\".n2r__list\" aria-label=\"Tancar\"><\/a>\n  <\/header>\n  <form method=\"get\" action=\"\/ca\/wp-json\/wp\/v2\/pages\/791?_f=1\" role=\"form\" autocomplete=\"off\">\n    <input type=\"hidden\" aria-hidden=\"true\" name=\"commercialization_type\" value=\"rental\">\n\n                <div class=\"n2r__list__filters__field\">\n              <label for=\"n2r-filters-search-text-62723\">Cercar<\/label>\n              <input type=\"text\" name=\"search_text\" id=\"n2r-filters-search-text-62723\" class=\"n2r__input\" value=\"\">\n            <\/div>\n                          <div class=\"n2r__list__filters__field\">\n                <label for=\"n2r-filters-city-62723\">Ciutat<\/label>\n                <select name=\"city\" id=\"n2r-filters-city-62723\" class=\"n2r__select\">\n                  <option value=\"\">Tots<\/option>\n                  <option value=\"Calella de Palafrugell\" >Calella de Palafrugell<\/option><option value=\"Llafranc\" >Llafranc<\/option>                <\/select>\n              <\/div>\n                          <div class=\"n2r__list__filters__field\">\n                <label for=\"n2r-filters-zone-62723\">Zona<\/label>\n                <select name=\"zone\" id=\"n2r-filters-zone-62723\" class=\"n2r__select\" data-remoteurl=\"https:\/\/www.portcalella.com\/wp-json\/n2r\/v1\/zones\">\n                  <option value=\"\">Tots<\/option>\n                  <option value=\"1\u00aa LINIA\" >1\u00aa LINIA<\/option><option value=\"1\u00aa LINIA - CANADELL\" >1\u00aa LINIA - CANADELL<\/option><option value=\"1\u00aa LINIA - MARCELI\" >1\u00aa LINIA - MARCELI<\/option><option value=\"1\u00aa LINIA - PORT PELEGRI\" >1\u00aa LINIA - PORT PELEGRI<\/option><option value=\"CANADELL\" >CANADELL<\/option><option value=\"CARIBE PARK - PRAT XIRLO\" >CARIBE PARK - PRAT XIRLO<\/option><option value=\"CENTRE\" >CENTRE<\/option><option value=\"CENTRE - CAN PEP\" >CENTRE - CAN PEP<\/option><option value=\"CENTRE - PENYA GOLOSA - B\" >CENTRE - PENYA GOLOSA - B<\/option><option value=\"CENTRE - PENYA GOLOSA - E\" >CENTRE - PENYA GOLOSA - E<\/option><option value=\"CENTRE - PENYA GOLOSA - F\" >CENTRE - PENYA GOLOSA - F<\/option><option value=\"CENTRE - PENYA GOLOSA - G\" >CENTRE - PENYA GOLOSA - G<\/option><option value=\"CENTRE - PENYA GOLOSA - H\" >CENTRE - PENYA GOLOSA - H<\/option><option value=\"CENTRE- SA PLATGETA\" >CENTRE- SA PLATGETA<\/option><option value=\"CHOPITEA\" >CHOPITEA<\/option><option value=\"CHOPITEA - CENTRE\" >CHOPITEA - CENTRE<\/option><option value=\"CLOS SUREDA - PRAT XIRLO\" >CLOS SUREDA - PRAT XIRLO<\/option><option value=\"COLINA DEL SOL\" >COLINA DEL SOL<\/option><option value=\"Centre \/ Centro \/ Centre-ville \/ Downtown area\" >Centre \/ Centro \/ Centre-ville \/ Downtown area<\/option><option value=\"EL GOLFET\" >EL GOLFET<\/option><option value=\"EL GOLFET - \" >EL GOLFET - <\/option><option value=\"EL GOLFET - GREGAL\" >EL GOLFET - GREGAL<\/option><option value=\"EL GOLFET - LLEVANT\" >EL GOLFET - LLEVANT<\/option><option value=\"EL GOLFET - PONENT\" >EL GOLFET - PONENT<\/option><option value=\"EL GOLFET - XALOC\" >EL GOLFET - XALOC<\/option><option value=\"El Golfet\" >El Golfet<\/option><option value=\"GOLFET\" >GOLFET<\/option><option value=\"Golfet\" >Golfet<\/option><option value=\"LLAFRANC - CENTRE - PUNTA BLANC\" >LLAFRANC - CENTRE - PUNTA BLANC<\/option><option value=\"LLAFRANC - CORONDA\" >LLAFRANC - CORONDA<\/option><option value=\"PORT PELEGR\u00cd - BLOC F\" >PORT PELEGR\u00cd - BLOC F<\/option><option value=\"PORT PELEGR\u00cd - CALELLA PARK I\" >PORT PELEGR\u00cd - CALELLA PARK I<\/option><option value=\"PORT PELEGR\u00cd - CAN XERET\" >PORT PELEGR\u00cd - CAN XERET<\/option><option value=\"PORT PELEGR\u00cd - ESLORA\" >PORT PELEGR\u00cd - ESLORA<\/option><option value=\"PORT PELEGR\u00cd - VENUSMAR\" >PORT PELEGR\u00cd - VENUSMAR<\/option><option value=\"PRAT XIRLO\" >PRAT XIRLO<\/option><option value=\"PRAT XIRLO - ILLA\" >PRAT XIRLO - ILLA<\/option><option value=\"PUIG DE L&#039;ARTIGA - SANT ROC\" >PUIG DE L&#039;ARTIGA - SANT ROC<\/option><option value=\"Prat Xirlo - CALELLA PARK II\" >Prat Xirlo - CALELLA PARK II<\/option><option value=\"SANT ROC\" >SANT ROC<\/option><option value=\"SANT ROC - DUING\" >SANT ROC - DUING<\/option><option value=\"SANT ROC - PANORAMIC\" >SANT ROC - PANORAMIC<\/option><option value=\"SANT ROC - STA AGATHA\" >SANT ROC - STA AGATHA<\/option>                <\/select>\n              <\/div>\n                          <div class=\"n2r__list__filters__field \">\n                <label for=\"n2r-filters-type-62723\">Tipus d'edificaci\u00f3<\/label>\n                <select name=\"type\" id=\"n2r-filters-type-62723\" class=\"n2r__select\">\n                  <option value=\"\">Tipus d'edificaci\u00f3<\/option>\n                  <option value=\"apartment\" >Apartament<\/option><option value=\"chalet\" >Casa \/ Xalet<\/option><option value=\"isolated_house\" >Casa a\u00efllada \/ Villa<\/option><option value=\"penthouse\" >\u00c0tic<\/option><option value=\"study\" >Estudi<\/option><option value=\"townhouse\" >Casa de poble<\/option>                <\/select>\n              <\/div>\n                          <div class=\"n2r__list__filters__field\">\n                <label for=\"n2r-filters-category-62723\" Categoria<\/label>\n                  <select name=\"category\" id=\"n2r-filters-category-62723\" class=\"n2r__select\">\n                    <option value=\"\">Tots<\/option>\n                    <option value=\"70\" >Tur\u00edstic<\/option><option value=\"71\" >Exclusiu<\/option><option value=\"367\" >Temporada<\/option>                  <\/select>\n              <\/div>\n                        <div class=\"n2r__list__filters__field n2r__datepickercontainer\">\n              <label for=\"n2r-filters-dates-62723\">Selecciona les dates<\/label>\n              <input type=\"text\" id=\"n2r-filters-dates-62723\" class=\"n2r__input n2r-daterangepicker-component\" data-checkin=\"\" data-checkout=\"\" data-language=\"ca\">\n              <input type=\"hidden\" aria-hidden=\"true\" name=\"checkin\" value=\"\">\n              <input type=\"hidden\" aria-hidden=\"true\" name=\"checkout\" value=\"\">\n            <\/div>\n                      <div class=\"n2r__list__filters__field n2r__list__filters__field--small\">\n              <label for=\"n2r-filters-adults-62723\">Adults<\/label>\n                            <input class=\"n2r__input\" name=\"adults\" id=\"n2r-filters-adults-62723\" type=\"number\" min=\"1\" max=\"15\" value=\"1\">\n            <\/div>\n                      <div class=\"n2r__list__filters__field n2r__list__filters__field--small\">\n              <label for=\"n2r-filters-children-62723\">Nens<\/label>\n                            <input class=\"n2r__input\" name=\"children\" id=\"n2r-filters-children-62723\" type=\"number\" min=\"0\" max=\"15\" value=\"0\">\n            <\/div>\n                      <div class=\"n2r__list__filters__field\">\n              <label for=\"flexible\">\n                <input type=\"hidden\" aria-hidden=\"true\" name=\"flexible\" value=\"\">\n                <input type=\"checkbox\" name=\"flexible\" value=\"1\" >\n                S\u00f3c flexible en dates              <\/label>\n            <\/div>\n                      <div class=\"n2r__list__filters__field\">\n              <label for=\"n2r-filters-rooms-min-62723\">Habitacions<\/label>\n              <div class=\"n2r__radio\">\n                <input type=\"hidden\" aria-hidden=\"true\" name=\"min_room_number\" id=\"n2r-filters-rooms-min-62723\" value=\"\">\n                                  <div class=\"n2r__radio__item \" data-value=\"1\">+1<\/div>\n                                  <div class=\"n2r__radio__item \" data-value=\"2\">+2<\/div>\n                                  <div class=\"n2r__radio__item \" data-value=\"3\">+3<\/div>\n                                  <div class=\"n2r__radio__item \" data-value=\"4\">+4<\/div>\n                                  <div class=\"n2r__radio__item \" data-value=\"5\">+5<\/div>\n                              <\/div>\n            <\/div>\n                      <div class=\"n2r__list__filters__field\">\n              <label for=\"n2r-filters-toilets-min-62723\">Lavabos<\/label>\n              <div class=\"n2r__radio\">\n                <input type=\"hidden\" id=\"n2r-filters-toilets-min-62723\" aria-hidden=\"true\" name=\"min_toilets_number\" value=\"\">\n                                  <div class=\"n2r__radio__item \" data-value=\"1\">+1<\/div>\n                                  <div class=\"n2r__radio__item \" data-value=\"2\">+2<\/div>\n                                  <div class=\"n2r__radio__item \" data-value=\"3\">+3<\/div>\n                              <\/div>\n            <\/div>\n                      <div class=\"n2r__list__filters__field\">\n              <label for=\"n2r-filters-property-meters-min-62723\">Metres de l'immoble<\/label>\n              <select name=\"property_meters_min\" id=\"n2r-filters-property-meters-min-62723\" class=\"n2r__select\">\n                <option value=\"\">Sense l\u00edmit<\/option>\n                                  <option value=\"50\" >\n                    50m2                  <\/option>\n                                  <option value=\"60\" >\n                    60m2                  <\/option>\n                                  <option value=\"70\" >\n                    70m2                  <\/option>\n                                  <option value=\"80\" >\n                    80m2                  <\/option>\n                                  <option value=\"90\" >\n                    90m2                  <\/option>\n                                  <option value=\"100\" >\n                    100m2                  <\/option>\n                                  <option value=\"125\" >\n                    125m2                  <\/option>\n                                  <option value=\"150\" >\n                    150m2                  <\/option>\n                                  <option value=\"175\" >\n                    175m2                  <\/option>\n                                  <option value=\"200\" >\n                    200m2                  <\/option>\n                                  <option value=\"250\" >\n                    250m2                  <\/option>\n                                  <option value=\"300\" >\n                    300m2                  <\/option>\n                                  <option value=\"400\" >\n                    400m2                  <\/option>\n                                  <option value=\"500\" >\n                    500m2                  <\/option>\n                              <\/select>\n            <\/div>\n                      <div class=\"n2r__list__filters__field\">\n              <label for=\"n2r-filters-price-min-62723\">Preu<\/label>\n              <select name=\"sell_price_min\" id=\"n2r-filters-price-min-62723\" class=\"n2r__select\">\n                <option value=\"\">Minimum<\/option>\n                                  <option value=\"60000\" >60.000 \u20ac<\/option>\n                                  <option value=\"90000\" >90.000 \u20ac<\/option>\n                                  <option value=\"120000\" >120.000 \u20ac<\/option>\n                                  <option value=\"150000\" >150.000 \u20ac<\/option>\n                                  <option value=\"180000\" >180.000 \u20ac<\/option>\n                                  <option value=\"210000\" >210.000 \u20ac<\/option>\n                                  <option value=\"250000\" >250.000 \u20ac<\/option>\n                                  <option value=\"300000\" >300.000 \u20ac<\/option>\n                                  <option value=\"350000\" >350.000 \u20ac<\/option>\n                                  <option value=\"400000\" >400.000 \u20ac<\/option>\n                                  <option value=\"500000\" >500.000 \u20ac<\/option>\n                                  <option value=\"600000\" >600.000 \u20ac<\/option>\n                                  <option value=\"800000\" >800.000 \u20ac<\/option>\n                                  <option value=\"1000000\" >1.000.000 \u20ac<\/option>\n                                  <option value=\"1500000\" >1.500.000 \u20ac<\/option>\n                                  <option value=\"2000000\" >2.000.000 \u20ac<\/option>\n                                  <option value=\"3000000\" >3.000.000 \u20ac<\/option>\n                              <\/select>\n            <\/div>\n            <div class=\"n2r__list__filters__field\">\n              <select name=\"sell_price_max\" id=\"n2r-filters-price-max-62723\" class=\"n2r__select\">\n                <option value=\"\">Maximum<\/option>\n                                  <option value=\"60000\" >60.000 \u20ac<\/option>\n                                  <option value=\"90000\" >90.000 \u20ac<\/option>\n                                  <option value=\"120000\" >120.000 \u20ac<\/option>\n                                  <option value=\"150000\" >150.000 \u20ac<\/option>\n                                  <option value=\"180000\" >180.000 \u20ac<\/option>\n                                  <option value=\"210000\" >210.000 \u20ac<\/option>\n                                  <option value=\"250000\" >250.000 \u20ac<\/option>\n                                  <option value=\"300000\" >300.000 \u20ac<\/option>\n                                  <option value=\"350000\" >350.000 \u20ac<\/option>\n                                  <option value=\"400000\" >400.000 \u20ac<\/option>\n                                  <option value=\"500000\" >500.000 \u20ac<\/option>\n                                  <option value=\"600000\" >600.000 \u20ac<\/option>\n                                  <option value=\"800000\" >800.000 \u20ac<\/option>\n                                  <option value=\"1000000\" >1.000.000 \u20ac<\/option>\n                                  <option value=\"1500000\" >1.500.000 \u20ac<\/option>\n                                  <option value=\"2000000\" >2.000.000 \u20ac<\/option>\n                                  <option value=\"3000000\" >3.000.000 \u20ac<\/option>\n                              <\/select>\n            <\/div>\n            <div class=\"n2r__list__filters__field\">\n        <label>M\u00e9s caracter\u00edstiques<\/label>\n                  <label class=\"n2r__btn n2r__btn--outline n2r__btn--checkbox\">\n            <input type=\"hidden\" aria-hidden=\"true\" name=\"pets\" value=\"\">\n            <input type=\"checkbox\" class=\"n2r__checkbox\" name=\"pets\" value=\"1\" >\n            Mascotes          <\/label>\n                  <label class=\"n2r__btn n2r__btn--outline n2r__btn--checkbox\">\n            <input type=\"hidden\" aria-hidden=\"true\" name=\"lift\" value=\"\">\n            <input type=\"checkbox\" class=\"n2r__checkbox\" name=\"lift\" value=\"1\" >\n            Ascensor          <\/label>\n                  <label class=\"n2r__btn n2r__btn--outline n2r__btn--checkbox\">\n            <input type=\"hidden\" aria-hidden=\"true\" name=\"pool\" value=\"\">\n            <input type=\"checkbox\" class=\"n2r__checkbox\" name=\"pool\" value=\"1\" >\n            Piscina          <\/label>\n                  <label class=\"n2r__btn n2r__btn--outline n2r__btn--checkbox\">\n            <input type=\"hidden\" aria-hidden=\"true\" name=\"parking_garage\" value=\"\">\n            <input type=\"checkbox\" class=\"n2r__checkbox\" name=\"parking_garage\" value=\"1\" >\n            Aparcament          <\/label>\n                  <label class=\"n2r__btn n2r__btn--outline n2r__btn--checkbox\">\n            <input type=\"hidden\" aria-hidden=\"true\" name=\"garden\" value=\"\">\n            <input type=\"checkbox\" class=\"n2r__checkbox\" name=\"garden\" value=\"1\" >\n            Jard\u00ed          <\/label>\n                  <label class=\"n2r__btn n2r__btn--outline n2r__btn--checkbox\">\n            <input type=\"hidden\" aria-hidden=\"true\" name=\"wifi\" value=\"\">\n            <input type=\"checkbox\" class=\"n2r__checkbox\" name=\"wifi\" value=\"1\" >\n            WIFI          <\/label>\n                  <label class=\"n2r__btn n2r__btn--outline n2r__btn--checkbox\">\n            <input type=\"hidden\" aria-hidden=\"true\" name=\"air_conditioning\" value=\"\">\n            <input type=\"checkbox\" class=\"n2r__checkbox\" name=\"air_conditioning\" value=\"1\" >\n            Aire condicionat          <\/label>\n                  <label class=\"n2r__btn n2r__btn--outline n2r__btn--checkbox\">\n            <input type=\"hidden\" aria-hidden=\"true\" name=\"barbecue\" value=\"\">\n            <input type=\"checkbox\" class=\"n2r__checkbox\" name=\"barbecue\" value=\"1\" >\n            Barbacoa          <\/label>\n                  <label class=\"n2r__btn n2r__btn--outline n2r__btn--checkbox\">\n            <input type=\"hidden\" aria-hidden=\"true\" name=\"terrace\" value=\"\">\n            <input type=\"checkbox\" class=\"n2r__checkbox\" name=\"terrace\" value=\"1\" >\n            Terrassa          <\/label>\n              <\/div>\n        <footer>\n      <button type=\"submit\" class=\"n2r__btn n2r__btn--search\">Cercar<\/button>\n    <\/footer>\n  <\/form>\n<\/div>  <div class=\"n2r__row\">\n    <div class=\"n2r__list__items\">\n      <div class=\"n2r__list__item n2r__clickable   n2r__safeandclean\" data-id=\"8981\">\n  <span class=\"n2r__list__item__label n2r__list__item__label--offer\">Oferta<\/span>  <div class=\"n2r__list__item__gallery n2r__slider\">\n    <div class=\"slide-item\"><img data-lazy=\"https:\/\/files.net2rent.com\/pfiles\/119\/8981\/112110-o-m.jpg\" alt=\"035 PENYA GOLOSA Apartament Port Pelegr\u00ed Calella De Palafrugell\" title=\"035 PENYA GOLOSA Apartament Port Pelegr\u00ed Calella De Palafrugell\"><\/div>  <\/div>\n\n  <div class=\"n2r__list__item__info\">\n    <div class=\"n2r__list__item__title\">\n      <h2 class=\"n2r__list__item__name\">\n        <a href=\"https:\/\/www.portcalella.com\/ca\/immoble-de-lloguer-detalladament\/lloguer-apartament-penya-golosa-calella-de-palafrugell-8981\/?checkin=2026-04-30&#038;checkout=2026-05-04\">C\u00e9ntric apartament amb piscina comunitaria i aprop de la platja de Port Pelegri a Calella de Palafrugell<\/a>\n      <\/h2>\n      <div class=\"n2r__list__item__category\">Tur\u00edstic<\/div>    <\/div>\n    <div class=\"n2r__list__item__title\">\n      <div class=\"n2r__list__item__reference\">Ref: 035<\/div>\n      <div class=\"n2r__list__item__turisticreference\">HUTG-012336-31<\/div>      <div class=\"n2r__list__item__city\">Calella de Palafrugell<\/div>\n              <div class=\"n2r__list__item__rating\">\n          <div class=\"n2r__rating\">\n            <div class=\"n2r__rating__complete\" style=\"width:78%\"><\/div>\n          <\/div>\n        <\/div>\n          <\/div>\n    <div class=\"n2r__list__item__features\">\n      <div class=\"n2r__list__item__feature n2r__list__item__feature--rooms\" title=\"2 habitacions\"><i class=\"n2r_room\"><\/i> 2<\/div><div class=\"n2r__list__item__feature n2r__list__item__feature--capacity\" title=\"5 pax\"><i class=\"n2r_people\"><\/i> 5<\/div><div class=\"n2r__list__item__feature n2r__list__item__feature--bathrooms\" title=\"1 lavabos\"><i class=\"n2r_toilet\"><\/i> 1<\/div><div class=\"n2r__list__item__feature n2r__list__item__feature--terrace\" title=\"terrassa\"><i class=\"n2r_terrace\"><\/i> <\/div><div class=\"n2r__list__item__feature n2r__list__item__feature--sea_distance\" title=\"Dist\u00e0ncia al mar\"><i class=\"n2r_sea_distance\"><\/i> 250 m<\/div><div class=\"n2r__list__item__feature n2r__list__item__feature--pool\" title=\"piscina\"><i class=\"n2r_swimming_pool\"><\/i> <\/div><div class=\"n2r__list__item__feature n2r__list__item__feature--wifi\" title=\"WIFI\"><i class=\"n2r_properties_equipment_wifi\"><\/i> <\/div><div class=\"n2r__list__item__feature n2r__list__item__feature--tv\" title=\"TV\"><i class=\"n2r_properties_equipment_tv\"><\/i> <\/div><div class=\"n2r__list__item__feature n2r__list__item__feature--heating\" title=\"Calefacci\u00f3\"><i class=\"n2r_properties_equipment_heating\"><\/i> <\/div>    <\/div>\n    <div class=\"n2r__list__item__description\">Apartament c\u00e8ntric a Calella de Palafrugell, ideal per gaudir d\u2019unes vacances a la Costa Brava. Situat a prop de la platja de Port Pelegr\u00ed, aquest allotjament ofereix comoditat i una ubicaci\u00f3 privilegiada en un entorn ple d\u2019encant.\r\nCaracter\u00edstiques de l\u2019apartament:\r\n\r\nDues habitacions dobles amb dos llits cadascuna, ideals per a grups de 4-5 persones.\r\nSala d\u2019estar amb sof\u00e0 llit.\r\nWi-Fi gratu\u00eft, perqu\u00e8 puguis mantenir-te connectat durant la teva estada.\r\nCuina en proc\u00e9s de reforma, bany complet i terrassa amb vistes a la piscina comunit\u00e0ria.\r\n\r\nServeis addicionals:\r\n\r\nPiscina comunit\u00e0ria per gaudir del sol i refrescar-te.\r\nPista de tennis, ideal per als amants de l\u2019esport.\r\nSupermercat SPAR a pocs metres de la comunitat.\r\n\r\nUbicaci\u00f3 immillorable:Aquest apartament \u00e9s a nom\u00e9s 5 minuts a peu de les platges de Calella de Palafrugell, del centre del poble i d\u2019una gran varietat de botigues, bars i restaurants. La platja de Port Pelegr\u00ed \u00e9s una de les m\u00e9s boniques de la zona, envoltada d\u2019un ambient mariner \u00fanic.\r\nCalella de Palafrugell:Aquest antic poble de pescadors conserva l\u2019encant tradicional de la Costa Brava, amb caletes pintoresques, carrers estrets i cases amb teulades de teula inclinada. El poble forma part d\u2019una costa rocosa al nord del paratge natural de Castell - Cap Roig, un entorn perfecte per a passejades o excursions amb bicicleta.\r\nReserva ara aquest apartament a Calella de Palafrugell i viu unes vacances inoblidables envoltat de la bellesa natural i l\u2019aut\u00e8ntic esperit mediterrani.<\/div>\n    <div class=\"n2r__list__item__footer\">\n      <div class=\"n2r__list__item__price\"><div class=\"n2r__list__item__price__offers\"><div class=\"n2r__list__item__price__offer\">\n          <span class=\"n2r__list__item__price__offer__amount n2r__list__item__price__offer__amount--original\">485 \u20ac<\/span>\n          <span class=\"n2r__list__item__price__offer__amount\">\n            395 \u20ac\n          <\/span>\n          <span class=\"n2r__list__item__price__offer__dates\">\n            Des de 30\/04\/2026 A 04\/05\/2026\n          <\/span>\n          <span class=\"n2r__list__item__price__offer__conditions\">\n            \n          <\/span>\n        <\/div><\/div><\/div>    <\/div>\n  <\/div>\n  <a class=\"n2r__list__item__link\" href=\"https:\/\/www.portcalella.com\/ca\/immoble-de-lloguer-detalladament\/lloguer-apartament-penya-golosa-calella-de-palafrugell-8981\/?checkin=2026-04-30&#038;checkout=2026-05-04\">M\u00e9s detalls<\/a>\n  <\/div><div class=\"n2r__list__item n2r__clickable   n2r__safeandclean\" data-id=\"8987\">\n  <span class=\"n2r__list__item__label n2r__list__item__label--offer\">Oferta<\/span>  <div class=\"n2r__list__item__gallery n2r__slider\">\n    <div class=\"slide-item\"><img data-lazy=\"https:\/\/files.net2rent.com\/pfiles\/119\/8987\/574974-wM-o-m.jpg\" alt=\"065 PUNTA D&#039;EN BLANC (LLAFRANC) Apartament LLAFRANC - CENTRE - PUNTA BLANC Llafranc\" title=\"065 PUNTA D&#039;EN BLANC (LLAFRANC) Apartament LLAFRANC - CENTRE - PUNTA BLANC Llafranc\"><\/div>  <\/div>\n\n  <div class=\"n2r__list__item__info\">\n    <div class=\"n2r__list__item__title\">\n      <h2 class=\"n2r__list__item__name\">\n        <a href=\"https:\/\/www.portcalella.com\/ca\/immoble-de-lloguer-detalladament\/lloguer-apartament-punta-d-en-blanc-llafranc-llafranc-8987\/?checkin=2026-04-30&#038;checkout=2026-05-04\">Apartament a Llafranc amb piscina, terrassa i a 250\u202fm de la platja<\/a>\n      <\/h2>\n      <div class=\"n2r__list__item__category\">Tur\u00edstic<\/div>    <\/div>\n    <div class=\"n2r__list__item__title\">\n      <div class=\"n2r__list__item__reference\">Ref: 065<\/div>\n      <div class=\"n2r__list__item__turisticreference\">HUTG-010592-72<\/div>      <div class=\"n2r__list__item__city\">Llafranc<\/div>\n              <div class=\"n2r__list__item__rating\">\n          <div class=\"n2r__rating\">\n            <div class=\"n2r__rating__complete\" style=\"width:80%\"><\/div>\n          <\/div>\n        <\/div>\n          <\/div>\n    <div class=\"n2r__list__item__features\">\n      <div class=\"n2r__list__item__feature n2r__list__item__feature--rooms\" title=\"2 habitacions\"><i class=\"n2r_room\"><\/i> 2<\/div><div class=\"n2r__list__item__feature n2r__list__item__feature--capacity\" title=\"5 pax\"><i class=\"n2r_people\"><\/i> 5<\/div><div class=\"n2r__list__item__feature n2r__list__item__feature--bathrooms\" title=\"1 lavabos\"><i class=\"n2r_toilet\"><\/i> 1<\/div><div class=\"n2r__list__item__feature n2r__list__item__feature--terrace\" title=\"terrassa\"><i class=\"n2r_terrace\"><\/i> <\/div><div class=\"n2r__list__item__feature n2r__list__item__feature--sea_distance\" title=\"Dist\u00e0ncia al mar\"><i class=\"n2r_sea_distance\"><\/i> 250 m<\/div><div class=\"n2r__list__item__feature n2r__list__item__feature--pool\" title=\"piscina\"><i class=\"n2r_swimming_pool\"><\/i> <\/div><div class=\"n2r__list__item__feature n2r__list__item__feature--wifi\" title=\"WIFI\"><i class=\"n2r_properties_equipment_wifi\"><\/i> <\/div><div class=\"n2r__list__item__feature n2r__list__item__feature--tv\" title=\"TV\"><i class=\"n2r_properties_equipment_tv\"><\/i> <\/div>    <\/div>\n    <div class=\"n2r__list__item__description\">Llumin\u00f3s apartament en segona planta, situat a nom\u00e9s 250 metres de la platja principal de Llafranc, dins d\u2019una comunitat tranquil\u00b7la i familiar amb zona enjardinada i piscina comunit\u00e0ria.\r\nEs distribueix en un sal\u00f3-menjador amb sortida a terrassa, amb agradables vistes a una zona arbrada, cuina independent amb zona de rentat, dues habitacions dobles (una amb llit de matrimoni i l\u2019altra amb dos llits individuals) i un bany complet reformat amb plat de dutxa.\r\nGr\u00e0cies a la seva excel\u00b7lent ubicaci\u00f3, l\u2019apartament \u00e9s a pocs minuts a peu tant del centre del poble com de la platja de Llafranc, una de les m\u00e9s estimades de la Costa Brava.<\/div>\n    <div class=\"n2r__list__item__footer\">\n      <div class=\"n2r__list__item__price\"><div class=\"n2r__list__item__price__offers\"><div class=\"n2r__list__item__price__offer\">\n          <span class=\"n2r__list__item__price__offer__amount n2r__list__item__price__offer__amount--original\">525 \u20ac<\/span>\n          <span class=\"n2r__list__item__price__offer__amount\">\n            415 \u20ac\n          <\/span>\n          <span class=\"n2r__list__item__price__offer__dates\">\n            Des de 30\/04\/2026 A 04\/05\/2026\n          <\/span>\n          <span class=\"n2r__list__item__price__offer__conditions\">\n            \n          <\/span>\n        <\/div><\/div><\/div>    <\/div>\n  <\/div>\n  <a class=\"n2r__list__item__link\" href=\"https:\/\/www.portcalella.com\/ca\/immoble-de-lloguer-detalladament\/lloguer-apartament-punta-d-en-blanc-llafranc-llafranc-8987\/?checkin=2026-04-30&#038;checkout=2026-05-04\">M\u00e9s detalls<\/a>\n  <\/div><div class=\"n2r__list__item n2r__clickable   n2r__safeandclean\" data-id=\"9000\">\n  <span class=\"n2r__list__item__label n2r__list__item__label--offer\">Oferta<\/span><span class=\"n2r__list__item__icon n2r__list__item__icon--withvideo\" title=\"T\u00e9 v\u00eddeo\"><i class=\"fas fa-video\"><\/i><\/span>  <div class=\"n2r__list__item__gallery n2r__slider\">\n    <div class=\"slide-item\"><img data-lazy=\"https:\/\/files.net2rent.com\/pfiles\/119\/9000\/309121-o-m.jpg\" alt=\"130 CAN FINA - D\u00daPLEX \u00c0tic 1\u00aa LINIA - PORT PELEGRI Calella De Palafrugell\" title=\"130 CAN FINA - D\u00daPLEX \u00c0tic 1\u00aa LINIA - PORT PELEGRI Calella De Palafrugell\"><\/div>  <\/div>\n\n  <div class=\"n2r__list__item__info\">\n    <div class=\"n2r__list__item__title\">\n      <h2 class=\"n2r__list__item__name\">\n        <a href=\"https:\/\/www.portcalella.com\/ca\/immoble-de-lloguer-detalladament\/lloguer-atic-can-fina-duplex-calella-de-palafrugell-9000\/?checkin=2026-04-30&#038;checkout=2026-05-04\">\u00c0tic d\u00faplex amb vistes a la mar, davant de la platja de Port Pelegr\u00ed de Calella de Palafrugell<\/a>\n      <\/h2>\n      <div class=\"n2r__list__item__category\">Tur\u00edstic<\/div>    <\/div>\n    <div class=\"n2r__list__item__title\">\n      <div class=\"n2r__list__item__reference\">Ref: 130<\/div>\n      <div class=\"n2r__list__item__turisticreference\">HUTG-009667-30<\/div>      <div class=\"n2r__list__item__city\">Calella de Palafrugell<\/div>\n              <div class=\"n2r__list__item__rating\">\n          <div class=\"n2r__rating\">\n            <div class=\"n2r__rating__complete\" style=\"width:82%\"><\/div>\n          <\/div>\n        <\/div>\n          <\/div>\n    <div class=\"n2r__list__item__features\">\n      <div class=\"n2r__list__item__feature n2r__list__item__feature--rooms\" title=\"2 habitacions\"><i class=\"n2r_room\"><\/i> 2<\/div><div class=\"n2r__list__item__feature n2r__list__item__feature--capacity\" title=\"6 pax\"><i class=\"n2r_people\"><\/i> 6<\/div><div class=\"n2r__list__item__feature n2r__list__item__feature--bathrooms\" title=\"2 lavabos\"><i class=\"n2r_toilet\"><\/i> 2<\/div><div class=\"n2r__list__item__feature n2r__list__item__feature--terrace\" title=\"terrassa\"><i class=\"n2r_terrace\"><\/i> <\/div><div class=\"n2r__list__item__feature n2r__list__item__feature--sea_distance\" title=\"Dist\u00e0ncia al mar\"><i class=\"n2r_sea_distance\"><\/i> 25 m<\/div><div class=\"n2r__list__item__feature n2r__list__item__feature--wifi\" title=\"WIFI\"><i class=\"n2r_properties_equipment_wifi\"><\/i> <\/div><div class=\"n2r__list__item__feature n2r__list__item__feature--tv\" title=\"TV\"><i class=\"n2r_properties_equipment_tv\"><\/i> <\/div><div class=\"n2r__list__item__feature n2r__list__item__feature--heating\" title=\"Calefacci\u00f3\"><i class=\"n2r_properties_equipment_heating\"><\/i> <\/div><div class=\"n2r__list__item__feature n2r__list__item__feature--air_conditioning\" title=\"Aire condicionat\"><i class=\"n2r_properties_equipment_air_conditioning\"><\/i> <\/div>    <\/div>\n    <div class=\"n2r__list__item__description\">\u00c0tic d\u00faplex a primera l\u00ednia de mar, situat davant de la platja del Port Pelegr\u00ed, al encantador poble de Calella de Palafrugell, Costa Brava.\r\nDistribuci\u00f3 de l\u2019\u00c0tic D\u00faplex:\r\nPlanta Principal:\r\n\r\nHabitaci\u00f3 doble amb dos llits individuals.\r\nBany complet amb banyera.\r\nCuina semioberta al sal\u00f3-menjador.\r\nTerrassa privada amb espectaculars vistes al mar i a la platja del Port Pelegr\u00ed.\r\n\r\nPlanta Superior:\r\n\r\nSegona habitaci\u00f3 amb dos llits individuals, sof\u00e0 llit i bany complet amb plat de dutxa.\r\n\r\nAvantatges i Ubicaci\u00f3:\r\n\r\nUbicaci\u00f3 excel\u00b7lent:\r\n\r\nA pocs passos de les principals platges de Calella de Palafrugell.\r\nMolt a prop del principal supermercat i del centre del poble.\r\n\r\n\r\nComoditats incloses:\r\n\r\nRoba de llit inclosa en el preu.\r\nAire condicionat disponible amb un cost addicional de 60 \u20ac\/setmana.\r\n\r\n\r\n<\/div>\n    <div class=\"n2r__list__item__footer\">\n      <div class=\"n2r__list__item__price\"><div class=\"n2r__list__item__price__offers\"><div class=\"n2r__list__item__price__offer\">\n          <span class=\"n2r__list__item__price__offer__amount n2r__list__item__price__offer__amount--original\">585 \u20ac<\/span>\n          <span class=\"n2r__list__item__price__offer__amount\">\n            475 \u20ac\n          <\/span>\n          <span class=\"n2r__list__item__price__offer__dates\">\n            Des de 30\/04\/2026 A 04\/05\/2026\n          <\/span>\n          <span class=\"n2r__list__item__price__offer__conditions\">\n            \n          <\/span>\n        <\/div><\/div><\/div>    <\/div>\n  <\/div>\n  <a class=\"n2r__list__item__link\" href=\"https:\/\/www.portcalella.com\/ca\/immoble-de-lloguer-detalladament\/lloguer-atic-can-fina-duplex-calella-de-palafrugell-9000\/?checkin=2026-04-30&#038;checkout=2026-05-04\">M\u00e9s detalls<\/a>\n  <\/div><div class=\"n2r__list__item n2r__clickable   n2r__safeandclean\" data-id=\"9016\">\n  <span class=\"n2r__list__item__label n2r__list__item__label--offer\">Oferta<\/span>  <div class=\"n2r__list__item__gallery n2r__slider\">\n    <div class=\"slide-item\"><img data-lazy=\"https:\/\/files.net2rent.com\/pfiles\/119\/9016\/475136-o-m.jpg\" alt=\"025 PENYA GOLOSA Apartament CENTRE - PENYA GOLOSA - E Calella de Palafrugell\" title=\"025 PENYA GOLOSA Apartament CENTRE - PENYA GOLOSA - E Calella de Palafrugell\"><\/div>  <\/div>\n\n  <div class=\"n2r__list__item__info\">\n    <div class=\"n2r__list__item__title\">\n      <h2 class=\"n2r__list__item__name\">\n        <a href=\"https:\/\/www.portcalella.com\/ca\/immoble-de-lloguer-detalladament\/lloguer-apartament-penya-golosa-calella-de-palafrugell-9016\/?checkin=2026-04-30&#038;checkout=2026-05-04\">Planta baixa amb gran terrassa, piscina comunitaria i pista de tennis a nom\u00e9s 175 m de la platja del Port Pelegri de Calella de Palafrugell<\/a>\n      <\/h2>\n      <div class=\"n2r__list__item__category\">Tur\u00edstic<\/div>    <\/div>\n    <div class=\"n2r__list__item__title\">\n      <div class=\"n2r__list__item__reference\">Ref: 025<\/div>\n      <div class=\"n2r__list__item__turisticreference\">HUTG-009666-36<\/div>      <div class=\"n2r__list__item__city\">Calella de Palafrugell<\/div>\n              <div class=\"n2r__list__item__rating\">\n          <div class=\"n2r__rating\">\n            <div class=\"n2r__rating__complete\" style=\"width:82%\"><\/div>\n          <\/div>\n        <\/div>\n          <\/div>\n    <div class=\"n2r__list__item__features\">\n      <div class=\"n2r__list__item__feature n2r__list__item__feature--rooms\" title=\"2 habitacions\"><i class=\"n2r_room\"><\/i> 2<\/div><div class=\"n2r__list__item__feature n2r__list__item__feature--capacity\" title=\"5 pax\"><i class=\"n2r_people\"><\/i> 5<\/div><div class=\"n2r__list__item__feature n2r__list__item__feature--bathrooms\" title=\"1 lavabos\"><i class=\"n2r_toilet\"><\/i> 1<\/div><div class=\"n2r__list__item__feature n2r__list__item__feature--terrace\" title=\"terrassa\"><i class=\"n2r_terrace\"><\/i> <\/div><div class=\"n2r__list__item__feature n2r__list__item__feature--sea_distance\" title=\"Dist\u00e0ncia al mar\"><i class=\"n2r_sea_distance\"><\/i> 175 m<\/div><div class=\"n2r__list__item__feature n2r__list__item__feature--pool\" title=\"piscina\"><i class=\"n2r_swimming_pool\"><\/i> <\/div><div class=\"n2r__list__item__feature n2r__list__item__feature--wifi\" title=\"WIFI\"><i class=\"n2r_properties_equipment_wifi\"><\/i> <\/div><div class=\"n2r__list__item__feature n2r__list__item__feature--tv\" title=\"TV\"><i class=\"n2r_properties_equipment_tv\"><\/i> <\/div><div class=\"n2r__list__item__feature n2r__list__item__feature--heating\" title=\"Calefacci\u00f3\"><i class=\"n2r_properties_equipment_heating\"><\/i> <\/div><div class=\"n2r__list__item__feature n2r__list__item__feature--air_conditioning\" title=\"Aire condicionat\"><i class=\"n2r_properties_equipment_air_conditioning\"><\/i> <\/div>    <\/div>\n    <div class=\"n2r__list__item__description\">Apartament reformat (2010) en planta baixa a Calella de Palafrugell, amb capacitat per a 5 persones. Ideal per gaudir d&#039;unes vacances a la Costa Brava, combina comoditat, ubicaci\u00f3 privilegiada i serveis excepcionals.\r\nL&#039;apartament disposa de:\r\n\r\nDues habitacions: una amb llit de matrimoni i l&#039;altra amb dos llits individuals.\r\nSof\u00e0 llit al menjador, perfecte per a un hoste addicional.\r\nCuina independent totalment equipada amb electrodom\u00e8stics moderns.\r\nBany complet amb dutxa.\r\nAmpli menjador amb acc\u00e9s directe a una gran terrassa privada, ideal per descansar a l&#039;aire lliure.\r\n\r\nA m\u00e9s, l&#039;apartament inclou aire condicionat i WI-FI gratu\u00eft, garantint el m\u00e0xim confort durant la teva estada.\r\nServeis i ubicaci\u00f3 destacats:Situat dins d&#039;una comunitat tranquil\u00b7la i familiar, podr\u00e0s gaudir de:\r\n\r\nPiscina comunit\u00e0ria, per refrescar-te a l&#039;estiu.\r\nPista de tennis, ideal per als amants de l&#039;esport.\r\n\r\nUbicaci\u00f3 immillorable:\r\n\r\nA nom\u00e9s 175 metres de la platja Port Pelegr\u00ed, una de les cales m\u00e9s boniques de la Costa Brava.\r\nA 100 metres del supermercat principal del poble, facilitant les teves compres di\u00e0ries.\r\n\r\nAquest apartament \u00e9s perfecte per a aquells que busquen unes vacances relaxants a prop del mar, al encantador poble de Calella de Palafrugell. La seva proximitat a la platja, els serveis i les activitats el converteixen en una opci\u00f3 ideal per a fam\u00edlies.<\/div>\n    <div class=\"n2r__list__item__footer\">\n      <div class=\"n2r__list__item__price\"><div class=\"n2r__list__item__price__offers\"><div class=\"n2r__list__item__price__offer\">\n          <span class=\"n2r__list__item__price__offer__amount n2r__list__item__price__offer__amount--original\">495 \u20ac<\/span>\n          <span class=\"n2r__list__item__price__offer__amount\">\n            425 \u20ac\n          <\/span>\n          <span class=\"n2r__list__item__price__offer__dates\">\n            Des de 30\/04\/2026 A 04\/05\/2026\n          <\/span>\n          <span class=\"n2r__list__item__price__offer__conditions\">\n            \n          <\/span>\n        <\/div><\/div><\/div>    <\/div>\n  <\/div>\n  <a class=\"n2r__list__item__link\" href=\"https:\/\/www.portcalella.com\/ca\/immoble-de-lloguer-detalladament\/lloguer-apartament-penya-golosa-calella-de-palafrugell-9016\/?checkin=2026-04-30&#038;checkout=2026-05-04\">M\u00e9s detalls<\/a>\n  <\/div><div class=\"n2r__list__item n2r__clickable   n2r__safeandclean\" data-id=\"9018\">\n  <span class=\"n2r__list__item__label n2r__list__item__label--offer\">Oferta<\/span>  <div class=\"n2r__list__item__gallery n2r__slider\">\n    <div class=\"slide-item\"><img data-lazy=\"https:\/\/files.net2rent.com\/pfiles\/119\/9018\/126089-o-m.jpg\" alt=\"085 ESLORA Apartament Port Pelegr\u00ed Calella De Palafrugell\" title=\"085 ESLORA Apartament Port Pelegr\u00ed Calella De Palafrugell\"><\/div>  <\/div>\n\n  <div class=\"n2r__list__item__info\">\n    <div class=\"n2r__list__item__title\">\n      <h2 class=\"n2r__list__item__name\">\n        <a href=\"https:\/\/www.portcalella.com\/ca\/immoble-de-lloguer-detalladament\/lloguer-apartament-eslora-calella-de-palafrugell-9018\/?checkin=2026-04-30&#038;checkout=2026-05-04\">Apartament C\u00e9ntric i funcional per 4-6 persones i amb parking, a Calella de Palafrugell<\/a>\n      <\/h2>\n      <div class=\"n2r__list__item__category\">Tur\u00edstic<\/div>    <\/div>\n    <div class=\"n2r__list__item__title\">\n      <div class=\"n2r__list__item__reference\">Ref: 085-E-6<\/div>\n      <div class=\"n2r__list__item__turisticreference\">HUTG-016867-74<\/div>      <div class=\"n2r__list__item__city\">Calella de Palafrugell<\/div>\n              <div class=\"n2r__list__item__rating\">\n          <div class=\"n2r__rating\">\n            <div class=\"n2r__rating__complete\" style=\"width:0%\"><\/div>\n          <\/div>\n        <\/div>\n          <\/div>\n    <div class=\"n2r__list__item__features\">\n      <div class=\"n2r__list__item__feature n2r__list__item__feature--rooms\" title=\"2 habitacions\"><i class=\"n2r_room\"><\/i> 2<\/div><div class=\"n2r__list__item__feature n2r__list__item__feature--capacity\" title=\"6 pax\"><i class=\"n2r_people\"><\/i> 6<\/div><div class=\"n2r__list__item__feature n2r__list__item__feature--bathrooms\" title=\"2 lavabos\"><i class=\"n2r_toilet\"><\/i> 2<\/div><div class=\"n2r__list__item__feature n2r__list__item__feature--terrace\" title=\"terrassa\"><i class=\"n2r_terrace\"><\/i> <\/div><div class=\"n2r__list__item__feature n2r__list__item__feature--parking\" title=\"Aparcament\"><i class=\"n2r_parking\"><\/i> <\/div><div class=\"n2r__list__item__feature n2r__list__item__feature--sea_distance\" title=\"Dist\u00e0ncia al mar\"><i class=\"n2r_sea_distance\"><\/i> 150 m<\/div><div class=\"n2r__list__item__feature n2r__list__item__feature--wifi\" title=\"WIFI\"><i class=\"n2r_properties_equipment_wifi\"><\/i> <\/div><div class=\"n2r__list__item__feature n2r__list__item__feature--tv\" title=\"TV\"><i class=\"n2r_properties_equipment_tv\"><\/i> <\/div><div class=\"n2r__list__item__feature n2r__list__item__feature--heating\" title=\"Calefacci\u00f3\"><i class=\"n2r_properties_equipment_heating\"><\/i> <\/div><div class=\"n2r__list__item__feature n2r__list__item__feature--air_conditioning\" title=\"Aire condicionat\"><i class=\"n2r_properties_equipment_air_conditioning\"><\/i> <\/div><div class=\"n2r__list__item__feature n2r__list__item__feature--pets\" title=\"Permet mascotes\"><i class=\"n2r_pets\"><\/i> <\/div>    <\/div>\n    <div class=\"n2r__list__item__description\">Apartament situat en segon pis (i \u00faltim) al centre de Calella de Palafrugell a 150 metres de la platja del Port Pelegr\u00ed i a tan sols 50 metres del supermercat (Spar). L&#039;immoble est\u00e0 distribu\u00eft en dues habitacions dobles, cadascuna d&#039;elles amb dos llits individuals. L&#039;apartament disposa d&#039;un bany complet amb banyera i d&#039;un petit lavabo, cuina americana oberta al menjador equipada amb utillatge de cuina, forn, encimera el\u00e8ctrica, microones, torradora, rentadora de roba, rentaplats i nevera-congelador. Finalment, sal\u00f3-menjador amb sof\u00e0 llit (2 places) i TV, amb sortida a una gran terrassa amb vistes a la zona del parc infantil.\u00a0<\/div>\n    <div class=\"n2r__list__item__footer\">\n      <div class=\"n2r__list__item__price\"><div class=\"n2r__list__item__price__offers\"><div class=\"n2r__list__item__price__offer\">\n          <span class=\"n2r__list__item__price__offer__amount n2r__list__item__price__offer__amount--original\">450 \u20ac<\/span>\n          <span class=\"n2r__list__item__price__offer__amount\">\n            375 \u20ac\n          <\/span>\n          <span class=\"n2r__list__item__price__offer__dates\">\n            Des de 30\/04\/2026 A 04\/05\/2026\n          <\/span>\n          <span class=\"n2r__list__item__price__offer__conditions\">\n            \n          <\/span>\n        <\/div><\/div><\/div>    <\/div>\n  <\/div>\n  <a class=\"n2r__list__item__link\" href=\"https:\/\/www.portcalella.com\/ca\/immoble-de-lloguer-detalladament\/lloguer-apartament-eslora-calella-de-palafrugell-9018\/?checkin=2026-04-30&#038;checkout=2026-05-04\">M\u00e9s detalls<\/a>\n  <\/div><div class=\"n2r__list__item n2r__clickable   n2r__safeandclean\" data-id=\"9058\">\n  <span class=\"n2r__list__item__label n2r__list__item__label--offer\">Oferta<\/span>  <div class=\"n2r__list__item__gallery n2r__slider\">\n    <div class=\"slide-item\"><img data-lazy=\"https:\/\/files.net2rent.com\/pfiles\/119\/9058\/206687-o-m.jpg\" alt=\"049 MIRAMAR Apartament 1\u00aa LINIA Calella De Palafrugell\" title=\"049 MIRAMAR Apartament 1\u00aa LINIA Calella De Palafrugell\"><\/div>  <\/div>\n\n  <div class=\"n2r__list__item__info\">\n    <div class=\"n2r__list__item__title\">\n      <h2 class=\"n2r__list__item__name\">\n        <a href=\"https:\/\/www.portcalella.com\/ca\/immoble-de-lloguer-detalladament\/lloguer-apartament-miramar-calella-de-palafrugell-9058\/?checkin=2026-04-30&#038;checkout=2026-05-04\">Apartament a primera l\u00ednea de mar a les Voltes de Calella de Palafrugell<\/a>\n      <\/h2>\n      <div class=\"n2r__list__item__category\">Tur\u00edstic<\/div>    <\/div>\n    <div class=\"n2r__list__item__title\">\n      <div class=\"n2r__list__item__reference\">Ref: 049<\/div>\n      <div class=\"n2r__list__item__turisticreference\">HUTG-016569-94<\/div>      <div class=\"n2r__list__item__city\">Calella de Palafrugell<\/div>\n              <div class=\"n2r__list__item__rating\">\n          <div class=\"n2r__rating\">\n            <div class=\"n2r__rating__complete\" style=\"width:85%\"><\/div>\n          <\/div>\n        <\/div>\n          <\/div>\n    <div class=\"n2r__list__item__features\">\n      <div class=\"n2r__list__item__feature n2r__list__item__feature--rooms\" title=\"3 habitacions\"><i class=\"n2r_room\"><\/i> 3<\/div><div class=\"n2r__list__item__feature n2r__list__item__feature--capacity\" title=\"6 pax\"><i class=\"n2r_people\"><\/i> 6<\/div><div class=\"n2r__list__item__feature n2r__list__item__feature--bathrooms\" title=\"1 lavabos\"><i class=\"n2r_toilet\"><\/i> 1<\/div><div class=\"n2r__list__item__feature n2r__list__item__feature--sea_distance\" title=\"Dist\u00e0ncia al mar\"><i class=\"n2r_sea_distance\"><\/i> 0 m<\/div><div class=\"n2r__list__item__feature n2r__list__item__feature--wifi\" title=\"WIFI\"><i class=\"n2r_properties_equipment_wifi\"><\/i> <\/div><div class=\"n2r__list__item__feature n2r__list__item__feature--tv\" title=\"TV\"><i class=\"n2r_properties_equipment_tv\"><\/i> <\/div><div class=\"n2r__list__item__feature n2r__list__item__feature--heating\" title=\"Calefacci\u00f3\"><i class=\"n2r_properties_equipment_heating\"><\/i> <\/div>    <\/div>\n    <div class=\"n2r__list__item__description\">A sobre la sorra de la platja del Port-Bo hi ha aquest c\u00f3mode apartament, situat a sota de les famoses Voltes de Calella de Palafrugell, Costa Brava. Amb acc\u00e9s directe a la platja , disposa de tres habitacions , una amb un llit de matrimoni , l&#039;altra amb llitera i una tercera amb un llit individual . En el menjador hi ha sof\u00e1 llit i TV . El bany amb c\u00f3mode dutxa i la cuina equipada amb rentadora, rentaplats , nevera, microones , placa de vitrocer\u00e1mica i forn. L&#039;apartament disposa de Wi-Fi gratuit. La seva situaci\u00f3 \u00e9s una de les millors de Calella de Palafrugell , al centre del poble i a 1 minut a peu dels restaurants i petits comer\u00e7os de la zona i en un ambient mariner d&#039;estiu i platja a la Costa Brava.ATENCI\u00d3!!! : Els 5 dies previs i els 3 posteriors al primer dissabte del mes de juliol, hi ha el muntatge i el desmuntatge de les graderies del festival d&#039;Havaneres de Calella de Palafrugell. Per tant, el preu de la setmana es veu redu\u00eft ateses les circumst\u00e0ncies.<\/div>\n    <div class=\"n2r__list__item__footer\">\n      <div class=\"n2r__list__item__price\"><div class=\"n2r__list__item__price__offers\"><div class=\"n2r__list__item__price__offer\">\n          <span class=\"n2r__list__item__price__offer__amount n2r__list__item__price__offer__amount--original\">650 \u20ac<\/span>\n          <span class=\"n2r__list__item__price__offer__amount\">\n            510 \u20ac\n          <\/span>\n          <span class=\"n2r__list__item__price__offer__dates\">\n            Des de 30\/04\/2026 A 04\/05\/2026\n          <\/span>\n          <span class=\"n2r__list__item__price__offer__conditions\">\n            \n          <\/span>\n        <\/div><\/div><\/div>    <\/div>\n  <\/div>\n  <a class=\"n2r__list__item__link\" href=\"https:\/\/www.portcalella.com\/ca\/immoble-de-lloguer-detalladament\/lloguer-apartament-miramar-calella-de-palafrugell-9058\/?checkin=2026-04-30&#038;checkout=2026-05-04\">M\u00e9s detalls<\/a>\n  <\/div><div class=\"n2r__list__item n2r__clickable   n2r__safeandclean\" data-id=\"16836\">\n  <span class=\"n2r__list__item__label n2r__list__item__label--offer\">Oferta<\/span>  <div class=\"n2r__list__item__gallery n2r__slider\">\n    <div class=\"slide-item\"><img data-lazy=\"https:\/\/files.net2rent.com\/pfiles\/119\/16836\/363214-o-m.jpg\" alt=\"047P Puig de l&#039;Artiga Apartament PUIG DE L&#039;ARTIGA - SANT ROC Calella de Palafrugell\" title=\"047P Puig de l&#039;Artiga Apartament PUIG DE L&#039;ARTIGA - SANT ROC Calella de Palafrugell\"><\/div>  <\/div>\n\n  <div class=\"n2r__list__item__info\">\n    <div class=\"n2r__list__item__title\">\n      <h2 class=\"n2r__list__item__name\">\n        <a href=\"https:\/\/www.portcalella.com\/ca\/immoble-de-lloguer-detalladament\/lloguer-apartament-puig-de-l-artiga-calella-de-palafrugell-16836\/?checkin=2026-04-30&#038;checkout=2026-05-04\">Apartament amb vistes al mar, gran terrassa, p\u00e0rquing, piscina i tennis a Calella de Palafrugell<\/a>\n      <\/h2>\n          <\/div>\n    <div class=\"n2r__list__item__title\">\n      <div class=\"n2r__list__item__reference\">Ref: 047P<\/div>\n      <div class=\"n2r__list__item__turisticreference\">HUTG-067562-18<\/div>      <div class=\"n2r__list__item__city\">Calella de Palafrugell<\/div>\n              <div class=\"n2r__list__item__rating\">\n          <div class=\"n2r__rating\">\n            <div class=\"n2r__rating__complete\" style=\"width:100%\"><\/div>\n          <\/div>\n        <\/div>\n          <\/div>\n    <div class=\"n2r__list__item__features\">\n      <div class=\"n2r__list__item__feature n2r__list__item__feature--rooms\" title=\"3 habitacions\"><i class=\"n2r_room\"><\/i> 3<\/div><div class=\"n2r__list__item__feature n2r__list__item__feature--capacity\" title=\"6 pax\"><i class=\"n2r_people\"><\/i> 6<\/div><div class=\"n2r__list__item__feature n2r__list__item__feature--bathrooms\" title=\"2 lavabos\"><i class=\"n2r_toilet\"><\/i> 2<\/div><div class=\"n2r__list__item__feature n2r__list__item__feature--terrace\" title=\"terrassa\"><i class=\"n2r_terrace\"><\/i> <\/div><div class=\"n2r__list__item__feature n2r__list__item__feature--parking\" title=\"Aparcament\"><i class=\"n2r_parking\"><\/i> <\/div><div class=\"n2r__list__item__feature n2r__list__item__feature--sea_distance\" title=\"Dist\u00e0ncia al mar\"><i class=\"n2r_sea_distance\"><\/i> 500 m<\/div><div class=\"n2r__list__item__feature n2r__list__item__feature--pool\" title=\"piscina\"><i class=\"n2r_swimming_pool\"><\/i> <\/div><div class=\"n2r__list__item__feature n2r__list__item__feature--wifi\" title=\"WIFI\"><i class=\"n2r_properties_equipment_wifi\"><\/i> <\/div><div class=\"n2r__list__item__feature n2r__list__item__feature--tv\" title=\"TV\"><i class=\"n2r_properties_equipment_tv\"><\/i> <\/div>    <\/div>\n    <div class=\"n2r__list__item__description\">Apartament amb precioses vistes al mar, dins d&#039;una comunitat d&#039;ambient familiar que disposa de gran piscina comunit\u00e0ria amb zona enjardinada i pista de tennis.\r\n\u00a0\r\nL&#039;apartament es troba en una primera planta, aquest consta de tres habitacions dobles, amb dos llits individuals cadascuna, dos banys complets, un amb plat de dutxa i l\u00b4altre amb banyera, aix\u00ed com una \u00e0mplia cuina.\r\n\u00a0\r\nTot seguit trobarem un ampli menjador amb sortida directa a la gran terrassa on poder gaudir de les espectaculars vistes al mar.<\/div>\n    <div class=\"n2r__list__item__footer\">\n      <div class=\"n2r__list__item__price\"><div class=\"n2r__list__item__price__offers\"><div class=\"n2r__list__item__price__offer\">\n          <span class=\"n2r__list__item__price__offer__amount n2r__list__item__price__offer__amount--original\">1.075 \u20ac<\/span>\n          <span class=\"n2r__list__item__price__offer__amount\">\n            525 \u20ac\n          <\/span>\n          <span class=\"n2r__list__item__price__offer__dates\">\n            Des de 30\/04\/2026 A 04\/05\/2026\n          <\/span>\n          <span class=\"n2r__list__item__price__offer__conditions\">\n            \n          <\/span>\n        <\/div><\/div><\/div>    <\/div>\n  <\/div>\n  <a class=\"n2r__list__item__link\" href=\"https:\/\/www.portcalella.com\/ca\/immoble-de-lloguer-detalladament\/lloguer-apartament-puig-de-l-artiga-calella-de-palafrugell-16836\/?checkin=2026-04-30&#038;checkout=2026-05-04\">M\u00e9s detalls<\/a>\n  <\/div><div class=\"n2r__list__item n2r__clickable   n2r__safeandclean\" data-id=\"16845\">\n  <span class=\"n2r__list__item__label n2r__list__item__label--offer\">Oferta<\/span><span class=\"n2r__list__item__icon n2r__list__item__icon--withvideo\" title=\"T\u00e9 v\u00eddeo\"><i class=\"fas fa-video\"><\/i><\/span>  <div class=\"n2r__list__item__gallery n2r__slider\">\n    <div class=\"slide-item\"><img data-lazy=\"https:\/\/img.youtube.com\/vi\/GJbm3Q1XkZI\/0.jpg\" alt=\"058E ESTRABAU \u00c0tic  Calella de Palafrugell\" title=\"058E ESTRABAU \u00c0tic  Calella de Palafrugell\"><\/div>  <\/div>\n\n  <div class=\"n2r__list__item__info\">\n    <div class=\"n2r__list__item__title\">\n      <h2 class=\"n2r__list__item__name\">\n        <a href=\"https:\/\/www.portcalella.com\/ca\/immoble-de-lloguer-detalladament\/lloguer-atic-estrabau-calella-de-palafrugell-16845\/?checkin=2026-04-30&#038;checkout=2026-05-04\">Duplex a primera l\u00ednia de mar, amb p\u00e0rquing i espectaculars vistes al mar al centre de Calella de Palafrugell<\/a>\n      <\/h2>\n          <\/div>\n    <div class=\"n2r__list__item__title\">\n      <div class=\"n2r__list__item__reference\">Ref: 058E<\/div>\n      <div class=\"n2r__list__item__turisticreference\">HUTG-070267-94<\/div>      <div class=\"n2r__list__item__city\">Calella de Palafrugell<\/div>\n              <div class=\"n2r__list__item__rating\">\n          <div class=\"n2r__rating\">\n            <div class=\"n2r__rating__complete\" style=\"width:90%\"><\/div>\n          <\/div>\n        <\/div>\n          <\/div>\n    <div class=\"n2r__list__item__features\">\n      <div class=\"n2r__list__item__feature n2r__list__item__feature--rooms\" title=\"4 habitacions\"><i class=\"n2r_room\"><\/i> 4<\/div><div class=\"n2r__list__item__feature n2r__list__item__feature--capacity\" title=\"8 pax\"><i class=\"n2r_people\"><\/i> 8<\/div><div class=\"n2r__list__item__feature n2r__list__item__feature--bathrooms\" title=\"3 lavabos\"><i class=\"n2r_toilet\"><\/i> 3<\/div><div class=\"n2r__list__item__feature n2r__list__item__feature--terrace\" title=\"terrassa\"><i class=\"n2r_terrace\"><\/i> <\/div><div class=\"n2r__list__item__feature n2r__list__item__feature--parking\" title=\"Aparcament\"><i class=\"n2r_parking\"><\/i> <\/div><div class=\"n2r__list__item__feature n2r__list__item__feature--sea_distance\" title=\"Dist\u00e0ncia al mar\"><i class=\"n2r_sea_distance\"><\/i> 20 m<\/div><div class=\"n2r__list__item__feature n2r__list__item__feature--wifi\" title=\"WIFI\"><i class=\"n2r_properties_equipment_wifi\"><\/i> <\/div><div class=\"n2r__list__item__feature n2r__list__item__feature--tv\" title=\"TV\"><i class=\"n2r_properties_equipment_tv\"><\/i> <\/div><div class=\"n2r__list__item__feature n2r__list__item__feature--air_conditioning\" title=\"Aire condicionat\"><i class=\"n2r_properties_equipment_air_conditioning\"><\/i> <\/div>    <\/div>\n    <div class=\"n2r__list__item__description\">D\u00faplex a primera l\u00ednia de mar amb espectaculars vistes al mar i al poble de Calella de Palafrugell.\r\n\u00a0\r\nL&#039;apartament de distribueix en dues plantes, a la primera entrant a l&#039;apartament trobem un bany de cortesia amb banyera, a continuaci\u00f3 trobem un passad\u00eds distribu\u00efdor, que a m\u00e0 esquerra ens porta a les habitacions de la planta principal. Trobem dues habitacions, les dues dobles i un bany compartit amb banyera.\r\nSeguint el passad\u00eds arribem al sal\u00f3 menjador, on trobem la cuina, independent, amb rebost, i finalment la sortida a la gran terrassa amb espectaculars vistes sobre les platges i sobre el poble de Calella de Palafrugell.\r\n\u00a0\r\nPujant les escales trobem dues habitacions, les dues dobles una amb un llit niu i sortida a una terrassa posterior i l&#039;altra la suite principal amb llit de matrimoni i sortida a la terrassa frontal amb espectaculars vistes, les dues habitacions comparteixen acc\u00e9s al bany amb plat de dutxa.\r\n\u00a0\r\nAquesta propietat gaudeix tant d\u00b4unes vistes com d\u00b4una ubicaci\u00f3 privilegiada comptant tamb\u00e9 amb una pla\u00e7a d\u00b4aparcament privada a nom\u00e9s 250 m de l\u00b4apartament.<\/div>\n    <div class=\"n2r__list__item__footer\">\n      <div class=\"n2r__list__item__price\"><div class=\"n2r__list__item__price__offers\"><div class=\"n2r__list__item__price__offer\">\n          <span class=\"n2r__list__item__price__offer__amount n2r__list__item__price__offer__amount--original\">1.065 \u20ac<\/span>\n          <span class=\"n2r__list__item__price__offer__amount\">\n            925 \u20ac\n          <\/span>\n          <span class=\"n2r__list__item__price__offer__dates\">\n            Des de 30\/04\/2026 A 04\/05\/2026\n          <\/span>\n          <span class=\"n2r__list__item__price__offer__conditions\">\n            \n          <\/span>\n        <\/div><\/div><\/div>    <\/div>\n  <\/div>\n  <a class=\"n2r__list__item__link\" href=\"https:\/\/www.portcalella.com\/ca\/immoble-de-lloguer-detalladament\/lloguer-atic-estrabau-calella-de-palafrugell-16845\/?checkin=2026-04-30&#038;checkout=2026-05-04\">M\u00e9s detalls<\/a>\n  <\/div>    <\/div>\n    <div class=\"n2r__list__map \">\n  <div class=\"n2r__sticky\">\n    <div id=\"n2r__list__map__googlemaps\" class=\"n2r__googlemaps\" data-n2r-scrollwheel=\"0\" data-n2r-markerclustererimage=\"https:\/\/www.portcalella.com\/wp-content\/plugins\/net2rent-wp-plugin\/\/assets\/js\/googlemaps\/images\/m\"   data-n2r-markerimage=\"https:\/\/www.portcalella.com\/wp-content\/plugins\/net2rent-wp-plugin\/\/assets\/images\/map_position.png\" data-n2r-markers=\"[{&quot;id&quot;:&quot;8981&quot;,&quot;latitude&quot;:41.889220999999999,&quot;longitude&quot;:3.181041,&quot;link&quot;:&quot;https:\\\/\\\/www.portcalella.com\\\/ca\\\/immoble-de-lloguer-detalladament\\\/lloguer-apartament-penya-golosa-calella-de-palafrugell-8981\\\/?checkin=2026-04-30&amp;checkout=2026-05-04&quot;,&quot;infoWindow&quot;:{&quot;image&quot;:&quot;https:\\\/\\\/files.net2rent.com\\\/pfiles\\\/119\\\/8981\\\/112110-o-m.jpg&quot;,&quot;title&quot;:&quot;C\\u00e9ntric apartament amb piscina comunitaria i aprop de la platja de Port Pelegri a Calella de Palafrugell&quot;,&quot;description&quot;:&quot;\\u003Cdiv\\u003E\\u003Cdiv class=\\&quot;n2r__list__item__feature n2r__list__item__feature--rooms\\&quot; title=\\&quot;2 habitacions\\&quot;\\u003E\\u003Ci class=\\&quot;n2r_room\\&quot;\\u003E\\u003C\\\/i\\u003E 2\\u003C\\\/div\\u003E\\u003Cdiv class=\\&quot;n2r__list__item__feature n2r__list__item__feature--capacity\\&quot; title=\\&quot;5 pax\\&quot;\\u003E\\u003Ci class=\\&quot;n2r_people\\&quot;\\u003E\\u003C\\\/i\\u003E 5\\u003C\\\/div\\u003E\\u003C\\\/div\\u003E\\u003Cdiv\\u003E\\u003Cdiv class=\\&quot;n2r__list__item__price\\&quot;\\u003E\\u003Cdiv class=\\&quot;n2r__list__item__price__offers\\&quot;\\u003E\\u003Cdiv class=\\&quot;n2r__list__item__price__offer\\&quot;\\u003E\\n          \\u003Cspan class=\\&quot;n2r__list__item__price__offer__amount n2r__list__item__price__offer__amount--original\\&quot;\\u003E485 \\u20ac\\u003C\\\/span\\u003E\\n          \\u003Cspan class=\\&quot;n2r__list__item__price__offer__amount\\&quot;\\u003E\\n            395 \\u20ac\\n          \\u003C\\\/span\\u003E\\n          \\u003Cspan class=\\&quot;n2r__list__item__price__offer__dates\\&quot;\\u003E\\n            Des de 30\\\/04\\\/2026 A 04\\\/05\\\/2026\\n          \\u003C\\\/span\\u003E\\n          \\u003Cspan class=\\&quot;n2r__list__item__price__offer__conditions\\&quot;\\u003E\\n            \\n          \\u003C\\\/span\\u003E\\n        \\u003C\\\/div\\u003E\\u003C\\\/div\\u003E\\u003C\\\/div\\u003E\\u003C\\\/div\\u003E&quot;}},{&quot;id&quot;:&quot;8987&quot;,&quot;latitude&quot;:41.892924999999998,&quot;longitude&quot;:3.1902550000000001,&quot;link&quot;:&quot;https:\\\/\\\/www.portcalella.com\\\/ca\\\/immoble-de-lloguer-detalladament\\\/lloguer-apartament-punta-d-en-blanc-llafranc-llafranc-8987\\\/?checkin=2026-04-30&amp;checkout=2026-05-04&quot;,&quot;infoWindow&quot;:{&quot;image&quot;:&quot;https:\\\/\\\/files.net2rent.com\\\/pfiles\\\/119\\\/8987\\\/574974-wM-o-m.jpg&quot;,&quot;title&quot;:&quot;Apartament a Llafranc amb piscina, terrassa i a 250\\u202fm de la platja&quot;,&quot;description&quot;:&quot;\\u003Cdiv\\u003E\\u003Cdiv class=\\&quot;n2r__list__item__feature n2r__list__item__feature--rooms\\&quot; title=\\&quot;2 habitacions\\&quot;\\u003E\\u003Ci class=\\&quot;n2r_room\\&quot;\\u003E\\u003C\\\/i\\u003E 2\\u003C\\\/div\\u003E\\u003Cdiv class=\\&quot;n2r__list__item__feature n2r__list__item__feature--capacity\\&quot; title=\\&quot;5 pax\\&quot;\\u003E\\u003Ci class=\\&quot;n2r_people\\&quot;\\u003E\\u003C\\\/i\\u003E 5\\u003C\\\/div\\u003E\\u003C\\\/div\\u003E\\u003Cdiv\\u003E\\u003Cdiv class=\\&quot;n2r__list__item__price\\&quot;\\u003E\\u003Cdiv class=\\&quot;n2r__list__item__price__offers\\&quot;\\u003E\\u003Cdiv class=\\&quot;n2r__list__item__price__offer\\&quot;\\u003E\\n          \\u003Cspan class=\\&quot;n2r__list__item__price__offer__amount n2r__list__item__price__offer__amount--original\\&quot;\\u003E525 \\u20ac\\u003C\\\/span\\u003E\\n          \\u003Cspan class=\\&quot;n2r__list__item__price__offer__amount\\&quot;\\u003E\\n            415 \\u20ac\\n          \\u003C\\\/span\\u003E\\n          \\u003Cspan class=\\&quot;n2r__list__item__price__offer__dates\\&quot;\\u003E\\n            Des de 30\\\/04\\\/2026 A 04\\\/05\\\/2026\\n          \\u003C\\\/span\\u003E\\n          \\u003Cspan class=\\&quot;n2r__list__item__price__offer__conditions\\&quot;\\u003E\\n            \\n          \\u003C\\\/span\\u003E\\n        \\u003C\\\/div\\u003E\\u003C\\\/div\\u003E\\u003C\\\/div\\u003E\\u003C\\\/div\\u003E&quot;}},{&quot;id&quot;:&quot;9000&quot;,&quot;latitude&quot;:41.887852000000002,&quot;longitude&quot;:3.182382,&quot;link&quot;:&quot;https:\\\/\\\/www.portcalella.com\\\/ca\\\/immoble-de-lloguer-detalladament\\\/lloguer-atic-can-fina-duplex-calella-de-palafrugell-9000\\\/?checkin=2026-04-30&amp;checkout=2026-05-04&quot;,&quot;infoWindow&quot;:{&quot;image&quot;:&quot;https:\\\/\\\/files.net2rent.com\\\/pfiles\\\/119\\\/9000\\\/309121-o-m.jpg&quot;,&quot;title&quot;:&quot;\\u00c0tic d\\u00faplex amb vistes a la mar, davant de la platja de Port Pelegr\\u00ed de Calella de Palafrugell&quot;,&quot;description&quot;:&quot;\\u003Cdiv\\u003E\\u003Cdiv class=\\&quot;n2r__list__item__feature n2r__list__item__feature--rooms\\&quot; title=\\&quot;2 habitacions\\&quot;\\u003E\\u003Ci class=\\&quot;n2r_room\\&quot;\\u003E\\u003C\\\/i\\u003E 2\\u003C\\\/div\\u003E\\u003Cdiv class=\\&quot;n2r__list__item__feature n2r__list__item__feature--capacity\\&quot; title=\\&quot;6 pax\\&quot;\\u003E\\u003Ci class=\\&quot;n2r_people\\&quot;\\u003E\\u003C\\\/i\\u003E 6\\u003C\\\/div\\u003E\\u003C\\\/div\\u003E\\u003Cdiv\\u003E\\u003Cdiv class=\\&quot;n2r__list__item__price\\&quot;\\u003E\\u003Cdiv class=\\&quot;n2r__list__item__price__offers\\&quot;\\u003E\\u003Cdiv class=\\&quot;n2r__list__item__price__offer\\&quot;\\u003E\\n          \\u003Cspan class=\\&quot;n2r__list__item__price__offer__amount n2r__list__item__price__offer__amount--original\\&quot;\\u003E585 \\u20ac\\u003C\\\/span\\u003E\\n          \\u003Cspan class=\\&quot;n2r__list__item__price__offer__amount\\&quot;\\u003E\\n            475 \\u20ac\\n          \\u003C\\\/span\\u003E\\n          \\u003Cspan class=\\&quot;n2r__list__item__price__offer__dates\\&quot;\\u003E\\n            Des de 30\\\/04\\\/2026 A 04\\\/05\\\/2026\\n          \\u003C\\\/span\\u003E\\n          \\u003Cspan class=\\&quot;n2r__list__item__price__offer__conditions\\&quot;\\u003E\\n            \\n          \\u003C\\\/span\\u003E\\n        \\u003C\\\/div\\u003E\\u003C\\\/div\\u003E\\u003C\\\/div\\u003E\\u003C\\\/div\\u003E&quot;}},{&quot;id&quot;:&quot;9016&quot;,&quot;latitude&quot;:41.888748,&quot;longitude&quot;:3.1816420000000001,&quot;link&quot;:&quot;https:\\\/\\\/www.portcalella.com\\\/ca\\\/immoble-de-lloguer-detalladament\\\/lloguer-apartament-penya-golosa-calella-de-palafrugell-9016\\\/?checkin=2026-04-30&amp;checkout=2026-05-04&quot;,&quot;infoWindow&quot;:{&quot;image&quot;:&quot;https:\\\/\\\/files.net2rent.com\\\/pfiles\\\/119\\\/9016\\\/475136-o-m.jpg&quot;,&quot;title&quot;:&quot;Planta baixa amb gran terrassa, piscina comunitaria i pista de tennis a nom\\u00e9s 175 m de la platja del Port Pelegri de Calella de Palafrugell&quot;,&quot;description&quot;:&quot;\\u003Cdiv\\u003E\\u003Cdiv class=\\&quot;n2r__list__item__feature n2r__list__item__feature--rooms\\&quot; title=\\&quot;2 habitacions\\&quot;\\u003E\\u003Ci class=\\&quot;n2r_room\\&quot;\\u003E\\u003C\\\/i\\u003E 2\\u003C\\\/div\\u003E\\u003Cdiv class=\\&quot;n2r__list__item__feature n2r__list__item__feature--capacity\\&quot; title=\\&quot;5 pax\\&quot;\\u003E\\u003Ci class=\\&quot;n2r_people\\&quot;\\u003E\\u003C\\\/i\\u003E 5\\u003C\\\/div\\u003E\\u003C\\\/div\\u003E\\u003Cdiv\\u003E\\u003Cdiv class=\\&quot;n2r__list__item__price\\&quot;\\u003E\\u003Cdiv class=\\&quot;n2r__list__item__price__offers\\&quot;\\u003E\\u003Cdiv class=\\&quot;n2r__list__item__price__offer\\&quot;\\u003E\\n          \\u003Cspan class=\\&quot;n2r__list__item__price__offer__amount n2r__list__item__price__offer__amount--original\\&quot;\\u003E495 \\u20ac\\u003C\\\/span\\u003E\\n          \\u003Cspan class=\\&quot;n2r__list__item__price__offer__amount\\&quot;\\u003E\\n            425 \\u20ac\\n          \\u003C\\\/span\\u003E\\n          \\u003Cspan class=\\&quot;n2r__list__item__price__offer__dates\\&quot;\\u003E\\n            Des de 30\\\/04\\\/2026 A 04\\\/05\\\/2026\\n          \\u003C\\\/span\\u003E\\n          \\u003Cspan class=\\&quot;n2r__list__item__price__offer__conditions\\&quot;\\u003E\\n            \\n          \\u003C\\\/span\\u003E\\n        \\u003C\\\/div\\u003E\\u003C\\\/div\\u003E\\u003C\\\/div\\u003E\\u003C\\\/div\\u003E&quot;}},{&quot;id&quot;:&quot;9018&quot;,&quot;latitude&quot;:41.888064999999997,&quot;longitude&quot;:3.1815989999999998,&quot;link&quot;:&quot;https:\\\/\\\/www.portcalella.com\\\/ca\\\/immoble-de-lloguer-detalladament\\\/lloguer-apartament-eslora-calella-de-palafrugell-9018\\\/?checkin=2026-04-30&amp;checkout=2026-05-04&quot;,&quot;infoWindow&quot;:{&quot;image&quot;:&quot;https:\\\/\\\/files.net2rent.com\\\/pfiles\\\/119\\\/9018\\\/126089-o-m.jpg&quot;,&quot;title&quot;:&quot;Apartament C\\u00e9ntric i funcional per 4-6 persones i amb parking, a Calella de Palafrugell&quot;,&quot;description&quot;:&quot;\\u003Cdiv\\u003E\\u003Cdiv class=\\&quot;n2r__list__item__feature n2r__list__item__feature--rooms\\&quot; title=\\&quot;2 habitacions\\&quot;\\u003E\\u003Ci class=\\&quot;n2r_room\\&quot;\\u003E\\u003C\\\/i\\u003E 2\\u003C\\\/div\\u003E\\u003Cdiv class=\\&quot;n2r__list__item__feature n2r__list__item__feature--capacity\\&quot; title=\\&quot;6 pax\\&quot;\\u003E\\u003Ci class=\\&quot;n2r_people\\&quot;\\u003E\\u003C\\\/i\\u003E 6\\u003C\\\/div\\u003E\\u003C\\\/div\\u003E\\u003Cdiv\\u003E\\u003Cdiv class=\\&quot;n2r__list__item__price\\&quot;\\u003E\\u003Cdiv class=\\&quot;n2r__list__item__price__offers\\&quot;\\u003E\\u003Cdiv class=\\&quot;n2r__list__item__price__offer\\&quot;\\u003E\\n          \\u003Cspan class=\\&quot;n2r__list__item__price__offer__amount n2r__list__item__price__offer__amount--original\\&quot;\\u003E450 \\u20ac\\u003C\\\/span\\u003E\\n          \\u003Cspan class=\\&quot;n2r__list__item__price__offer__amount\\&quot;\\u003E\\n            375 \\u20ac\\n          \\u003C\\\/span\\u003E\\n          \\u003Cspan class=\\&quot;n2r__list__item__price__offer__dates\\&quot;\\u003E\\n            Des de 30\\\/04\\\/2026 A 04\\\/05\\\/2026\\n          \\u003C\\\/span\\u003E\\n          \\u003Cspan class=\\&quot;n2r__list__item__price__offer__conditions\\&quot;\\u003E\\n            \\n          \\u003C\\\/span\\u003E\\n        \\u003C\\\/div\\u003E\\u003C\\\/div\\u003E\\u003C\\\/div\\u003E\\u003C\\\/div\\u003E&quot;}},{&quot;id&quot;:&quot;9058&quot;,&quot;latitude&quot;:41.888466000000001,&quot;longitude&quot;:3.185276,&quot;link&quot;:&quot;https:\\\/\\\/www.portcalella.com\\\/ca\\\/immoble-de-lloguer-detalladament\\\/lloguer-apartament-miramar-calella-de-palafrugell-9058\\\/?checkin=2026-04-30&amp;checkout=2026-05-04&quot;,&quot;infoWindow&quot;:{&quot;image&quot;:&quot;https:\\\/\\\/files.net2rent.com\\\/pfiles\\\/119\\\/9058\\\/206687-o-m.jpg&quot;,&quot;title&quot;:&quot;Apartament a primera l\\u00ednea de mar a les Voltes de Calella de Palafrugell&quot;,&quot;description&quot;:&quot;\\u003Cdiv\\u003E\\u003Cdiv class=\\&quot;n2r__list__item__feature n2r__list__item__feature--rooms\\&quot; title=\\&quot;3 habitacions\\&quot;\\u003E\\u003Ci class=\\&quot;n2r_room\\&quot;\\u003E\\u003C\\\/i\\u003E 3\\u003C\\\/div\\u003E\\u003Cdiv class=\\&quot;n2r__list__item__feature n2r__list__item__feature--capacity\\&quot; title=\\&quot;6 pax\\&quot;\\u003E\\u003Ci class=\\&quot;n2r_people\\&quot;\\u003E\\u003C\\\/i\\u003E 6\\u003C\\\/div\\u003E\\u003C\\\/div\\u003E\\u003Cdiv\\u003E\\u003Cdiv class=\\&quot;n2r__list__item__price\\&quot;\\u003E\\u003Cdiv class=\\&quot;n2r__list__item__price__offers\\&quot;\\u003E\\u003Cdiv class=\\&quot;n2r__list__item__price__offer\\&quot;\\u003E\\n          \\u003Cspan class=\\&quot;n2r__list__item__price__offer__amount n2r__list__item__price__offer__amount--original\\&quot;\\u003E650 \\u20ac\\u003C\\\/span\\u003E\\n          \\u003Cspan class=\\&quot;n2r__list__item__price__offer__amount\\&quot;\\u003E\\n            510 \\u20ac\\n          \\u003C\\\/span\\u003E\\n          \\u003Cspan class=\\&quot;n2r__list__item__price__offer__dates\\&quot;\\u003E\\n            Des de 30\\\/04\\\/2026 A 04\\\/05\\\/2026\\n          \\u003C\\\/span\\u003E\\n          \\u003Cspan class=\\&quot;n2r__list__item__price__offer__conditions\\&quot;\\u003E\\n            \\n          \\u003C\\\/span\\u003E\\n        \\u003C\\\/div\\u003E\\u003C\\\/div\\u003E\\u003C\\\/div\\u003E\\u003C\\\/div\\u003E&quot;}},{&quot;id&quot;:&quot;16836&quot;,&quot;latitude&quot;:41.887431999999997,&quot;longitude&quot;:3.1774740000000001,&quot;link&quot;:&quot;https:\\\/\\\/www.portcalella.com\\\/ca\\\/immoble-de-lloguer-detalladament\\\/lloguer-apartament-puig-de-l-artiga-calella-de-palafrugell-16836\\\/?checkin=2026-04-30&amp;checkout=2026-05-04&quot;,&quot;infoWindow&quot;:{&quot;image&quot;:&quot;https:\\\/\\\/files.net2rent.com\\\/pfiles\\\/119\\\/16836\\\/363214-o-m.jpg&quot;,&quot;title&quot;:&quot;Apartament amb vistes al mar, gran terrassa, p\\u00e0rquing, piscina i tennis a Calella de Palafrugell&quot;,&quot;description&quot;:&quot;\\u003Cdiv\\u003E\\u003Cdiv class=\\&quot;n2r__list__item__feature n2r__list__item__feature--rooms\\&quot; title=\\&quot;3 habitacions\\&quot;\\u003E\\u003Ci class=\\&quot;n2r_room\\&quot;\\u003E\\u003C\\\/i\\u003E 3\\u003C\\\/div\\u003E\\u003Cdiv class=\\&quot;n2r__list__item__feature n2r__list__item__feature--capacity\\&quot; title=\\&quot;6 pax\\&quot;\\u003E\\u003Ci class=\\&quot;n2r_people\\&quot;\\u003E\\u003C\\\/i\\u003E 6\\u003C\\\/div\\u003E\\u003C\\\/div\\u003E\\u003Cdiv\\u003E\\u003Cdiv class=\\&quot;n2r__list__item__price\\&quot;\\u003E\\u003Cdiv class=\\&quot;n2r__list__item__price__offers\\&quot;\\u003E\\u003Cdiv class=\\&quot;n2r__list__item__price__offer\\&quot;\\u003E\\n          \\u003Cspan class=\\&quot;n2r__list__item__price__offer__amount n2r__list__item__price__offer__amount--original\\&quot;\\u003E1.075 \\u20ac\\u003C\\\/span\\u003E\\n          \\u003Cspan class=\\&quot;n2r__list__item__price__offer__amount\\&quot;\\u003E\\n            525 \\u20ac\\n          \\u003C\\\/span\\u003E\\n          \\u003Cspan class=\\&quot;n2r__list__item__price__offer__dates\\&quot;\\u003E\\n            Des de 30\\\/04\\\/2026 A 04\\\/05\\\/2026\\n          \\u003C\\\/span\\u003E\\n          \\u003Cspan class=\\&quot;n2r__list__item__price__offer__conditions\\&quot;\\u003E\\n            \\n          \\u003C\\\/span\\u003E\\n        \\u003C\\\/div\\u003E\\u003C\\\/div\\u003E\\u003C\\\/div\\u003E\\u003C\\\/div\\u003E&quot;}},{&quot;id&quot;:&quot;16845&quot;,&quot;latitude&quot;:41.888058000000001,&quot;longitude&quot;:3.1830189999999998,&quot;link&quot;:&quot;https:\\\/\\\/www.portcalella.com\\\/ca\\\/immoble-de-lloguer-detalladament\\\/lloguer-atic-estrabau-calella-de-palafrugell-16845\\\/?checkin=2026-04-30&amp;checkout=2026-05-04&quot;,&quot;infoWindow&quot;:{&quot;image&quot;:&quot;https:\\\/\\\/img.youtube.com\\\/vi\\\/GJbm3Q1XkZI\\\/0.jpg&quot;,&quot;title&quot;:&quot;Duplex a primera l\\u00ednia de mar, amb p\\u00e0rquing i espectaculars vistes al mar al centre de Calella de Palafrugell&quot;,&quot;description&quot;:&quot;\\u003Cdiv\\u003E\\u003Cdiv class=\\&quot;n2r__list__item__feature n2r__list__item__feature--rooms\\&quot; title=\\&quot;4 habitacions\\&quot;\\u003E\\u003Ci class=\\&quot;n2r_room\\&quot;\\u003E\\u003C\\\/i\\u003E 4\\u003C\\\/div\\u003E\\u003Cdiv class=\\&quot;n2r__list__item__feature n2r__list__item__feature--capacity\\&quot; title=\\&quot;8 pax\\&quot;\\u003E\\u003Ci class=\\&quot;n2r_people\\&quot;\\u003E\\u003C\\\/i\\u003E 8\\u003C\\\/div\\u003E\\u003C\\\/div\\u003E\\u003Cdiv\\u003E\\u003Cdiv class=\\&quot;n2r__list__item__price\\&quot;\\u003E\\u003Cdiv class=\\&quot;n2r__list__item__price__offers\\&quot;\\u003E\\u003Cdiv class=\\&quot;n2r__list__item__price__offer\\&quot;\\u003E\\n          \\u003Cspan class=\\&quot;n2r__list__item__price__offer__amount n2r__list__item__price__offer__amount--original\\&quot;\\u003E1.065 \\u20ac\\u003C\\\/span\\u003E\\n          \\u003Cspan class=\\&quot;n2r__list__item__price__offer__amount\\&quot;\\u003E\\n            925 \\u20ac\\n          \\u003C\\\/span\\u003E\\n          \\u003Cspan class=\\&quot;n2r__list__item__price__offer__dates\\&quot;\\u003E\\n            Des de 30\\\/04\\\/2026 A 04\\\/05\\\/2026\\n          \\u003C\\\/span\\u003E\\n          \\u003Cspan class=\\&quot;n2r__list__item__price__offer__conditions\\&quot;\\u003E\\n            \\n          \\u003C\\\/span\\u003E\\n        \\u003C\\\/div\\u003E\\u003C\\\/div\\u003E\\u003C\\\/div\\u003E\\u003C\\\/div\\u003E&quot;}}]\" ><\/div>\n  <\/div>\n\n<\/div>  <\/div>\n  <div class=\"n2r__pagination\">\n  <div class=\"n2r__pagination__summary\">\n    8 Articles    -\n    P\u00e0gina 1 de 1  <\/div>\n  <div class=\"separator\"><\/div>\n  <\/div><\/div><\/div>\n\t\t\t\t\t\t<\/div>\n\t\t\t\t<div class=\"elementor-element elementor-element-6cb6ec8 elementor-widget elementor-widget-spacer\" data-id=\"6cb6ec8\" data-element_type=\"widget\" data-e-type=\"widget\" data-widget_type=\"spacer.default\">\n\t\t\t\t\t\t\t<div class=\"elementor-spacer\">\n\t\t\t<div class=\"elementor-spacer-inner\"><\/div>\n\t\t<\/div>\n\t\t\t\t\t\t<\/div>\n\t\t\t\t\t<\/div>\n\t\t<\/div>\n\t\t\t\t\t<\/div>\n\t\t<\/section>\n\t\t\t\t<\/div>\n\t\t","protected":false},"excerpt":{"rendered":"<p>Ofertes de Lloguer<\/p>\n","protected":false},"author":1,"featured_media":604,"parent":0,"menu_order":0,"comment_status":"closed","ping_status":"closed","template":"","meta":{"_joinchat":[],"footnotes":""},"class_list":["post-791","page","type-page","status-publish","has-post-thumbnail","hentry"],"yoast_head":"<!-- This site is optimized with the Yoast SEO plugin v27.4 - https:\/\/yoast.com\/product\/yoast-seo-wordpress\/ -->\n<title>Ofertes de Lloguer - Fincas Port Calella, apartamentos y casas en venta y alquiler en la Costa Brava | Web Oficial :: Finques Port Calella<\/title>\n<meta name=\"description\" content=\"Descobreix la millor selecci\u00f3 d&#039;immobles en venda i lloguer vacacional de Finques Port Calella. Cases, viles i apartaments a Calella de Palafrugell...\" \/>\n<meta name=\"robots\" content=\"index, follow, max-snippet:-1, max-image-preview:large, max-video-preview:-1\" \/>\n<meta property=\"og:locale\" content=\"ca_ES\" \/>\n<meta property=\"og:type\" content=\"article\" \/>\n<meta property=\"og:title\" content=\"Ofertes de Lloguer - Fincas Port Calella, apartamentos y casas en venta y alquiler en la Costa Brava | Web Oficial :: Finques Port Calella\" \/>\n<meta property=\"og:description\" content=\"Descobreix la millor selecci\u00f3 d&#039;immobles en venda i lloguer vacacional de Finques Port Calella. Cases, viles i apartaments a Calella de Palafrugell...\" \/>\n<meta property=\"og:url\" content=\"https:\/\/www.portcalella.com\/ca\/ofertes\/\" \/>\n<meta property=\"og:site_name\" content=\"Fincas Port Calella, apartamentos y casas en venta y alquiler en la Costa Brava | Web Oficial :: Finques Port Calella\" \/>\n<meta property=\"article:modified_time\" content=\"2021-06-23T07:29:58+00:00\" \/>\n<meta property=\"og:image\" content=\"https:\/\/www.portcalella.com\/wp-content\/uploads\/2020\/06\/rrss-portcalella.jpg\" \/>\n\t<meta property=\"og:image:width\" content=\"1280\" \/>\n\t<meta property=\"og:image:height\" content=\"720\" \/>\n\t<meta property=\"og:image:type\" content=\"image\/jpeg\" \/>\n<meta name=\"twitter:card\" content=\"summary_large_image\" \/>\n<script type=\"application\/ld+json\" class=\"yoast-schema-graph\">{\"@context\":\"https:\\\/\\\/schema.org\",\"@graph\":[{\"@type\":\"WebPage\",\"@id\":\"https:\\\/\\\/www.portcalella.com\\\/ca\\\/ofertes\\\/\",\"url\":\"https:\\\/\\\/www.portcalella.com\\\/ca\\\/ofertes\\\/\",\"name\":\"Ofertes de Lloguer - Fincas Port Calella, apartamentos y casas en venta y alquiler en la Costa Brava | Web Oficial :: Finques Port Calella\",\"isPartOf\":{\"@id\":\"https:\\\/\\\/www.portcalella.com\\\/ca\\\/#website\"},\"primaryImageOfPage\":{\"@id\":\"https:\\\/\\\/www.portcalella.com\\\/ca\\\/ofertes\\\/#primaryimage\"},\"image\":{\"@id\":\"https:\\\/\\\/www.portcalella.com\\\/ca\\\/ofertes\\\/#primaryimage\"},\"thumbnailUrl\":\"https:\\\/\\\/www.portcalella.com\\\/wp-content\\\/uploads\\\/2020\\\/06\\\/rrss-portcalella.jpg\",\"datePublished\":\"2020-06-15T15:19:23+00:00\",\"dateModified\":\"2021-06-23T07:29:58+00:00\",\"description\":\"Descobreix la millor selecci\u00f3 d'immobles en venda i lloguer vacacional de Finques Port Calella. Cases, viles i apartaments a Calella de Palafrugell...\",\"breadcrumb\":{\"@id\":\"https:\\\/\\\/www.portcalella.com\\\/ca\\\/ofertes\\\/#breadcrumb\"},\"inLanguage\":\"ca\",\"potentialAction\":[{\"@type\":\"ReadAction\",\"target\":[\"https:\\\/\\\/www.portcalella.com\\\/ca\\\/ofertes\\\/\"]}]},{\"@type\":\"BreadcrumbList\",\"@id\":\"https:\\\/\\\/www.portcalella.com\\\/ca\\\/ofertes\\\/#breadcrumb\",\"itemListElement\":[{\"@type\":\"ListItem\",\"position\":1,\"name\":\"Inicio\",\"item\":\"https:\\\/\\\/www.portcalella.com\\\/ca\\\/\"},{\"@type\":\"ListItem\",\"position\":2,\"name\":\"Ofertes de Lloguer\"}]},{\"@type\":\"WebSite\",\"@id\":\"https:\\\/\\\/www.portcalella.com\\\/ca\\\/#website\",\"url\":\"https:\\\/\\\/www.portcalella.com\\\/ca\\\/\",\"name\":\"Fincas Port Calella, apartamentos y casas en venta y alquiler en la Costa Brava | Web Oficial :: Finques Port Calella\",\"description\":\"Descubre la mejor selecci\u00f3n de inmuebles en venta y alquiler vacacional de Fincas Port Calella. Casas, villas y apartamentos en Calella de Palafrugell, Llafranc y Costa Brava.\",\"publisher\":{\"@id\":\"https:\\\/\\\/www.portcalella.com\\\/ca\\\/#organization\"},\"potentialAction\":[{\"@type\":\"SearchAction\",\"target\":{\"@type\":\"EntryPoint\",\"urlTemplate\":\"https:\\\/\\\/www.portcalella.com\\\/rental-list-results\\\/?search_text={search_term_string}\"},\"query-input\":{\"@type\":\"PropertyValueSpecification\",\"valueRequired\":true,\"valueName\":\"search_term_string\"}}],\"inLanguage\":\"ca\"},{\"@type\":\"Organization\",\"@id\":\"https:\\\/\\\/www.portcalella.com\\\/ca\\\/#organization\",\"name\":\"Finques Port Calella\",\"url\":\"https:\\\/\\\/www.portcalella.com\\\/ca\\\/\",\"logo\":{\"@type\":\"ImageObject\",\"inLanguage\":\"ca\",\"@id\":\"https:\\\/\\\/www.portcalella.com\\\/ca\\\/#\\\/schema\\\/logo\\\/image\\\/\",\"url\":\"https:\\\/\\\/www.portcalella.com\\\/wp-content\\\/uploads\\\/2020\\\/02\\\/Logo-Port-Calella-Azul.png\",\"contentUrl\":\"https:\\\/\\\/www.portcalella.com\\\/wp-content\\\/uploads\\\/2020\\\/02\\\/Logo-Port-Calella-Azul.png\",\"width\":421,\"height\":273,\"caption\":\"Finques Port Calella\"},\"image\":{\"@id\":\"https:\\\/\\\/www.portcalella.com\\\/ca\\\/#\\\/schema\\\/logo\\\/image\\\/\"}}]}<\/script>\n<!-- \/ Yoast SEO plugin. -->","yoast_head_json":{"title":"Ofertes de Lloguer - Fincas Port Calella, apartamentos y casas en venta y alquiler en la Costa Brava | Web Oficial :: Finques Port Calella","description":"Descobreix la millor selecci\u00f3 d'immobles en venda i lloguer vacacional de Finques Port Calella. Cases, viles i apartaments a Calella de Palafrugell...","robots":{"index":"index","follow":"follow","max-snippet":"max-snippet:-1","max-image-preview":"max-image-preview:large","max-video-preview":"max-video-preview:-1"},"og_locale":"ca_ES","og_type":"article","og_title":"Ofertes de Lloguer - Fincas Port Calella, apartamentos y casas en venta y alquiler en la Costa Brava | Web Oficial :: Finques Port Calella","og_description":"Descobreix la millor selecci\u00f3 d'immobles en venda i lloguer vacacional de Finques Port Calella. Cases, viles i apartaments a Calella de Palafrugell...","og_url":"https:\/\/www.portcalella.com\/ca\/ofertes\/","og_site_name":"Fincas Port Calella, apartamentos y casas en venta y alquiler en la Costa Brava | Web Oficial :: Finques Port Calella","article_modified_time":"2021-06-23T07:29:58+00:00","og_image":[{"width":1280,"height":720,"url":"https:\/\/www.portcalella.com\/wp-content\/uploads\/2020\/06\/rrss-portcalella.jpg","type":"image\/jpeg"}],"twitter_card":"summary_large_image","schema":{"@context":"https:\/\/schema.org","@graph":[{"@type":"WebPage","@id":"https:\/\/www.portcalella.com\/ca\/ofertes\/","url":"https:\/\/www.portcalella.com\/ca\/ofertes\/","name":"Ofertes de Lloguer - Fincas Port Calella, apartamentos y casas en venta y alquiler en la Costa Brava | Web Oficial :: Finques Port Calella","isPartOf":{"@id":"https:\/\/www.portcalella.com\/ca\/#website"},"primaryImageOfPage":{"@id":"https:\/\/www.portcalella.com\/ca\/ofertes\/#primaryimage"},"image":{"@id":"https:\/\/www.portcalella.com\/ca\/ofertes\/#primaryimage"},"thumbnailUrl":"https:\/\/www.portcalella.com\/wp-content\/uploads\/2020\/06\/rrss-portcalella.jpg","datePublished":"2020-06-15T15:19:23+00:00","dateModified":"2021-06-23T07:29:58+00:00","description":"Descobreix la millor selecci\u00f3 d'immobles en venda i lloguer vacacional de Finques Port Calella. Cases, viles i apartaments a Calella de Palafrugell...","breadcrumb":{"@id":"https:\/\/www.portcalella.com\/ca\/ofertes\/#breadcrumb"},"inLanguage":"ca","potentialAction":[{"@type":"ReadAction","target":["https:\/\/www.portcalella.com\/ca\/ofertes\/"]}]},{"@type":"BreadcrumbList","@id":"https:\/\/www.portcalella.com\/ca\/ofertes\/#breadcrumb","itemListElement":[{"@type":"ListItem","position":1,"name":"Inicio","item":"https:\/\/www.portcalella.com\/ca\/"},{"@type":"ListItem","position":2,"name":"Ofertes de Lloguer"}]},{"@type":"WebSite","@id":"https:\/\/www.portcalella.com\/ca\/#website","url":"https:\/\/www.portcalella.com\/ca\/","name":"Fincas Port Calella, apartamentos y casas en venta y alquiler en la Costa Brava | Web Oficial :: Finques Port Calella","description":"Descubre la mejor selecci\u00f3n de inmuebles en venta y alquiler vacacional de Fincas Port Calella. Casas, villas y apartamentos en Calella de Palafrugell, Llafranc y Costa Brava.","publisher":{"@id":"https:\/\/www.portcalella.com\/ca\/#organization"},"potentialAction":[{"@type":"SearchAction","target":{"@type":"EntryPoint","urlTemplate":"https:\/\/www.portcalella.com\/rental-list-results\/?search_text={search_term_string}"},"query-input":{"@type":"PropertyValueSpecification","valueRequired":true,"valueName":"search_term_string"}}],"inLanguage":"ca"},{"@type":"Organization","@id":"https:\/\/www.portcalella.com\/ca\/#organization","name":"Finques Port Calella","url":"https:\/\/www.portcalella.com\/ca\/","logo":{"@type":"ImageObject","inLanguage":"ca","@id":"https:\/\/www.portcalella.com\/ca\/#\/schema\/logo\/image\/","url":"https:\/\/www.portcalella.com\/wp-content\/uploads\/2020\/02\/Logo-Port-Calella-Azul.png","contentUrl":"https:\/\/www.portcalella.com\/wp-content\/uploads\/2020\/02\/Logo-Port-Calella-Azul.png","width":421,"height":273,"caption":"Finques Port Calella"},"image":{"@id":"https:\/\/www.portcalella.com\/ca\/#\/schema\/logo\/image\/"}}]}},"_links":{"self":[{"href":"https:\/\/www.portcalella.com\/ca\/wp-json\/wp\/v2\/pages\/791","targetHints":{"allow":["GET"]}}],"collection":[{"href":"https:\/\/www.portcalella.com\/ca\/wp-json\/wp\/v2\/pages"}],"about":[{"href":"https:\/\/www.portcalella.com\/ca\/wp-json\/wp\/v2\/types\/page"}],"author":[{"embeddable":true,"href":"https:\/\/www.portcalella.com\/ca\/wp-json\/wp\/v2\/users\/1"}],"replies":[{"embeddable":true,"href":"https:\/\/www.portcalella.com\/ca\/wp-json\/wp\/v2\/comments?post=791"}],"version-history":[{"count":4,"href":"https:\/\/www.portcalella.com\/ca\/wp-json\/wp\/v2\/pages\/791\/revisions"}],"predecessor-version":[{"id":2229,"href":"https:\/\/www.portcalella.com\/ca\/wp-json\/wp\/v2\/pages\/791\/revisions\/2229"}],"wp:featuredmedia":[{"embeddable":true,"href":"https:\/\/www.portcalella.com\/ca\/wp-json\/wp\/v2\/media\/604"}],"wp:attachment":[{"href":"https:\/\/www.portcalella.com\/ca\/wp-json\/wp\/v2\/media?parent=791"}],"curies":[{"name":"wp","href":"https:\/\/api.w.org\/{rel}","templated":true}]}}